{"version":"1.0","provider_name":"Caf\u00e9 Campeiro","provider_url":"https:\/\/cafecampeiro.com.br\/en","author_name":"admin","author_url":"https:\/\/cafecampeiro.com.br\/en\/author\/admin\/","title":"Caf\u00e9 Edi\u00e7\u00f5es Amendoeira - Caf\u00e9 Campeiro","type":"rich","width":600,"height":338,"html":"<blockquote class=\"wp-embedded-content\" data-secret=\"1zadQTDADV\"><a href=\"https:\/\/cafecampeiro.com.br\/en\/product\/cafe-edicoes-amendoeira\/\">Caf\u00e9 Edi\u00e7\u00f5es Amendoeira<\/a><\/blockquote><iframe sandbox=\"allow-scripts\" security=\"restricted\" src=\"https:\/\/cafecampeiro.com.br\/en\/product\/cafe-edicoes-amendoeira\/embed\/#?secret=1zadQTDADV\" width=\"600\" height=\"338\" title=\"&#8220;Caf\u00e9 Edi\u00e7\u00f5es Amendoeira&#8221; &#8212; Caf\u00e9 Campeiro\" data-secret=\"1zadQTDADV\" frameborder=\"0\" marginwidth=\"0\" marginheight=\"0\" scrolling=\"no\" class=\"wp-embedded-content\"><\/iframe><script>\n\/*! This file is auto-generated *\/\n!function(d,l){\"use strict\";l.querySelector&&d.addEventListener&&\"undefined\"!=typeof URL&&(d.wp=d.wp||{},d.wp.receiveEmbedMessage||(d.wp.receiveEmbedMessage=function(e){var t=e.data;if((t||t.secret||t.message||t.value)&&!\/[^a-zA-Z0-9]\/.test(t.secret)){for(var s,r,n,a=l.querySelectorAll('iframe[data-secret=\"'+t.secret+'\"]'),o=l.querySelectorAll('blockquote[data-secret=\"'+t.secret+'\"]'),c=new RegExp(\"^https?:$\",\"i\"),i=0;i<o.length;i++)o[i].style.display=\"none\";for(i=0;i<a.length;i++)s=a[i],e.source===s.contentWindow&&(s.removeAttribute(\"style\"),\"height\"===t.message?(1e3<(r=parseInt(t.value,10))?r=1e3:~~r<200&&(r=200),s.height=r):\"link\"===t.message&&(r=new URL(s.getAttribute(\"src\")),n=new URL(t.value),c.test(n.protocol))&&n.host===r.host&&l.activeElement===s&&(d.top.location.href=t.value))}},d.addEventListener(\"message\",d.wp.receiveEmbedMessage,!1),l.addEventListener(\"DOMContentLoaded\",function(){for(var e,t,s=l.querySelectorAll(\"iframe.wp-embedded-content\"),r=0;r<s.length;r++)(t=(e=s[r]).getAttribute(\"data-secret\"))||(t=Math.random().toString(36).substring(2,12),e.src+=\"#?secret=\"+t,e.setAttribute(\"data-secret\",t)),e.contentWindow.postMessage({message:\"ready\",secret:t},\"*\")},!1)))}(window,document);\n\/\/# sourceURL=https:\/\/cafecampeiro.com.br\/wp-includes\/js\/wp-embed.min.js\n<\/script>","thumbnail_url":"https:\/\/cafecampeiro.com.br\/wp-content\/uploads\/2022\/07\/Caixa-Cafe-Campeiro-Amendoeira-01-1.png","thumbnail_width":1200,"thumbnail_height":1200,"description":"As barras de chocolate com am\u00eandoas j\u00e1 se tornaram um cl\u00e1ssico entre os choc\u00f3latras de plant\u00e3o, n\u00e3o \u00e9 mesmo?!\u00a0  Pensando nisso, buscamos este caf\u00e9 - com notas de chocolate e am\u00eandoas, leve acidez e corpo m\u00e9dio - pr\u00f3ximo \u00e0 divisa com Minas Gerais, na regi\u00e3o da Alta Mogiana.  E n\u00e3o para por a\u00ed: o aroma dele \u00e9 um show de sensa\u00e7\u00f5es \u00e0 parte!"}