{"id":919,"date":"2022-07-11T14:06:32","date_gmt":"2022-07-11T14:06:32","guid":{"rendered":"https:\/\/cafecampeiro.com.br\/?page_id=919"},"modified":"2024-08-15T20:46:36","modified_gmt":"2024-08-15T23:46:36","slug":"combos","status":"publish","type":"page","link":"https:\/\/cafecampeiro.com.br\/en\/combos\/","title":{"rendered":"Combos"},"content":{"rendered":"<div class=\"wpb-content-wrapper\"><div class=\"vc_row wpb_row row top-row\"><div class=\"vc_column_container col-md-12\"><div class=\"wpb_wrapper vc_column-inner\">\n\t\t\t<!-- START Slider 2 1 1 REVOLUTION SLIDER 6.7.37 --><p class=\"rs-p-wp-fix\"><\/p>\n\t\t\t<rs-module-wrap id=\"rev_slider_6_1_wrapper\" data-source=\"gallery\" style=\"visibility:hidden;background:transparent;padding:0;margin:0px auto;margin-top:0;margin-bottom:0;\">\n\t\t\t\t<rs-module id=\"rev_slider_6_1\" style=\"\" data-version=\"6.7.37\">\n\t\t\t\t\t<rs-slides style=\"overflow: hidden; position: absolute;\">\n\t\t\t\t\t\t<rs-slide style=\"position: absolute;\" data-key=\"rs-8\" data-title=\"Slide\" data-anim=\"adpr:false;\" data-in=\"o:0;\" data-out=\"a:false;\">\n\t\t\t\t\t\t\t<img decoding=\"async\" src=\"\/\/cafecampeiro.com.br\/wp-content\/plugins\/revslider\/sr6\/assets\/assets\/dummy.png\" alt=\"\" title=\"banner-combos\" width=\"1920\" height=\"375\" class=\"rev-slidebg tp-rs-img rs-lazyload\" data-lazyload=\"\/\/cafecampeiro.com.br\/wp-content\/uploads\/2022\/08\/banner-combos.jpg\" data-no-retina>\n<!--\n\t\t\t\t\t\t\t--><rs-layer\n\t\t\t\t\t\t\t\tid=\"slider-6-slide-8-layer-0\" \n\t\t\t\t\t\t\t\tdata-type=\"shape\"\n\t\t\t\t\t\t\t\tdata-rsp_ch=\"on\"\n\t\t\t\t\t\t\t\tdata-xy=\"xo:50px,26px,19px,-417px;yo:50px,26px,19px,1px;\"\n\t\t\t\t\t\t\t\tdata-text=\"w:normal;s:20,10,7,4;l:0,13,9,6;\"\n\t\t\t\t\t\t\t\tdata-dim=\"w:300px,160px,121px,900px;h:180px,96px,72px,280px;\"\n\t\t\t\t\t\t\t\tdata-vbility=\"f,f,f,t\"\n\t\t\t\t\t\t\t\tdata-frame_999=\"o:0;st:w;\"\n\t\t\t\t\t\t\t\tstyle=\"z-index:8;background-color:rgba(0,0,0,0.5);\"\n\t\t\t\t\t\t\t><rs-bg-elem style=\"background: url('\/\/cafecampeiro.com.br\/wp-content\/uploads\/2022\/08\/banner-combos.jpg') no-repeat center center; background-size: cover;\"><\/rs-bg-elem>\n \n\t\t\t\t\t\t\t<\/rs-layer><!--\n\n\t\t\t\t\t\t\t--><h2\n\t\t\t\t\t\t\t\tid=\"slider-6-slide-8-layer-1\" \n\t\t\t\t\t\t\t\tclass=\"rs-layer\"\n\t\t\t\t\t\t\t\tdata-type=\"text\"\n\t\t\t\t\t\t\t\tdata-color=\"#284432\"\n\t\t\t\t\t\t\t\tdata-rsp_ch=\"on\"\n\t\t\t\t\t\t\t\tdata-xy=\"xo:405px,216px,164px,15px;yo:70px,37px,28px,76px;\"\n\t\t\t\t\t\t\t\tdata-text=\"w:normal;s:60,32,24,24;l:25,13,9,6;fw:700;\"\n\t\t\t\t\t\t\t\tdata-frame_999=\"o:0;st:w;\"\n\t\t\t\t\t\t\t\tstyle=\"z-index:9;font-family:'Merriweather';\"\n\t\t\t\t\t\t\t>Combos e kits \n\t\t\t\t\t\t\t<\/h2><!--\n\n\t\t\t\t\t\t\t--><p\n\t\t\t\t\t\t\t\tid=\"slider-6-slide-8-layer-2\" \n\t\t\t\t\t\t\t\tclass=\"rs-layer\"\n\t\t\t\t\t\t\t\tdata-type=\"text\"\n\t\t\t\t\t\t\t\tdata-color=\"#284432\"\n\t\t\t\t\t\t\t\tdata-rsp_ch=\"on\"\n\t\t\t\t\t\t\t\tdata-xy=\"xo:405px,216px,164px,15px;yo:141px,75px,56px,106px;\"\n\t\t\t\t\t\t\t\tdata-text=\"w:normal;s:41,21,15,16;l:42,22,16,22;\"\n\t\t\t\t\t\t\t\tdata-dim=\"w:auto,auto,auto,200px;\"\n\t\t\t\t\t\t\t\tdata-frame_999=\"o:0;st:w;\"\n\t\t\t\t\t\t\t\tstyle=\"z-index:10;font-family:'Poppins';\"\n\t\t\t\t\t\t\t>para voc\u00ea saborear o Caf\u00e9 Campeiro<br \/>\ncom descontos especiais. \n\t\t\t\t\t\t\t<\/p><!--\n\n\t\t\t\t\t\t\t--><p\n\t\t\t\t\t\t\t\tid=\"slider-6-slide-8-layer-3\" \n\t\t\t\t\t\t\t\tclass=\"rs-layer\"\n\t\t\t\t\t\t\t\tdata-type=\"text\"\n\t\t\t\t\t\t\t\tdata-color=\"#cb7e56\"\n\t\t\t\t\t\t\t\tdata-rsp_ch=\"on\"\n\t\t\t\t\t\t\t\tdata-xy=\"xo:405px,216px,164px,15px;yo:258px,137px,104px,215px;\"\n\t\t\t\t\t\t\t\tdata-text=\"w:normal;s:41,21,15,14;l:36,19,14,8;\"\n\t\t\t\t\t\t\t\tdata-frame_999=\"o:0;st:w;\"\n\t\t\t\t\t\t\t\tstyle=\"z-index:11;font-family:'Poppins';\"\n\t\t\t\t\t\t\t>Aproveite! \n\t\t\t\t\t\t\t<\/p><!--\n-->\t\t\t\t\t<\/rs-slide>\n\t\t\t\t\t<\/rs-slides>\n\t\t\t\t<\/rs-module>\n\t\t\t\t<script data-jetpack-boost=\"ignore\">\n\t\t\t\t\tsetREVStartSize({c: 'rev_slider_6_1',rl:[1240,1024,778,480],el:[374,768,960,280],gw:[1920,1024,778,480],gh:[374,374,300,280],type:'standard',justify:'',layout:'fullwidth',mh:\"0\"});if (window.RS_MODULES!==undefined && window.RS_MODULES.modules!==undefined && window.RS_MODULES.modules[\"revslider61\"]!==undefined) {window.RS_MODULES.modules[\"revslider61\"].once = false;window.revapi6 = undefined;if (window.RS_MODULES.checkMinimal!==undefined) window.RS_MODULES.checkMinimal()}\n\t\t\t\t<\/script>\n\t\t\t<\/rs-module-wrap>\n\t\t\t<!-- END REVOLUTION SLIDER -->\n<\/div><\/div><\/div><div class=\"vc_row wpb_row row top-row\"><div class=\"vc_column_container col-md-12 section section-default text-justify vc_custom_1661280523550\"><div class=\"wpb_wrapper vc_column-inner\"><div class=\"porto-u-heading  wpb_custom_ffde6f3fc16ce7e9a6f4dd803ce0bab4 porto-u-55ca8359258f9a412be7e73af65d2aac\"><div class=\"porto-u-main-heading\"><h2   style=\"color:#284432;\">COMBOS<\/h2><\/div><style>.porto-u-55ca8359258f9a412be7e73af65d2aac.porto-u-heading{text-align:center}<\/style><\/div><section class=\"vc_cta3-container\"><div class=\"vc_general vc_do_cta3 vc_cta3 vc_cta3-style-classic vc_cta3-shape-rounded vc_cta3-align-left vc_cta3-color-classic vc_cta3-icon-size-md vc_custom_1673152799348\"><div class=\"vc_cta3_content-container\"><div class=\"vc_cta3-content\"><header class=\"vc_cta3-content-header\"><h2 style=\"font-size: 2.8rem;color: #f2e5c2;line-height: 4rem;font-family:Merriweather;font-weight:700;font-style:normal\" class=\"vc_custom_heading align-left\" >Combo Fam\u00edlia<\/h2><\/header><p><span style=\"font-family: 'Poppins'; font-size: 1.5rem; font-weight: 500; color: white; line-height: 2.5rem;\">No Combo Fam\u00edlia voc\u00ea leva cinco<br \/>\npacotes de Caf\u00e9 Campeiro Cl\u00e1ssico<br \/>\nou intenso com 22% de desconto!<\/span><\/p>\n<p><span style=\"font-family: 'Poppins'; font-size: 1.7rem; color: #c38d68; font-weight: 600;\">Imperd\u00edvel!<\/span><\/p>\n<\/div><\/div><\/div><\/section><\/div><\/div><\/div><div class=\"vc_row wpb_row row top-row\"><div class=\"vc_column_container col-md-3\"><div class=\"wpb_wrapper vc_column-inner\"><\/div><\/div><div class=\"vc_column_container col-md-3\"><div class=\"wpb_wrapper vc_column-inner\"><div id=\"porto-products-9e0c4dee1f2f2fd12506a77038e0d92c\" class=\"porto-products wpb_content_element default wpb_custom_c9b29ede315f81ce7e062dc664e7ed90\"><div class=\"woocommerce columns-1\"><ul class=\"products products-container grid show-nav-middle pcols-lg-1 pcols-md-1 pcols-xs-1 pcols-ls-1 pwidth-lg-1 pwidth-md-1 pwidth-xs-1 pwidth-ls-1 is-shortcode\"\r\n\t data-product_layout=\"product-default\">\r\n\r\n<li class=\"product-col product-default product type-product post-821 status-publish first instock product_cat-combos has-post-thumbnail sale taxable shipping-taxable purchasable product-type-simple\">\r\n<div class=\"product-inner\">\r\n\t\r\n\t<div class=\"product-image\">\r\n\r\n\t\t<a  href=\"https:\/\/cafecampeiro.com.br\/en\/product\/combo-familia\/\" aria-label=\"product\">\r\n\t\t\t<div class=\"labels\"><div class=\"onsale\">-25%<\/div><\/div><div class=\"inner\"><img loading=\"lazy\" decoding=\"async\" width=\"630\" height=\"630\" src=\"https:\/\/cafecampeiro.com.br\/wp-content\/uploads\/2022\/07\/Caixa-Cafe-Campeiro-Combo-Familia-Classico-02-1-630x630.png\" class=\"wp-post-image\" alt=\"\" srcset=\"https:\/\/cafecampeiro.com.br\/wp-content\/uploads\/2022\/07\/Caixa-Cafe-Campeiro-Combo-Familia-Classico-02-1-630x630.png 630w, https:\/\/cafecampeiro.com.br\/wp-content\/uploads\/2022\/07\/Caixa-Cafe-Campeiro-Combo-Familia-Classico-02-1-320x320.png 320w, https:\/\/cafecampeiro.com.br\/wp-content\/uploads\/2022\/07\/Caixa-Cafe-Campeiro-Combo-Familia-Classico-02-1-480x480.png 480w, https:\/\/cafecampeiro.com.br\/wp-content\/uploads\/2022\/07\/Caixa-Cafe-Campeiro-Combo-Familia-Classico-02-1-400x400.png 400w\" sizes=\"auto, (max-width: 630px) 100vw, 630px\" \/><\/div>\t\t<\/a>\r\n\t\t\t<\/div>\r\n\r\n\t<div class=\"product-content\">\r\n\t\t<span class=\"category-list\"><a href=\"https:\/\/cafecampeiro.com.br\/en\/product-category\/combos\/\" rel=\"tag\">Combos<\/a><\/span>\r\n\t\t\t<a class=\"product-loop-title\"  href=\"https:\/\/cafecampeiro.com.br\/en\/product\/combo-familia\/\">\r\n\t<h3 class=\"woocommerce-loop-product__title\">Combo Fam\u00edlia Cl\u00e1ssico<\/h3>\t<\/a>\r\n\t\r\n\t\t\r\n\r\n<div class=\"rating-wrap\">\r\n\t<div class=\"rating-content\"><div class=\"star-rating\" title=\"0\"><span style=\"width:0%\"><strong class=\"rating\">0<\/strong> out of 5<\/span><\/div><\/div>\r\n<\/div>\r\n\r\n\n\t<span class=\"price\"><del aria-hidden=\"true\"><span class=\"woocommerce-Price-amount amount\"><bdi><span class=\"woocommerce-Price-currencySymbol\">&#82;&#36;<\/span>&nbsp;214,50<\/bdi><\/span><\/del> <span class=\"screen-reader-text\" data-no-translation=\"\" data-trp-gettext=\"\">Original price was: &#082;&#036;&nbsp;214,50.<\/span><ins aria-hidden=\"true\"><span class=\"woocommerce-Price-amount amount\"><bdi><span class=\"woocommerce-Price-currencySymbol\">&#82;&#36;<\/span>&nbsp;160,90<\/bdi><\/span><\/ins><span class=\"screen-reader-text\" data-no-translation=\"\" data-trp-gettext=\"\">Current price is: &#082;&#036;&nbsp;160,90.<\/span><\/span>\n\r\n\t\t<div class=\"add-links-wrap\">\r\n\t<div class=\"add-links no-effect clearfix\">\r\n\t\t<a href=\"https:\/\/cafecampeiro.com.br\/en\/product\/combo-familia\/\" data-quantity=\"1\" class=\"button product_type_simple add_to_cart_button\" data-product_id=\"821\" data-product_sku=\"\" aria-label=\"Add to cart: \u201cCombo Fam\u00edlia Cl\u00e1ssico\u201d\" rel=\"nofollow\" data-success_message=\"\u201cCombo Fam\u00edlia Cl\u00e1ssico\u201d has been added to your cart\" role=\"button\" data-no-translation=\"\" data-trp-gettext=\"\" data-no-translation-aria-label=\"\" data-no-translation-data-success_message=\"\">Select options<\/a>\t<\/div>\r\n\t<\/div>\r\n\t<\/div>\r\n<\/div>\r\n<\/li>\r\n<\/ul>\r\n<\/div><\/div><\/div><\/div><div class=\"vc_column_container col-md-3\"><div class=\"wpb_wrapper vc_column-inner\"><div id=\"porto-products-9e0c4dee1f2f2fd12506a77038e0d92c\" class=\"porto-products wpb_content_element default wpb_custom_c9b29ede315f81ce7e062dc664e7ed90\"><div class=\"woocommerce columns-1\"><ul class=\"products products-container grid show-nav-middle pcols-lg-1 pcols-md-1 pcols-xs-1 pcols-ls-1 pwidth-lg-1 pwidth-md-1 pwidth-xs-1 pwidth-ls-1 is-shortcode\"\r\n\t data-product_layout=\"product-default\">\r\n\r\n<li class=\"product-col product-default product type-product post-2786 status-publish first instock product_cat-combos has-post-thumbnail sale taxable shipping-taxable purchasable product-type-simple\">\r\n<div class=\"product-inner\">\r\n\t\r\n\t<div class=\"product-image\">\r\n\r\n\t\t<a  href=\"https:\/\/cafecampeiro.com.br\/en\/product\/combo-familia-intenso\/\" aria-label=\"product\">\r\n\t\t\t<div class=\"labels\"><div class=\"onsale\">-25%<\/div><\/div><div class=\"inner\"><img loading=\"lazy\" decoding=\"async\" width=\"630\" height=\"630\" src=\"https:\/\/cafecampeiro.com.br\/wp-content\/uploads\/2022\/08\/Caixa-Cafe-Campeiro-Combo-Familia-Intenso-01-1-630x630-1-1-630x630.png\" class=\"wp-post-image\" alt=\"\" srcset=\"https:\/\/cafecampeiro.com.br\/wp-content\/uploads\/2022\/08\/Caixa-Cafe-Campeiro-Combo-Familia-Intenso-01-1-630x630-1-1.png 630w, https:\/\/cafecampeiro.com.br\/wp-content\/uploads\/2022\/08\/Caixa-Cafe-Campeiro-Combo-Familia-Intenso-01-1-630x630-1-1-320x320.png 320w, https:\/\/cafecampeiro.com.br\/wp-content\/uploads\/2022\/08\/Caixa-Cafe-Campeiro-Combo-Familia-Intenso-01-1-630x630-1-1-480x480.png 480w, https:\/\/cafecampeiro.com.br\/wp-content\/uploads\/2022\/08\/Caixa-Cafe-Campeiro-Combo-Familia-Intenso-01-1-630x630-1-1-400x400.png 400w\" sizes=\"auto, (max-width: 630px) 100vw, 630px\" \/><\/div>\t\t<\/a>\r\n\t\t\t<\/div>\r\n\r\n\t<div class=\"product-content\">\r\n\t\t<span class=\"category-list\"><a href=\"https:\/\/cafecampeiro.com.br\/en\/product-category\/combos\/\" rel=\"tag\">Combos<\/a><\/span>\r\n\t\t\t<a class=\"product-loop-title\"  href=\"https:\/\/cafecampeiro.com.br\/en\/product\/combo-familia-intenso\/\">\r\n\t<h3 class=\"woocommerce-loop-product__title\">Combo Fam\u00edlia Intenso<\/h3>\t<\/a>\r\n\t\r\n\t\t\r\n\r\n<div class=\"rating-wrap\">\r\n\t<div class=\"rating-content\"><div class=\"star-rating\" title=\"0\"><span style=\"width:0%\"><strong class=\"rating\">0<\/strong> out of 5<\/span><\/div><\/div>\r\n<\/div>\r\n\r\n\n\t<span class=\"price\"><del aria-hidden=\"true\"><span class=\"woocommerce-Price-amount amount\"><bdi><span class=\"woocommerce-Price-currencySymbol\">&#82;&#36;<\/span>&nbsp;214,50<\/bdi><\/span><\/del> <span class=\"screen-reader-text\" data-no-translation=\"\" data-trp-gettext=\"\">Original price was: &#082;&#036;&nbsp;214,50.<\/span><ins aria-hidden=\"true\"><span class=\"woocommerce-Price-amount amount\"><bdi><span class=\"woocommerce-Price-currencySymbol\">&#82;&#36;<\/span>&nbsp;160,90<\/bdi><\/span><\/ins><span class=\"screen-reader-text\" data-no-translation=\"\" data-trp-gettext=\"\">Current price is: &#082;&#036;&nbsp;160,90.<\/span><\/span>\n\r\n\t\t<div class=\"add-links-wrap\">\r\n\t<div class=\"add-links no-effect clearfix\">\r\n\t\t<a href=\"https:\/\/cafecampeiro.com.br\/en\/product\/combo-familia-intenso\/\" data-quantity=\"1\" class=\"button product_type_simple add_to_cart_button\" data-product_id=\"2786\" data-product_sku=\"\" aria-label=\"Add to cart: \u201cCombo Fam\u00edlia Intenso\u201d\" rel=\"nofollow\" data-success_message=\"\u201cCombo Fam\u00edlia Intenso\u201d has been added to your cart\" role=\"button\" data-no-translation=\"\" data-trp-gettext=\"\" data-no-translation-aria-label=\"\" data-no-translation-data-success_message=\"\">Select options<\/a>\t<\/div>\r\n\t<\/div>\r\n\t<\/div>\r\n<\/div>\r\n<\/li>\r\n<\/ul>\r\n<\/div><\/div><\/div><\/div><div class=\"vc_column_container col-md-3\"><div class=\"wpb_wrapper vc_column-inner\"><\/div><\/div><\/div><div class=\"vc_row wpb_row row top-row vc_custom_1659321600346 section section-default text-center\"><div class=\"vc_column_container col-md-12\"><div class=\"wpb_wrapper vc_column-inner\"><section class=\"vc_cta3-container\"><div class=\"vc_general vc_do_cta3 vc_cta3 vc_cta3-style-classic vc_cta3-shape-rounded vc_cta3-align-left vc_cta3-color-classic vc_cta3-icon-size-md vc_custom_1673148486605\"><div class=\"vc_cta3_content-container\"><div class=\"vc_cta3-content\"><header class=\"vc_cta3-content-header\"><h2 style=\"font-size: 2.8rem;color: #f2e5c2;line-height: 4rem;font-family:Merriweather;font-weight:700;font-style:normal\" class=\"vc_custom_heading align-left\" >Combo Degusta\u00e7\u00e3o<\/h2><\/header><p><span style=\"font-family: 'Poppins'; font-size: 1.5rem; font-weight: 500; color: white; line-height: 2.5rem;\"><span style=\"font-family: 'Poppins'; font-size: 1.5rem; font-weight: 500; color: white; line-height: 2.5rem;\">No Combo Degusta\u00e7\u00e3o Caf\u00e9 Campeiro<br \/>\nvoc\u00ea experimenta caf\u00e9s de diferentes<br \/>\norigens e perfis sensoriais com<br \/>\n<strong>descontos de mais de 20%!<\/strong><\/span><\/span><\/p>\n<\/div><\/div><\/div><\/section><\/div><\/div><\/div><div class=\"vc_row wpb_row row top-row\"><div class=\"vc_column_container col-md-3\"><div class=\"wpb_wrapper vc_column-inner\"><\/div><\/div><div class=\"vc_column_container col-md-3\"><div class=\"wpb_wrapper vc_column-inner\"><div id=\"porto-products-9e0c4dee1f2f2fd12506a77038e0d92c\" class=\"porto-products wpb_content_element default wpb_custom_c9b29ede315f81ce7e062dc664e7ed90\"><div class=\"woocommerce columns-1\"><ul class=\"products products-container grid show-nav-middle pcols-lg-1 pcols-md-1 pcols-xs-1 pcols-ls-1 pwidth-lg-1 pwidth-md-1 pwidth-xs-1 pwidth-ls-1 is-shortcode\"\r\n\t data-product_layout=\"product-default\">\r\n\r\n<li class=\"product-col product-default product type-product post-812 status-publish first instock product_cat-combos has-post-thumbnail sale taxable shipping-taxable purchasable product-type-simple\">\r\n<div class=\"product-inner\">\r\n\t\r\n\t<div class=\"product-image\">\r\n\r\n\t\t<a  href=\"https:\/\/cafecampeiro.com.br\/en\/product\/combo-degustacao\/\" aria-label=\"product\">\r\n\t\t\t<div class=\"labels\"><div class=\"onsale\">-20%<\/div><\/div><div class=\"inner\"><img loading=\"lazy\" decoding=\"async\" width=\"630\" height=\"630\" src=\"https:\/\/cafecampeiro.com.br\/wp-content\/uploads\/2022\/07\/Caixa-Cafe-Campeiro-Combo-Degustacao-Entusiasta-01-1-1-630x630.png\" class=\"wp-post-image\" alt=\"\" srcset=\"https:\/\/cafecampeiro.com.br\/wp-content\/uploads\/2022\/07\/Caixa-Cafe-Campeiro-Combo-Degustacao-Entusiasta-01-1-1-630x630.png 630w, https:\/\/cafecampeiro.com.br\/wp-content\/uploads\/2022\/07\/Caixa-Cafe-Campeiro-Combo-Degustacao-Entusiasta-01-1-1-320x320.png 320w, https:\/\/cafecampeiro.com.br\/wp-content\/uploads\/2022\/07\/Caixa-Cafe-Campeiro-Combo-Degustacao-Entusiasta-01-1-1-480x480.png 480w, https:\/\/cafecampeiro.com.br\/wp-content\/uploads\/2022\/07\/Caixa-Cafe-Campeiro-Combo-Degustacao-Entusiasta-01-1-1-400x400.png 400w\" sizes=\"auto, (max-width: 630px) 100vw, 630px\" \/><\/div>\t\t<\/a>\r\n\t\t\t<\/div>\r\n\r\n\t<div class=\"product-content\">\r\n\t\t<span class=\"category-list\"><a href=\"https:\/\/cafecampeiro.com.br\/en\/product-category\/combos\/\" rel=\"tag\">Combos<\/a><\/span>\r\n\t\t\t<a class=\"product-loop-title\"  href=\"https:\/\/cafecampeiro.com.br\/en\/product\/combo-degustacao\/\">\r\n\t<h3 class=\"woocommerce-loop-product__title\">Combo Degusta\u00e7\u00e3o Entusiasta<\/h3>\t<\/a>\r\n\t\r\n\t\t\r\n\r\n<div class=\"rating-wrap\">\r\n\t<div class=\"rating-content\"><div class=\"star-rating\" title=\"0\"><span style=\"width:0%\"><strong class=\"rating\">0<\/strong> out of 5<\/span><\/div><\/div>\r\n<\/div>\r\n\r\n\n\t<span class=\"price\"><del aria-hidden=\"true\"><span class=\"woocommerce-Price-amount amount\"><bdi><span class=\"woocommerce-Price-currencySymbol\">&#82;&#36;<\/span>&nbsp;167,70<\/bdi><\/span><\/del> <span class=\"screen-reader-text\" data-no-translation=\"\" data-trp-gettext=\"\">Original price was: &#082;&#036;&nbsp;167,70.<\/span><ins aria-hidden=\"true\"><span class=\"woocommerce-Price-amount amount\"><bdi><span class=\"woocommerce-Price-currencySymbol\">&#82;&#36;<\/span>&nbsp;133,90<\/bdi><\/span><\/ins><span class=\"screen-reader-text\" data-no-translation=\"\" data-trp-gettext=\"\">Current price is: &#082;&#036;&nbsp;133,90.<\/span><\/span>\n\r\n\t\t<div class=\"add-links-wrap\">\r\n\t<div class=\"add-links no-effect clearfix\">\r\n\t\t<a href=\"https:\/\/cafecampeiro.com.br\/en\/product\/combo-degustacao\/\" data-quantity=\"1\" class=\"button product_type_simple add_to_cart_button\" data-product_id=\"812\" data-product_sku=\"\" aria-label=\"Add to cart: \u201cCombo Degusta\u00e7\u00e3o Entusiasta\u201d\" rel=\"nofollow\" data-success_message=\"\u201cCombo Degusta\u00e7\u00e3o Entusiasta\u201d has been added to your cart\" role=\"button\" data-no-translation=\"\" data-trp-gettext=\"\" data-no-translation-aria-label=\"\" data-no-translation-data-success_message=\"\">Select options<\/a>\t<\/div>\r\n\t<\/div>\r\n\t<\/div>\r\n<\/div>\r\n<\/li>\r\n<\/ul>\r\n<\/div><\/div><\/div><\/div><div class=\"vc_column_container col-md-3\"><div class=\"wpb_wrapper vc_column-inner\"><div id=\"porto-products-9e0c4dee1f2f2fd12506a77038e0d92c\" class=\"porto-products wpb_content_element default wpb_custom_c9b29ede315f81ce7e062dc664e7ed90\"><div class=\"woocommerce columns-1\"><ul class=\"products products-container grid show-nav-middle pcols-lg-1 pcols-md-1 pcols-xs-1 pcols-ls-1 pwidth-lg-1 pwidth-md-1 pwidth-xs-1 pwidth-ls-1 is-shortcode\"\r\n\t data-product_layout=\"product-default\">\r\n\r\n<li class=\"product-col product-default product type-product post-2797 status-publish first instock product_cat-combos has-post-thumbnail sale taxable shipping-taxable purchasable product-type-simple\">\r\n<div class=\"product-inner\">\r\n\t\r\n\t<div class=\"product-image\">\r\n\r\n\t\t<a  href=\"https:\/\/cafecampeiro.com.br\/en\/product\/combo-degustacao-ecletico\/\" aria-label=\"product\">\r\n\t\t\t<div class=\"labels\"><div class=\"onsale\">-23%<\/div><\/div><div class=\"inner\"><img loading=\"lazy\" decoding=\"async\" width=\"630\" height=\"630\" src=\"https:\/\/cafecampeiro.com.br\/wp-content\/uploads\/2022\/08\/Caixa-Cafe-Campeiro-Combo-Degustacao-Eclettico-01-2-1-630x630-1-630x630.png\" class=\"wp-post-image\" alt=\"\" srcset=\"https:\/\/cafecampeiro.com.br\/wp-content\/uploads\/2022\/08\/Caixa-Cafe-Campeiro-Combo-Degustacao-Eclettico-01-2-1-630x630-1.png 630w, https:\/\/cafecampeiro.com.br\/wp-content\/uploads\/2022\/08\/Caixa-Cafe-Campeiro-Combo-Degustacao-Eclettico-01-2-1-630x630-1-320x320.png 320w, https:\/\/cafecampeiro.com.br\/wp-content\/uploads\/2022\/08\/Caixa-Cafe-Campeiro-Combo-Degustacao-Eclettico-01-2-1-630x630-1-480x480.png 480w, https:\/\/cafecampeiro.com.br\/wp-content\/uploads\/2022\/08\/Caixa-Cafe-Campeiro-Combo-Degustacao-Eclettico-01-2-1-630x630-1-400x400.png 400w\" sizes=\"auto, (max-width: 630px) 100vw, 630px\" \/><\/div>\t\t<\/a>\r\n\t\t\t<\/div>\r\n\r\n\t<div class=\"product-content\">\r\n\t\t<span class=\"category-list\"><a href=\"https:\/\/cafecampeiro.com.br\/en\/product-category\/combos\/\" rel=\"tag\">Combos<\/a><\/span>\r\n\t\t\t<a class=\"product-loop-title\"  href=\"https:\/\/cafecampeiro.com.br\/en\/product\/combo-degustacao-ecletico\/\">\r\n\t<h3 class=\"woocommerce-loop-product__title\">Combo Degusta\u00e7\u00e3o Ecl\u00e9tico<\/h3>\t<\/a>\r\n\t\r\n\t\t\r\n\r\n<div class=\"rating-wrap\">\r\n\t<div class=\"rating-content\"><div class=\"star-rating\" title=\"0\"><span style=\"width:0%\"><strong class=\"rating\">0<\/strong> out of 5<\/span><\/div><\/div>\r\n<\/div>\r\n\r\n\n\t<span class=\"price\"><del aria-hidden=\"true\"><span class=\"woocommerce-Price-amount amount\"><bdi><span class=\"woocommerce-Price-currencySymbol\">&#82;&#36;<\/span>&nbsp;253,50<\/bdi><\/span><\/del> <span class=\"screen-reader-text\" data-no-translation=\"\" data-trp-gettext=\"\">Original price was: &#082;&#036;&nbsp;253,50.<\/span><ins aria-hidden=\"true\"><span class=\"woocommerce-Price-amount amount\"><bdi><span class=\"woocommerce-Price-currencySymbol\">&#82;&#36;<\/span>&nbsp;194,90<\/bdi><\/span><\/ins><span class=\"screen-reader-text\" data-no-translation=\"\" data-trp-gettext=\"\">Current price is: &#082;&#036;&nbsp;194,90.<\/span><\/span>\n\r\n\t\t<div class=\"add-links-wrap\">\r\n\t<div class=\"add-links no-effect clearfix\">\r\n\t\t<a href=\"https:\/\/cafecampeiro.com.br\/en\/product\/combo-degustacao-ecletico\/\" data-quantity=\"1\" class=\"button product_type_simple add_to_cart_button\" data-product_id=\"2797\" data-product_sku=\"\" aria-label=\"Add to cart: \u201cCombo Degusta\u00e7\u00e3o Ecl\u00e9tico\u201d\" rel=\"nofollow\" data-success_message=\"\u201cCombo Degusta\u00e7\u00e3o Ecl\u00e9tico\u201d has been added to your cart\" role=\"button\" data-no-translation=\"\" data-trp-gettext=\"\" data-no-translation-aria-label=\"\" data-no-translation-data-success_message=\"\">Select options<\/a>\t<\/div>\r\n\t<\/div>\r\n\t<\/div>\r\n<\/div>\r\n<\/li>\r\n<\/ul>\r\n<\/div><\/div><\/div><\/div><div class=\"vc_column_container col-md-3\"><div class=\"wpb_wrapper vc_column-inner\"><\/div><\/div><\/div><div class=\"vc_row wpb_row row top-row vc_custom_1659321600346 section section-default text-center\"><div class=\"vc_column_container col-md-12\"><div class=\"wpb_wrapper vc_column-inner\"><section class=\"vc_cta3-container\"><div class=\"vc_general vc_do_cta3 vc_cta3 vc_cta3-style-classic vc_cta3-shape-rounded vc_cta3-align-left vc_cta3-color-classic vc_cta3-icon-size-md vc_custom_1663097105762\"><div class=\"vc_cta3_content-container\"><div class=\"vc_cta3-content\"><header class=\"vc_cta3-content-header\"><h2 style=\"font-size: 2.8rem;color: #f2e5c2;line-height: 4rem;font-family:Merriweather;font-weight:700;font-style:normal\" class=\"vc_custom_heading align-left\" >Kits e Presentes<\/h2><\/header><\/div><\/div><\/div><\/section><\/div><\/div><\/div><div class=\"vc_row wpb_row row top-row line-kits\"><div class=\"vc_column_container col-md-4\"><div class=\"wpb_wrapper vc_column-inner\"><div id=\"porto-products-9e0c4dee1f2f2fd12506a77038e0d92c\" class=\"porto-products wpb_content_element default wpb_custom_c9b29ede315f81ce7e062dc664e7ed90\"><div class=\"woocommerce columns-1\"><ul class=\"products products-container grid show-nav-middle pcols-lg-1 pcols-md-1 pcols-xs-1 pcols-ls-1 pwidth-lg-1 pwidth-md-1 pwidth-xs-1 pwidth-ls-1 is-shortcode\"\r\n\t data-product_layout=\"product-default\">\r\n\r\n<li class=\"product-col product-default product type-product post-833 status-publish first instock product_cat-acessorios product_cat-preparo-de-cafe has-post-thumbnail taxable shipping-taxable purchasable product-type-simple\">\r\n<div class=\"product-inner\">\r\n\t\r\n\t<div class=\"product-image\">\r\n\r\n\t\t<a  href=\"https:\/\/cafecampeiro.com.br\/en\/product\/kit-presente\/\" aria-label=\"product\">\r\n\t\t\t<div class=\"inner\"><img loading=\"lazy\" decoding=\"async\" width=\"630\" height=\"630\" src=\"https:\/\/cafecampeiro.com.br\/wp-content\/uploads\/2022\/08\/1-1-630x630.png\" class=\"wp-post-image\" alt=\"\" \/><\/div>\t\t<\/a>\r\n\t\t\t<\/div>\r\n\r\n\t<div class=\"product-content\">\r\n\t\t<span class=\"category-list\"><a href=\"https:\/\/cafecampeiro.com.br\/en\/product-category\/acessorios\/\" rel=\"tag\">Acess\u00f3rios<\/a>, <a href=\"https:\/\/cafecampeiro.com.br\/en\/product-category\/acessorios\/preparo-de-cafe\/\" rel=\"tag\">Preparo de Caf\u00e9<\/a><\/span>\r\n\t\t\t<a class=\"product-loop-title\"  href=\"https:\/\/cafecampeiro.com.br\/en\/product\/kit-presente\/\">\r\n\t<h3 class=\"woocommerce-loop-product__title\">Kit V60<\/h3>\t<\/a>\r\n\t\r\n\t\t\r\n\r\n<div class=\"rating-wrap\">\r\n\t<div class=\"rating-content\"><div class=\"star-rating\" title=\"0\"><span style=\"width:0%\"><strong class=\"rating\">0<\/strong> out of 5<\/span><\/div><\/div>\r\n<\/div>\r\n\r\n\n\t<span class=\"price\"><span class=\"woocommerce-Price-amount amount\"><bdi><span class=\"woocommerce-Price-currencySymbol\">&#82;&#36;<\/span>&nbsp;239,90<\/bdi><\/span><\/span>\n\r\n\t\t<div class=\"add-links-wrap\">\r\n\t<div class=\"add-links no-effect clearfix\">\r\n\t\t<a class=\"button\" href=\"https:\/\/cafecampeiro.com.br\/en\/product\/kit-presente\/\" data-no-translation=\"\" data-trp-gettext=\"\">Ver produto<\/a>\t<\/div>\r\n\t<\/div>\r\n\t<\/div>\r\n<\/div>\r\n<\/li>\r\n<\/ul>\r\n<\/div><\/div><\/div><\/div><div class=\"vc_column_container col-md-4\"><div class=\"wpb_wrapper vc_column-inner\"><div id=\"porto-products-9e0c4dee1f2f2fd12506a77038e0d92c\" class=\"porto-products wpb_content_element default wpb_custom_c9b29ede315f81ce7e062dc664e7ed90\"><div class=\"woocommerce columns-1\"><ul class=\"products products-container grid show-nav-middle pcols-lg-1 pcols-md-1 pcols-xs-1 pcols-ls-1 pwidth-lg-1 pwidth-md-1 pwidth-xs-1 pwidth-ls-1 is-shortcode\"\r\n\t data-product_layout=\"product-default\">\r\n\r\n<li class=\"product-col product-default product type-product post-2856 status-publish first instock product_cat-acessorios has-post-thumbnail taxable shipping-taxable purchasable product-type-simple\">\r\n<div class=\"product-inner\">\r\n\t\r\n\t<div class=\"product-image\">\r\n\r\n\t\t<a  href=\"https:\/\/cafecampeiro.com.br\/en\/product\/kit-v60-combo-degustacao-ecletico\/\" aria-label=\"product\">\r\n\t\t\t<div class=\"inner\"><img loading=\"lazy\" decoding=\"async\" width=\"630\" height=\"630\" src=\"https:\/\/cafecampeiro.com.br\/wp-content\/uploads\/2022\/08\/1-1-630x630.png\" class=\"wp-post-image\" alt=\"\" \/><\/div>\t\t<\/a>\r\n\t\t\t<\/div>\r\n\r\n\t<div class=\"product-content\">\r\n\t\t<span class=\"category-list\"><a href=\"https:\/\/cafecampeiro.com.br\/en\/product-category\/acessorios\/\" rel=\"tag\">Acess\u00f3rios<\/a><\/span>\r\n\t\t\t<a class=\"product-loop-title\"  href=\"https:\/\/cafecampeiro.com.br\/en\/product\/kit-v60-combo-degustacao-ecletico\/\">\r\n\t<h3 class=\"woocommerce-loop-product__title\">Kit V60 + Combo Degusta\u00e7\u00e3o Ecl\u00e9tico<\/h3>\t<\/a>\r\n\t\r\n\t\t\r\n\r\n<div class=\"rating-wrap\">\r\n\t<div class=\"rating-content\"><div class=\"star-rating\" title=\"0\"><span style=\"width:0%\"><strong class=\"rating\">0<\/strong> out of 5<\/span><\/div><\/div>\r\n<\/div>\r\n\r\n\n\t<span class=\"price\"><span class=\"woocommerce-Price-amount amount\"><bdi><span class=\"woocommerce-Price-currencySymbol\">&#82;&#36;<\/span>&nbsp;398,90<\/bdi><\/span><\/span>\n\r\n\t\t<div class=\"add-links-wrap\">\r\n\t<div class=\"add-links no-effect clearfix\">\r\n\t\t<a class=\"button\" href=\"https:\/\/cafecampeiro.com.br\/en\/product\/kit-v60-combo-degustacao-ecletico\/\" data-no-translation=\"\" data-trp-gettext=\"\">Ver produto<\/a>\t<\/div>\r\n\t<\/div>\r\n\t<\/div>\r\n<\/div>\r\n<\/li>\r\n<\/ul>\r\n<\/div><\/div><\/div><\/div><div class=\"vc_column_container col-md-4\"><div class=\"wpb_wrapper vc_column-inner\"><div id=\"porto-products-9e0c4dee1f2f2fd12506a77038e0d92c\" class=\"porto-products wpb_content_element default wpb_custom_c9b29ede315f81ce7e062dc664e7ed90\"><div class=\"woocommerce columns-1\"><ul class=\"products products-container grid show-nav-middle pcols-lg-1 pcols-md-1 pcols-xs-1 pcols-ls-1 pwidth-lg-1 pwidth-md-1 pwidth-xs-1 pwidth-ls-1 is-shortcode\"\r\n\t data-product_layout=\"product-default\">\r\n\r\n<li class=\"product-col product-default product type-product post-2857 status-publish first instock product_cat-acessorios has-post-thumbnail taxable shipping-taxable purchasable product-type-simple\">\r\n<div class=\"product-inner\">\r\n\t\r\n\t<div class=\"product-image\">\r\n\r\n\t\t<a  href=\"https:\/\/cafecampeiro.com.br\/en\/product\/kit-v60-combo-entusiasta\/\" aria-label=\"product\">\r\n\t\t\t<div class=\"inner\"><img loading=\"lazy\" decoding=\"async\" width=\"630\" height=\"630\" src=\"https:\/\/cafecampeiro.com.br\/wp-content\/uploads\/2022\/07\/1-2-1-630x630.png\" class=\"wp-post-image\" alt=\"\" \/><\/div>\t\t<\/a>\r\n\t\t\t<\/div>\r\n\r\n\t<div class=\"product-content\">\r\n\t\t<span class=\"category-list\"><a href=\"https:\/\/cafecampeiro.com.br\/en\/product-category\/acessorios\/\" rel=\"tag\">Acess\u00f3rios<\/a><\/span>\r\n\t\t\t<a class=\"product-loop-title\"  href=\"https:\/\/cafecampeiro.com.br\/en\/product\/kit-v60-combo-entusiasta\/\">\r\n\t<h3 class=\"woocommerce-loop-product__title\">KIT V60 + Combo Degusta\u00e7\u00e3o Entusiasta<\/h3>\t<\/a>\r\n\t\r\n\t\t\r\n\r\n<div class=\"rating-wrap\">\r\n\t<div class=\"rating-content\"><div class=\"star-rating\" title=\"0\"><span style=\"width:0%\"><strong class=\"rating\">0<\/strong> out of 5<\/span><\/div><\/div>\r\n<\/div>\r\n\r\n\n\t<span class=\"price\"><span class=\"woocommerce-Price-amount amount\"><bdi><span class=\"woocommerce-Price-currencySymbol\">&#82;&#36;<\/span>&nbsp;348,90<\/bdi><\/span><\/span>\n\r\n\t\t<div class=\"add-links-wrap\">\r\n\t<div class=\"add-links no-effect clearfix\">\r\n\t\t<a class=\"button\" href=\"https:\/\/cafecampeiro.com.br\/en\/product\/kit-v60-combo-entusiasta\/\" data-no-translation=\"\" data-trp-gettext=\"\">Ver produto<\/a>\t<\/div>\r\n\t<\/div>\r\n\t<\/div>\r\n<\/div>\r\n<\/li>\r\n<\/ul>\r\n<\/div><\/div><\/div><\/div><\/div><div data-vc-full-width=\"true\" data-vc-full-width-init=\"false\" data-vc-stretch-content=\"true\" class=\"vc_row wpb_row row top-row vc_row-no-padding\"><div class=\"vc_column_container col-md-12\"><div class=\"wpb_wrapper vc_column-inner\"><div class=\"vc_row wpb_row vc_inner row\"><div class=\"vc_column_container col-md-12\"><div class=\"wpb_wrapper vc_column-inner\">\r\n\t<div class=\"wpb_single_image wpb_content_element vc_align_center   kitpaizao\">\r\n\t\t<div class=\"wpb_wrapper\">\r\n\t\t\t\r\n\t\t\t<a href=\"https:\/\/cafecampeiro.com.br\/en\/product\/kit-paizao-cafeinado\/\" target=\"_self\"><div class=\"vc_single_image-wrapper   vc_box_border_grey\"><img decoding=\"async\" class=\"vc_single_image-img\" src=\"https:\/\/cafecampeiro.com.br\/wp-content\/uploads\/2024\/08\/banner-kit-paizao-cafeinado-anual.png\" width=\"1094\" height=\"399\" alt=\"banner-kit-paizao-cafeinado-anual\" title=\"banner-kit-paizao-cafeinado-anual\" loading=\"lazy\" \/><\/div><\/a>\r\n\t\t<\/div>\r\n\t<\/div>\r\n<\/div><\/div><\/div><\/div><\/div><\/div><div class=\"vc_row-full-width vc_clearfix\"><\/div><div class=\"vc_row wpb_row row top-row\"><div class=\"vc_column_container col-md-4\"><div class=\"wpb_wrapper vc_column-inner\"><\/div><\/div><div class=\"vc_column_container col-md-4\"><div class=\"wpb_wrapper vc_column-inner\"><div class=\"porto-products wpb_content_element\"><div class=\"woocommerce\"><ul class=\"products products-container grid pcols-lg-1 pcols-md-1 pcols-xs-1 pcols-ls-1 pwidth-lg-1 pwidth-md-1 pwidth-xs-1 pwidth-ls-1 is-shortcode\"\r\n\t data-product_layout=\"product-default\">\r\n\r\n<li class=\"product-col product-default product type-product post-6802 status-publish first instock product_cat-combos product_cat-promocoes has-post-thumbnail sale taxable shipping-taxable purchasable product-type-simple\">\r\n<div class=\"product-inner\">\r\n\t\r\n\t<div class=\"product-image\">\r\n\r\n\t\t<a  href=\"https:\/\/cafecampeiro.com.br\/en\/product\/kit-paizao-cafeinado\/\" aria-label=\"product\">\r\n\t\t\t<div class=\"labels\"><div class=\"onsale\">-10%<\/div><\/div><div class=\"inner\"><img loading=\"lazy\" decoding=\"async\" width=\"630\" height=\"630\" src=\"https:\/\/cafecampeiro.com.br\/wp-content\/uploads\/2024\/07\/81MxHPCPLEL._AC_SL1500_-630x630.jpg\" class=\"wp-post-image\" alt=\"\" srcset=\"https:\/\/cafecampeiro.com.br\/wp-content\/uploads\/2024\/07\/81MxHPCPLEL._AC_SL1500_-630x630.jpg 630w, https:\/\/cafecampeiro.com.br\/wp-content\/uploads\/2024\/07\/81MxHPCPLEL._AC_SL1500_-320x320.jpg 320w, https:\/\/cafecampeiro.com.br\/wp-content\/uploads\/2024\/07\/81MxHPCPLEL._AC_SL1500_-480x480.jpg 480w, https:\/\/cafecampeiro.com.br\/wp-content\/uploads\/2024\/07\/81MxHPCPLEL._AC_SL1500_-400x400.jpg 400w\" sizes=\"auto, (max-width: 630px) 100vw, 630px\" \/><\/div>\t\t<\/a>\r\n\t\t\t<\/div>\r\n\r\n\t<div class=\"product-content\">\r\n\t\t<span class=\"category-list\"><a href=\"https:\/\/cafecampeiro.com.br\/en\/product-category\/combos\/\" rel=\"tag\">Combos<\/a>, <a href=\"https:\/\/cafecampeiro.com.br\/en\/product-category\/promocoes\/\" rel=\"tag\">Promo\u00e7\u00f5es<\/a><\/span>\r\n\t\t\t<a class=\"product-loop-title\"  href=\"https:\/\/cafecampeiro.com.br\/en\/product\/kit-paizao-cafeinado\/\">\r\n\t<h3 class=\"woocommerce-loop-product__title\">KIT Paiz\u00e3o Cafeinado<\/h3>\t<\/a>\r\n\t\r\n\t\t\r\n\r\n<div class=\"rating-wrap\">\r\n\t<div class=\"rating-content\"><div class=\"star-rating\" title=\"0\"><span style=\"width:0%\"><strong class=\"rating\">0<\/strong> out of 5<\/span><\/div><\/div>\r\n<\/div>\r\n\r\n\n\t<span class=\"price\"><del aria-hidden=\"true\"><span class=\"woocommerce-Price-amount amount\"><bdi><span class=\"woocommerce-Price-currencySymbol\">&#82;&#36;<\/span>&nbsp;209,90<\/bdi><\/span><\/del> <span class=\"screen-reader-text\" data-no-translation=\"\" data-trp-gettext=\"\">Original price was: &#082;&#036;&nbsp;209,90.<\/span><ins aria-hidden=\"true\"><span class=\"woocommerce-Price-amount amount\"><bdi><span class=\"woocommerce-Price-currencySymbol\">&#82;&#36;<\/span>&nbsp;189,90<\/bdi><\/span><\/ins><span class=\"screen-reader-text\" data-no-translation=\"\" data-trp-gettext=\"\">Current price is: &#082;&#036;&nbsp;189,90.<\/span><\/span>\n\r\n\t\t<div class=\"add-links-wrap\">\r\n\t<div class=\"add-links no-effect clearfix\">\r\n\t\t<a class=\"button\" href=\"https:\/\/cafecampeiro.com.br\/en\/product\/kit-paizao-cafeinado\/\" data-no-translation=\"\" data-trp-gettext=\"\">Ver produto<\/a>\t<\/div>\r\n\t<\/div>\r\n\t<\/div>\r\n<\/div>\r\n<\/li>\r\n<\/ul>\r\n<\/div><\/div><\/div><\/div><div class=\"vc_column_container col-md-4\"><div class=\"wpb_wrapper vc_column-inner\"><\/div><\/div><\/div>\n<\/div>","protected":false},"excerpt":{"rendered":"Combos e kits para voc\u00ea saborear o Caf\u00e9 Campeiro com descontos especiais. Aproveite! COMBOSCombo Fam\u00edliaNo Combo Fam\u00edlia voc\u00ea leva cinco pacotes de Caf\u00e9 Campeiro Cl\u00e1ssico ou intenso com 22% de desconto! Imperd\u00edvel! -25% Combos Combo Fam\u00edlia Cl\u00e1ssico 0 out of 5 &#82;&#36;&nbsp;214,50 Original price was: &#082;&#036;&nbsp;214,50.&#82;&#36;&nbsp;160,90Current price is: &#082;&#036;&nbsp;160,90. Select options -25% [...]","protected":false},"author":1,"featured_media":0,"parent":0,"menu_order":0,"comment_status":"closed","ping_status":"closed","template":"","meta":{"footnotes":""},"class_list":["post-919","page","type-page","status-publish","hentry"],"yoast_head":"<!-- This site is optimized with the Yoast SEO plugin v27.3 - https:\/\/yoast.com\/product\/yoast-seo-wordpress\/ -->\n<title>Combos e kits de caf\u00e9s especiais para voc\u00ea aproveitar pagando menos.<\/title>\n<meta name=\"description\" content=\"Confira os kits e combos do Caf\u00e9 Campeiro com valores promocionais e se surpreenda com as op\u00e7\u00f5es de sabores.\" \/>\n<meta name=\"robots\" content=\"index, follow, max-snippet:-1, max-image-preview:large, max-video-preview:-1\" \/>\n<link rel=\"canonical\" href=\"https:\/\/cafecampeiro.com.br\/en\/combos\/\" \/>\n<meta property=\"og:locale\" content=\"en_US\" \/>\n<meta property=\"og:type\" content=\"article\" \/>\n<meta property=\"og:title\" content=\"Combos e kits de caf\u00e9s especiais para voc\u00ea aproveitar pagando menos.\" \/>\n<meta property=\"og:description\" content=\"Confira os kits e combos do Caf\u00e9 Campeiro com valores promocionais e se surpreenda com as op\u00e7\u00f5es de sabores.\" \/>\n<meta property=\"og:url\" content=\"https:\/\/cafecampeiro.com.br\/en\/combos\/\" \/>\n<meta property=\"og:site_name\" content=\"Caf\u00e9 Campeiro\" \/>\n<meta property=\"article:modified_time\" content=\"2024-08-15T23:46:36+00:00\" \/>\n<meta name=\"twitter:card\" content=\"summary_large_image\" \/>\n<meta name=\"twitter:label1\" content=\"Est. reading time\" \/>\n\t<meta name=\"twitter:data1\" content=\"1 minute\" \/>\n<script type=\"application\/ld+json\" class=\"yoast-schema-graph\">{\"@context\":\"https:\\\/\\\/schema.org\",\"@graph\":[{\"@type\":\"WebPage\",\"@id\":\"https:\\\/\\\/cafecampeiro.com.br\\\/combos\\\/\",\"url\":\"https:\\\/\\\/cafecampeiro.com.br\\\/combos\\\/\",\"name\":\"Combos e kits de caf\u00e9s especiais para voc\u00ea aproveitar pagando menos.\",\"isPartOf\":{\"@id\":\"https:\\\/\\\/cafecampeiro.com.br\\\/#website\"},\"datePublished\":\"2022-07-11T14:06:32+00:00\",\"dateModified\":\"2024-08-15T23:46:36+00:00\",\"description\":\"Confira os kits e combos do Caf\u00e9 Campeiro com valores promocionais e se surpreenda com as op\u00e7\u00f5es de sabores.\",\"breadcrumb\":{\"@id\":\"https:\\\/\\\/cafecampeiro.com.br\\\/combos\\\/#breadcrumb\"},\"inLanguage\":\"en-US\",\"potentialAction\":[{\"@type\":\"ReadAction\",\"target\":[\"https:\\\/\\\/cafecampeiro.com.br\\\/combos\\\/\"]}]},{\"@type\":\"BreadcrumbList\",\"@id\":\"https:\\\/\\\/cafecampeiro.com.br\\\/combos\\\/#breadcrumb\",\"itemListElement\":[{\"@type\":\"ListItem\",\"position\":1,\"name\":\"In\u00edcio\",\"item\":\"https:\\\/\\\/cafecampeiro.com.br\\\/\"},{\"@type\":\"ListItem\",\"position\":2,\"name\":\"Combos\"}]},{\"@type\":\"WebSite\",\"@id\":\"https:\\\/\\\/cafecampeiro.com.br\\\/#website\",\"url\":\"https:\\\/\\\/cafecampeiro.com.br\\\/\",\"name\":\"Caf\u00e9 Campeiro\",\"description\":\"Caf\u00e9 Campeiro\",\"potentialAction\":[{\"@type\":\"SearchAction\",\"target\":{\"@type\":\"EntryPoint\",\"urlTemplate\":\"https:\\\/\\\/cafecampeiro.com.br\\\/?s={search_term_string}\"},\"query-input\":{\"@type\":\"PropertyValueSpecification\",\"valueRequired\":true,\"valueName\":\"search_term_string\"}}],\"inLanguage\":\"en-US\"}]}<\/script>\n<!-- \/ Yoast SEO plugin. -->","yoast_head_json":{"title":"Combos e kits de caf\u00e9s especiais para voc\u00ea aproveitar pagando menos.","description":"Confira os kits e combos do Caf\u00e9 Campeiro com valores promocionais e se surpreenda com as op\u00e7\u00f5es de sabores.","robots":{"index":"index","follow":"follow","max-snippet":"max-snippet:-1","max-image-preview":"max-image-preview:large","max-video-preview":"max-video-preview:-1"},"canonical":"https:\/\/cafecampeiro.com.br\/en\/combos\/","og_locale":"en_US","og_type":"article","og_title":"Combos e kits de caf\u00e9s especiais para voc\u00ea aproveitar pagando menos.","og_description":"Confira os kits e combos do Caf\u00e9 Campeiro com valores promocionais e se surpreenda com as op\u00e7\u00f5es de sabores.","og_url":"https:\/\/cafecampeiro.com.br\/en\/combos\/","og_site_name":"Caf\u00e9 Campeiro","article_modified_time":"2024-08-15T23:46:36+00:00","twitter_card":"summary_large_image","twitter_misc":{"Est. reading time":"1 minute"},"schema":{"@context":"https:\/\/schema.org","@graph":[{"@type":"WebPage","@id":"https:\/\/cafecampeiro.com.br\/combos\/","url":"https:\/\/cafecampeiro.com.br\/combos\/","name":"Combos e kits de caf\u00e9s especiais para voc\u00ea aproveitar pagando menos.","isPartOf":{"@id":"https:\/\/cafecampeiro.com.br\/#website"},"datePublished":"2022-07-11T14:06:32+00:00","dateModified":"2024-08-15T23:46:36+00:00","description":"Confira os kits e combos do Caf\u00e9 Campeiro com valores promocionais e se surpreenda com as op\u00e7\u00f5es de sabores.","breadcrumb":{"@id":"https:\/\/cafecampeiro.com.br\/combos\/#breadcrumb"},"inLanguage":"en-US","potentialAction":[{"@type":"ReadAction","target":["https:\/\/cafecampeiro.com.br\/combos\/"]}]},{"@type":"BreadcrumbList","@id":"https:\/\/cafecampeiro.com.br\/combos\/#breadcrumb","itemListElement":[{"@type":"ListItem","position":1,"name":"In\u00edcio","item":"https:\/\/cafecampeiro.com.br\/"},{"@type":"ListItem","position":2,"name":"Combos"}]},{"@type":"WebSite","@id":"https:\/\/cafecampeiro.com.br\/#website","url":"https:\/\/cafecampeiro.com.br\/","name":"Caf\u00e9 Campeiro","description":"Caf\u00e9 Campeiro","potentialAction":[{"@type":"SearchAction","target":{"@type":"EntryPoint","urlTemplate":"https:\/\/cafecampeiro.com.br\/?s={search_term_string}"},"query-input":{"@type":"PropertyValueSpecification","valueRequired":true,"valueName":"search_term_string"}}],"inLanguage":"en-US"}]}},"jetpack_sharing_enabled":true,"_links":{"self":[{"href":"https:\/\/cafecampeiro.com.br\/en\/wp-json\/wp\/v2\/pages\/919","targetHints":{"allow":["GET"]}}],"collection":[{"href":"https:\/\/cafecampeiro.com.br\/en\/wp-json\/wp\/v2\/pages"}],"about":[{"href":"https:\/\/cafecampeiro.com.br\/en\/wp-json\/wp\/v2\/types\/page"}],"author":[{"embeddable":true,"href":"https:\/\/cafecampeiro.com.br\/en\/wp-json\/wp\/v2\/users\/1"}],"replies":[{"embeddable":true,"href":"https:\/\/cafecampeiro.com.br\/en\/wp-json\/wp\/v2\/comments?post=919"}],"version-history":[{"count":12,"href":"https:\/\/cafecampeiro.com.br\/en\/wp-json\/wp\/v2\/pages\/919\/revisions"}],"predecessor-version":[{"id":6868,"href":"https:\/\/cafecampeiro.com.br\/en\/wp-json\/wp\/v2\/pages\/919\/revisions\/6868"}],"wp:attachment":[{"href":"https:\/\/cafecampeiro.com.br\/en\/wp-json\/wp\/v2\/media?parent=919"}],"curies":[{"name":"wp","href":"https:\/\/api.w.org\/{rel}","templated":true}]}}