{"id":943,"date":"2022-07-11T18:41:51","date_gmt":"2022-07-11T18:41:51","guid":{"rendered":"https:\/\/cafecampeiro.com.br\/?page_id=943"},"modified":"2024-02-17T12:47:13","modified_gmt":"2024-02-17T15:47:13","slug":"revenda","status":"publish","type":"page","link":"https:\/\/cafecampeiro.com.br\/en\/revenda\/","title":{"rendered":"Revenda"},"content":{"rendered":"<div class=\"wpb-content-wrapper\"><div id=\"section-1-revenda\" class=\"vc_row wpb_row row top-row vc_custom_1661277498317\"><div class=\"vc_column_container col-md-12\"><div class=\"wpb_wrapper vc_column-inner\"><h2 style=\"font-size: 30px;color: #284432;line-height: 30px;font-weight:600\" class=\"vc_custom_heading vc_custom_1660937960927 align-left\" >Revenda o Caf\u00e9 Campeiro!<\/h2><p style=\"font-size: 25px;color: #333333;line-height: 45px;font-weight:400\" class=\"vc_custom_heading vc_custom_1660938012036 align-left\" >O caf\u00e9 \u00e9 uma paix\u00e3o nacional e sempre tem vez na prefer\u00eancia de compra dos brasileiros.<\/p><p style=\"font-size: 25px;color: #333333;line-height: 45px;font-weight:400\" class=\"vc_custom_heading vc_custom_1660938001554 align-left\" >Aproveite e tenha na sua loja os nossos produtos cuidadosamente selecionados e com alt\u00edssima qualidade em cada detalhe para chegar at\u00e9 voc\u00ea e ao seu cliente.<\/p><\/div><\/div><\/div><div id=\"section-2-revenda\" class=\"vc_row wpb_row row top-row\"><div class=\"vc_column_container col-md-12\"><div class=\"wpb_wrapper vc_column-inner\"><div id=\"bg-revenda\" class=\"vc_row wpb_row vc_inner row vc_custom_1664223130162 vc_row-has-fill\"><div class=\"vc_column_container col-md-12\"><div class=\"wpb_wrapper vc_column-inner\"><h3 style=\"font-size: 30px;color: #ede3c1;line-height: 41px;font-family:Merriweather;font-weight:700;font-style:normal\" class=\"vc_custom_heading vc_custom_1661171038303 align-left\" >Confira as op\u00e7\u00f5es de revenda dispon\u00edveis<br \/>\ndos nossos caf\u00e9s especiais e vamos come\u00e7ar<br \/>\nessa parceria de sucesso e muito sabor!<\/h3><\/div><\/div><\/div><\/div><\/div><\/div><section data-vc-full-width=\"true\" data-vc-full-width-init=\"false\" data-vc-stretch-content=\"true\" class=\"vc_section section-revenda vc_custom_1661171148353 vc_section-has-fill\"><div class=\"vc_row wpb_row row top-row box-revenda\"><div class=\"vc_column_container col-md-12\"><div class=\"wpb_wrapper vc_column-inner\"><div class=\"vc_row wpb_row vc_inner row\"><div class=\"vc_column_container col-md-12\"><div class=\"wpb_wrapper vc_column-inner\"><h2 style=\"font-size: 35px;color: #284432;text-align: center\" class=\"vc_custom_heading vc_custom_1661536658704\" >ATACADO<\/h2><h2 style=\"font-size: 35px;color: #284432;text-align: center\" class=\"vc_custom_heading banner-atacado-ajuste vc_custom_1668008518244\" ><\/h2>\r\n\t<div class=\"wpb_single_image wpb_content_element vc_align_center   icon-diferenciais\">\r\n\t\t<div class=\"wpb_wrapper\">\r\n\t\t\t\r\n\t\t\t<div class=\"vc_single_image-wrapper   vc_box_border_grey\"><img loading=\"lazy\" decoding=\"async\" width=\"90\" height=\"31\" src=\"https:\/\/cafecampeiro.com.br\/wp-content\/uploads\/2022\/07\/separador.png\" class=\"vc_single_image-img attachment-full\" alt=\"\" title=\"separador\" \/><\/div>\r\n\t\t<\/div>\r\n\t<\/div>\r\n<h4 style=\"font-size: 25px;color: #333333;text-align: center\" class=\"vc_custom_heading text-custom\" >Diferenciais Caf\u00e9 Campeiro nesta op\u00e7\u00e3o<\/h4><\/div><\/div><\/div><div class=\"vc_row wpb_row vc_inner row revenda-icones vc_custom_1661003085000\"><div class=\"coluna-icone-revenda vc_column_container col-md-3 vc_custom_1661000189757\"><div class=\"wpb_wrapper vc_column-inner\">\r\n\t<div class=\"wpb_single_image wpb_content_element vc_align_center\">\r\n\t\t<div class=\"wpb_wrapper\">\r\n\t\t\t\r\n\t\t\t<div class=\"vc_single_image-wrapper   vc_box_border_grey\"><img loading=\"lazy\" decoding=\"async\" width=\"74\" height=\"64\" src=\"https:\/\/cafecampeiro.com.br\/wp-content\/uploads\/2022\/08\/revenda-icon-1.png\" class=\"vc_single_image-img attachment-thumbnail\" alt=\"\" title=\"revenda-icon-1\" \/><\/div>\r\n\t\t<\/div>\r\n\t<\/div>\r\n<h3 style=\"font-size: 24px;color: #ede3c1;line-height: 34px;text-align: center;font-family:Merriweather;font-weight:700;font-style:normal\" class=\"vc_custom_heading\" >Perfis diferentes<br \/>\nde caf\u00e9s especiais<\/h3><\/div><\/div><div class=\"coluna-icone-revenda vc_column_container col-md-3 vc_custom_1661000206963\"><div class=\"wpb_wrapper vc_column-inner\">\r\n\t<div class=\"wpb_single_image wpb_content_element vc_align_center\">\r\n\t\t<div class=\"wpb_wrapper\">\r\n\t\t\t\r\n\t\t\t<div class=\"vc_single_image-wrapper   vc_box_border_grey\"><img loading=\"lazy\" decoding=\"async\" width=\"51\" height=\"63\" src=\"https:\/\/cafecampeiro.com.br\/wp-content\/uploads\/2022\/08\/revenda-icon-2.png\" class=\"vc_single_image-img attachment-thumbnail\" alt=\"\" title=\"revenda-icon-2\" \/><\/div>\r\n\t\t<\/div>\r\n\t<\/div>\r\n<h3 style=\"font-size: 24px;color: #ede3c1;line-height: 34px;text-align: center;font-family:Merriweather;font-weight:700;font-style:normal\" class=\"vc_custom_heading\" >Edi\u00e7\u00f5es<br \/>\nlimitadas<\/h3><\/div><\/div><div class=\"coluna-icone-revenda vc_column_container col-md-3 vc_custom_1661000211539\"><div class=\"wpb_wrapper vc_column-inner\">\r\n\t<div class=\"wpb_single_image wpb_content_element vc_align_center\">\r\n\t\t<div class=\"wpb_wrapper\">\r\n\t\t\t\r\n\t\t\t<div class=\"vc_single_image-wrapper   vc_box_border_grey\"><img loading=\"lazy\" decoding=\"async\" width=\"63\" height=\"63\" src=\"https:\/\/cafecampeiro.com.br\/wp-content\/uploads\/2022\/08\/revenda-icon-3.png\" class=\"vc_single_image-img attachment-thumbnail\" alt=\"\" title=\"revenda-icon-3\" \/><\/div>\r\n\t\t<\/div>\r\n\t<\/div>\r\n<h3 style=\"font-size: 24px;color: #ede3c1;line-height: 34px;text-align: center;font-family:Merriweather;font-weight:700;font-style:normal\" class=\"vc_custom_heading\" >Caf\u00e9<br \/>\nsempre fresco<\/h3><\/div><\/div><div class=\"coluna-icone-revenda vc_column_container col-md-3 vc_custom_1661000217341\"><div class=\"wpb_wrapper vc_column-inner\">\r\n\t<div class=\"wpb_single_image wpb_content_element vc_align_center\">\r\n\t\t<div class=\"wpb_wrapper\">\r\n\t\t\t\r\n\t\t\t<div class=\"vc_single_image-wrapper   vc_box_border_grey\"><img loading=\"lazy\" decoding=\"async\" width=\"62\" height=\"62\" src=\"https:\/\/cafecampeiro.com.br\/wp-content\/uploads\/2022\/08\/revenda-icon-4.png\" class=\"vc_single_image-img attachment-thumbnail\" alt=\"\" title=\"revenda-icon-4\" \/><\/div>\r\n\t\t<\/div>\r\n\t<\/div>\r\n<h3 style=\"font-size: 24px;color: #ede3c1;line-height: 34px;text-align: center;font-family:Merriweather;font-weight:700;font-style:normal\" class=\"vc_custom_heading\" >Marca conhecida<br \/>\nnacionalmente<\/h3><\/div><\/div><\/div>\r\n\t<div class=\"wpb_single_image wpb_content_element vc_align_center\">\r\n\t\t<div class=\"wpb_wrapper\">\r\n\t\t\t\r\n\t\t\t<div class=\"vc_single_image-wrapper   vc_box_border_grey\"><img loading=\"lazy\" decoding=\"async\" width=\"90\" height=\"31\" src=\"https:\/\/cafecampeiro.com.br\/wp-content\/uploads\/2022\/07\/separador.png\" class=\"vc_single_image-img attachment-full\" alt=\"\" title=\"separador\" \/><\/div>\r\n\t\t<\/div>\r\n\t<\/div>\r\n<div class=\"vc_row wpb_row vc_inner row revenda-icones detalhe-revenda-v vc_custom_1661333467280 vc_row-has-fill\"><div class=\"vc_column_container col-md-12\"><div class=\"wpb_wrapper vc_column-inner\"><h2 style=\"font-size: 25px;color: #ede3c1;text-align: center;font-weight:400\" class=\"vc_custom_heading vc_custom_1661001125947\" >Ideal para<\/h2><h2 style=\"font-size: 25px;color: #ffffff;text-align: center;font-weight:500\" class=\"vc_custom_heading\" >Cafeterias | Padarias | Emp\u00f3rios | Mercados | Restaurantes | Hot\u00e9is<\/h2><\/div><\/div><\/div><h2 style=\"font-size: 25px;color: #284432;text-align: center\" class=\"vc_custom_heading text-custom\" >Preencha o formul\u00e1rio e vamos conversar!<\/h2><div class=\"vc_btn3-container  btn-laranja vc_btn3-center vc_custom_1661168208351\" >\r\n\t<a class=\"vc_general vc_btn3 vc_btn3-size-md vc_btn3-shape-default vc_btn3-style-classic wpb_custom_6687b26f39488ddbb85ddb3c1ce8e111 vc_btn3-color-grey btn\" href=\"#formulario-revenda\" title=\"\">Quero revender!<\/a>\t<\/div>\r\n<\/div><\/div><\/div><div class=\"vc_row wpb_row row top-row box-revenda vc_custom_1661001593514\"><div class=\"vc_column_container col-md-12\"><div class=\"wpb_wrapper vc_column-inner\"><div class=\"vc_row wpb_row vc_inner row box-produto-revenda\"><div class=\"vc_column_container col-md-3\"><div class=\"wpb_wrapper vc_column-inner\">\r\n\t<div class=\"wpb_single_image wpb_content_element vc_align_left   img-espresso\">\r\n\t\t<div class=\"wpb_wrapper\">\r\n\t\t\t\r\n\t\t\t<div class=\"vc_single_image-wrapper   vc_box_border_grey\"><img loading=\"lazy\" decoding=\"async\" width=\"335\" height=\"722\" src=\"https:\/\/cafecampeiro.com.br\/wp-content\/uploads\/2022\/07\/produto-cafe-branco.png\" class=\"vc_single_image-img attachment-full\" alt=\"\" title=\"produto caf\u00e9 branco\" \/><\/div>\r\n\t\t<\/div>\r\n\t<\/div>\r\n<\/div><\/div><div class=\"vc_column_container col-md-9 vc_custom_1661002175046\"><div class=\"wpb_wrapper vc_column-inner\"><h2 style=\"font-size: 35px;color: #284432\" class=\"vc_custom_heading vc_custom_1661538526434 align-left\" >ESPRESSO<\/h2>\r\n\t<div class=\"wpb_single_image wpb_content_element vc_align_left  vc_custom_1661002222129\">\r\n\t\t<div class=\"wpb_wrapper\">\r\n\t\t\t\r\n\t\t\t<div class=\"vc_single_image-wrapper   vc_box_border_grey\"><img loading=\"lazy\" decoding=\"async\" width=\"90\" height=\"31\" src=\"https:\/\/cafecampeiro.com.br\/wp-content\/uploads\/2022\/07\/separador.png\" class=\"vc_single_image-img attachment-full\" alt=\"\" title=\"separador\" \/><\/div>\r\n\t\t<\/div>\r\n\t<\/div>\r\n<p style=\"font-size: 25px;color: #333333;font-weight:400\" class=\"vc_custom_heading vc_custom_1661168536250 align-left\" >O que contempla<\/p>\n\t<div class=\"wpb_text_column wpb_content_element contempla-p\" >\n\t\t<div class=\"wpb_wrapper\">\n\t\t\t<p>O cl\u00e1ssico caf\u00e9 espresso italiano<\/p>\n<p>T\u00e9cnica de torra aprendida com mestres de torra italianos<\/p>\n<p>Caf\u00e9s em gr\u00e3os<\/p>\n<p>Pacotes de 1kg<\/p>\n<p>Pedido m\u00ednimo: 9kg<\/p>\n<p>Treinamento de barista para equipe (a depender do volume mensal)<\/p>\n\n\t\t<\/div>\n\t<\/div>\n<\/div><\/div><\/div><div class=\"vc_row wpb_row vc_inner row revenda-icones detalhe-revenda-v vc_custom_1661333429752 vc_row-has-fill\"><div class=\"vc_column_container col-md-12\"><div class=\"wpb_wrapper vc_column-inner\"><h2 style=\"font-size: 25px;color: #ede3c1;text-align: center;font-weight:400\" class=\"vc_custom_heading vc_custom_1661001125947\" >Ideal para<\/h2><h2 style=\"font-size: 25px;color: #ffffff;text-align: center;font-weight:500\" class=\"vc_custom_heading\" >Cafeterias | Padarias | Hot\u00e9is | Locais que possuam m\u00e1quinas de espresso<\/h2><\/div><\/div><\/div><h2 style=\"font-size: 25px;color: #284432;text-align: center\" class=\"vc_custom_heading text-custom\" >Tem interesse? Preencha o formul\u00e1rio!<\/h2><div class=\"vc_btn3-container  btn-laranja vc_btn3-center vc_custom_1661168196280\" >\r\n\t<a class=\"vc_general vc_btn3 vc_btn3-size-md vc_btn3-shape-default vc_btn3-style-classic wpb_custom_6687b26f39488ddbb85ddb3c1ce8e111 vc_btn3-color-grey btn\" href=\"#formulario-revenda\" title=\"\">Tenho interesse!<\/a>\t<\/div>\r\n<\/div><\/div><\/div><div class=\"vc_row wpb_row row top-row box-revenda vc_custom_1661001593514\"><div class=\"vc_column_container col-md-12\"><div class=\"wpb_wrapper vc_column-inner\"><div class=\"vc_row wpb_row vc_inner row box-produto-revenda\"><div class=\"vc_column_container col-md-3\"><div class=\"wpb_wrapper vc_column-inner\">\r\n\t<div class=\"wpb_single_image wpb_content_element vc_align_left   foto-marca\">\r\n\t\t<div class=\"wpb_wrapper\">\r\n\t\t\t\r\n\t\t\t<div class=\"vc_single_image-wrapper   vc_box_border_grey\"><img loading=\"lazy\" decoding=\"async\" width=\"1768\" height=\"2560\" src=\"https:\/\/cafecampeiro.com.br\/wp-content\/uploads\/2024\/02\/Padrao_Full_Site-scaled.jpg\" class=\"vc_single_image-img attachment-full\" alt=\"Imagem White Label\" title=\"White Label Revenda\" srcset=\"https:\/\/cafecampeiro.com.br\/wp-content\/uploads\/2024\/02\/Padrao_Full_Site-scaled.jpg 1768w, https:\/\/cafecampeiro.com.br\/wp-content\/uploads\/2024\/02\/Padrao_Full_Site-707x1024.jpg 707w, https:\/\/cafecampeiro.com.br\/wp-content\/uploads\/2024\/02\/Padrao_Full_Site-768x1112.jpg 768w, https:\/\/cafecampeiro.com.br\/wp-content\/uploads\/2024\/02\/Padrao_Full_Site-1061x1536.jpg 1061w, https:\/\/cafecampeiro.com.br\/wp-content\/uploads\/2024\/02\/Padrao_Full_Site-1414x2048.jpg 1414w, https:\/\/cafecampeiro.com.br\/wp-content\/uploads\/2024\/02\/Padrao_Full_Site-320x463.jpg 320w, https:\/\/cafecampeiro.com.br\/wp-content\/uploads\/2024\/02\/Padrao_Full_Site-480x695.jpg 480w, https:\/\/cafecampeiro.com.br\/wp-content\/uploads\/2024\/02\/Padrao_Full_Site-800x1158.jpg 800w, https:\/\/cafecampeiro.com.br\/wp-content\/uploads\/2024\/02\/Padrao_Full_Site-640x927.jpg 640w, https:\/\/cafecampeiro.com.br\/wp-content\/uploads\/2024\/02\/Padrao_Full_Site-400x579.jpg 400w, https:\/\/cafecampeiro.com.br\/wp-content\/uploads\/2024\/02\/Padrao_Full_Site-630x912.jpg 630w\" sizes=\"auto, (max-width: 1768px) 100vw, 1768px\" \/><\/div>\r\n\t\t<\/div>\r\n\t<\/div>\r\n<\/div><\/div><div class=\"vc_column_container col-md-9 vc_custom_1661002175046\"><div class=\"wpb_wrapper vc_column-inner\"><h2 style=\"font-size: 35px;color: #284432\" class=\"vc_custom_heading vc_custom_1661002683687 align-left\" >SUA MARCA, NOSSO CAF\u00c9!<\/h2><h2 style=\"font-size: 20px;color: #333333;line-height: 35px;font-weight:400\" class=\"vc_custom_heading contempla-p vc_custom_1708134346916 align-left\" >J\u00e1 consolidados no mercado de caf\u00e9s especiais de qualidade, n\u00f3s do Caf\u00e9 Campeiro tamb\u00e9m trabalhamos com White Label (embalagem em branco), modalidade muito difundida na Europa e Am\u00e9rica do Norte e que vem ganhando cada vez mais espa\u00e7o no Brasil. Ou seja, oferecemos a possibilidade de voc\u00ea ter a sua pr\u00f3pria marca de caf\u00e9!<\/h2><\/div><\/div><\/div><div class=\"vc_row wpb_row vc_inner row revenda-icones vc_custom_1661002618984 vc_row-has-fill\"><div class=\"vc_column_container col-md-12\"><div class=\"wpb_wrapper vc_column-inner\"><h2 style=\"font-size: 25px;color: #ffffff;line-height: 35px;text-align: center;font-weight:500\" class=\"vc_custom_heading vc_custom_1661537370132\" >Incr\u00edvel, n\u00e3o \u00e9 mesmo?!<\/h2><h2 style=\"font-size: 25px;color: #ede3c1;text-align: center;font-weight:400\" class=\"vc_custom_heading vc_custom_1661002552575\" >Entenda melhor o que isso significa:<\/h2><\/div><\/div><\/div><h4 style=\"font-size: 20px;color: #333333;line-height: 35px;text-align: center\" class=\"vc_custom_heading contempla-p\" >Colocamos \u00e0 sua disposi\u00e7\u00e3o toda a estrutura do Caf\u00e9 Campeiro para te entregar o caf\u00e9 prontinho<br \/>\npara voc\u00ea adicionar a sua marca.<\/h4>\r\n\t<div class=\"wpb_single_image wpb_content_element vc_align_center  vc_custom_1661537702687  icon-vantagens\">\r\n\t\t<div class=\"wpb_wrapper\">\r\n\t\t\t\r\n\t\t\t<div class=\"vc_single_image-wrapper   vc_box_border_grey\"><img loading=\"lazy\" decoding=\"async\" width=\"90\" height=\"31\" src=\"https:\/\/cafecampeiro.com.br\/wp-content\/uploads\/2022\/07\/separador.png\" class=\"vc_single_image-img attachment-full\" alt=\"\" title=\"separador\" \/><\/div>\r\n\t\t<\/div>\r\n\t<\/div>\r\n<h4 style=\"font-size: 25px;color: #333333;text-align: center;font-weight:500\" class=\"vc_custom_heading vc_custom_1661002966572\" >Entenda as vantagens em ter a marca pr\u00f3pria de caf\u00e9s<\/h4><h4 style=\"font-size: 20px;color: #333333;line-height: 35px;text-align: center\" class=\"vc_custom_heading contempla-p\" >J\u00e1 pensou ver o logo da sua empresa estampado nos caf\u00e9s vendidos no seu estabelecimento e<br \/>\nfalar para os seus clientes que agora voc\u00ea tem a sua pr\u00f3pria marca de caf\u00e9s?<\/h4><h4 style=\"font-size: 20px;color: #333333;line-height: 35px;text-align: center\" class=\"vc_custom_heading contempla-p vc_custom_1661360907257\" >Isso pode potencializar as suas vendas e a credibilidade do seu neg\u00f3cio perante o mercado. Mas as<br \/>\nvantagens n\u00e3o param por aqui. Olha s\u00f3:<\/h4><div class=\"vc_row wpb_row vc_inner row revenda-icones vc_custom_1661003075318\"><div class=\"coluna-icone-revenda vc_column_container col-md-3 vc_custom_1661000189757\"><div class=\"wpb_wrapper vc_column-inner\">\r\n\t<div class=\"wpb_single_image wpb_content_element vc_align_center\">\r\n\t\t<div class=\"wpb_wrapper\">\r\n\t\t\t\r\n\t\t\t<div class=\"vc_single_image-wrapper   vc_box_border_grey\"><img loading=\"lazy\" decoding=\"async\" width=\"54\" height=\"64\" src=\"https:\/\/cafecampeiro.com.br\/wp-content\/uploads\/2022\/08\/icone-revenda-5.png\" class=\"vc_single_image-img attachment-thumbnail\" alt=\"\" title=\"icone-revenda-5\" \/><\/div>\r\n\t\t<\/div>\r\n\t<\/div>\r\n<h3 style=\"font-size: 24px;color: #ede3c1;line-height: 34px;text-align: center;font-family:Merriweather;font-weight:700;font-style:normal\" class=\"vc_custom_heading\" >Aumento da<br \/>\nmargem de lucro<\/h3><\/div><\/div><div class=\"coluna-icone-revenda vc_column_container col-md-3 vc_custom_1661000206963\"><div class=\"wpb_wrapper vc_column-inner\">\r\n\t<div class=\"wpb_single_image wpb_content_element vc_align_center\">\r\n\t\t<div class=\"wpb_wrapper\">\r\n\t\t\t\r\n\t\t\t<div class=\"vc_single_image-wrapper   vc_box_border_grey\"><img loading=\"lazy\" decoding=\"async\" width=\"51\" height=\"68\" src=\"https:\/\/cafecampeiro.com.br\/wp-content\/uploads\/2022\/08\/icone-revenda-6.png\" class=\"vc_single_image-img attachment-thumbnail\" alt=\"\" title=\"icone-revenda-6\" \/><\/div>\r\n\t\t<\/div>\r\n\t<\/div>\r\n<h3 style=\"font-size: 24px;color: #ede3c1;line-height: 34px;text-align: center;font-family:Merriweather;font-weight:700;font-style:normal\" class=\"vc_custom_heading\" >Fideliza\u00e7\u00e3o<br \/>\ndos clientes<\/h3><\/div><\/div><div class=\"coluna-icone-revenda vc_column_container col-md-3 vc_custom_1661000211539\"><div class=\"wpb_wrapper vc_column-inner\">\r\n\t<div class=\"wpb_single_image wpb_content_element vc_align_center\">\r\n\t\t<div class=\"wpb_wrapper\">\r\n\t\t\t\r\n\t\t\t<div class=\"vc_single_image-wrapper   vc_box_border_grey\"><img loading=\"lazy\" decoding=\"async\" width=\"61\" height=\"63\" src=\"https:\/\/cafecampeiro.com.br\/wp-content\/uploads\/2022\/08\/icone-revenda-7.png\" class=\"vc_single_image-img attachment-thumbnail\" alt=\"\" title=\"icone-revenda-7\" \/><\/div>\r\n\t\t<\/div>\r\n\t<\/div>\r\n<h3 style=\"font-size: 24px;color: #ede3c1;line-height: 34px;text-align: center;font-family:Merriweather;font-weight:700;font-style:normal\" class=\"vc_custom_heading\" >Garantia de<br \/>\nqualidade<\/h3><\/div><\/div><div class=\"coluna-icone-revenda vc_column_container col-md-3 vc_custom_1661000217341\"><div class=\"wpb_wrapper vc_column-inner\">\r\n\t<div class=\"wpb_single_image wpb_content_element vc_align_center\">\r\n\t\t<div class=\"wpb_wrapper\">\r\n\t\t\t\r\n\t\t\t<div class=\"vc_single_image-wrapper   vc_box_border_grey\"><img loading=\"lazy\" decoding=\"async\" width=\"59\" height=\"59\" src=\"https:\/\/cafecampeiro.com.br\/wp-content\/uploads\/2022\/08\/icone-revenda-8.png\" class=\"vc_single_image-img attachment-thumbnail\" alt=\"\" title=\"icone-revenda-8\" \/><\/div>\r\n\t\t<\/div>\r\n\t<\/div>\r\n<h3 style=\"font-size: 24px;color: #ede3c1;line-height: 34px;text-align: center;font-family:Merriweather;font-weight:700;font-style:normal\" class=\"vc_custom_heading\" >Consolida\u00e7\u00e3o<br \/>\nda marca<\/h3><\/div><\/div><\/div><h2 style=\"font-size: 25px;color: #284432;line-height: 31px;text-align: center;font-weight:700\" class=\"vc_custom_heading vc_custom_1661339424173\" >Entre em contato e vamos conversar sobre os seus objetivos,<br \/>\np\u00fablico-alvo, log\u00edstica e todos os detalhes necess\u00e1rios para iniciar essa parceria.<\/h2><h2 style=\"font-size: 25px;color: #284432;line-height: 31px;text-align: center;font-weight:400\" class=\"vc_custom_heading vc_custom_1661339415861\" >Estamos te esperando!<\/h2><div class=\"vc_btn3-container  btn-laranja vc_btn3-center vc_custom_1661168185271\" >\r\n\t<a class=\"vc_general vc_btn3 vc_btn3-size-md vc_btn3-shape-default vc_btn3-style-classic wpb_custom_6687b26f39488ddbb85ddb3c1ce8e111 vc_btn3-color-grey btn\" href=\"#formulario-revenda\" title=\"\">Quero minha marca!<\/a>\t<\/div>\r\n<\/div><\/div><\/div><\/section><div class=\"vc_row-full-width vc_clearfix\"><\/div><div id=\"formulario-revenda\" class=\"vc_row wpb_row row top-row\"><div class=\"vc_column_container col-md-12\"><div class=\"wpb_wrapper vc_column-inner\"><h4 style=\"font-size: 22px;color: #284432;line-height: 38px;text-align: center;font-weight:600\" class=\"vc_custom_heading vc_custom_1661541200072\" >Entre em contato pelo formul\u00e1rio abaixo<br \/>\npara conhecermos melhor as suas ideias<br \/>\ne objetivos com o Caf\u00e9 Campeiro!<\/h4>\n\t<div class=\"wpb_text_column wpb_content_element\" >\n\t\t<div class=\"wpb_wrapper\">\n\t\t\t<div class='_form_3'><\/div><script type='text\/javascript' src='https:\/\/campeiromkt.activehosted.com\/f\/embed.php?static=0&id=3&69F33DB31EF1A&nostyles=0&preview=0'><\/script>\n\n\t\t<\/div>\n\t<\/div>\n<\/div><\/div><\/div>\n<\/div>","protected":false},"excerpt":{"rendered":"Revenda o Caf\u00e9 Campeiro!O caf\u00e9 \u00e9 uma paix\u00e3o nacional e sempre tem vez na prefer\u00eancia de compra dos brasileiros.Aproveite e tenha na sua loja os nossos produtos cuidadosamente selecionados e com alt\u00edssima qualidade em cada detalhe para chegar at\u00e9 voc\u00ea e ao seu cliente.Confira as op\u00e7\u00f5es de revenda dispon\u00edveis dos nossos caf\u00e9s especiais e vamos [...]","protected":false},"author":1,"featured_media":0,"parent":0,"menu_order":0,"comment_status":"closed","ping_status":"closed","template":"","meta":{"footnotes":""},"class_list":["post-943","page","type-page","status-publish","hentry"],"yoast_head":"<!-- This site is optimized with the Yoast SEO plugin v27.3 - https:\/\/yoast.com\/product\/yoast-seo-wordpress\/ -->\n<title>Revenda os caf\u00e9s especiais do Caf\u00e9 Campeiro na sua loja, padaria ou estabelecimento comercial.<\/title>\n<meta name=\"description\" content=\"Conhe\u00e7a as op\u00e7\u00f5es dispon\u00edveis para revender os nossos produtos ou ter a sua pr\u00f3pria marca de caf\u00e9. Acesse!\" \/>\n<meta name=\"robots\" content=\"index, follow, max-snippet:-1, max-image-preview:large, max-video-preview:-1\" \/>\n<link rel=\"canonical\" href=\"https:\/\/cafecampeiro.com.br\/en\/revenda\/\" \/>\n<meta property=\"og:locale\" content=\"en_US\" \/>\n<meta property=\"og:type\" content=\"article\" \/>\n<meta property=\"og:title\" content=\"Revenda os caf\u00e9s especiais do Caf\u00e9 Campeiro na sua loja, padaria ou estabelecimento comercial.\" \/>\n<meta property=\"og:description\" content=\"Conhe\u00e7a as op\u00e7\u00f5es dispon\u00edveis para revender os nossos produtos ou ter a sua pr\u00f3pria marca de caf\u00e9. Acesse!\" \/>\n<meta property=\"og:url\" content=\"https:\/\/cafecampeiro.com.br\/en\/revenda\/\" \/>\n<meta property=\"og:site_name\" content=\"Caf\u00e9 Campeiro\" \/>\n<meta property=\"article:modified_time\" content=\"2024-02-17T15:47:13+00:00\" \/>\n<meta name=\"twitter:card\" content=\"summary_large_image\" \/>\n<meta name=\"twitter:label1\" content=\"Est. reading time\" \/>\n\t<meta name=\"twitter:data1\" content=\"6 minutes\" \/>\n<script type=\"application\/ld+json\" class=\"yoast-schema-graph\">{\"@context\":\"https:\\\/\\\/schema.org\",\"@graph\":[{\"@type\":\"WebPage\",\"@id\":\"https:\\\/\\\/cafecampeiro.com.br\\\/revenda\\\/\",\"url\":\"https:\\\/\\\/cafecampeiro.com.br\\\/revenda\\\/\",\"name\":\"Revenda os caf\u00e9s especiais do Caf\u00e9 Campeiro na sua loja, padaria ou estabelecimento comercial.\",\"isPartOf\":{\"@id\":\"https:\\\/\\\/cafecampeiro.com.br\\\/#website\"},\"datePublished\":\"2022-07-11T18:41:51+00:00\",\"dateModified\":\"2024-02-17T15:47:13+00:00\",\"description\":\"Conhe\u00e7a as op\u00e7\u00f5es dispon\u00edveis para revender os nossos produtos ou ter a sua pr\u00f3pria marca de caf\u00e9. Acesse!\",\"breadcrumb\":{\"@id\":\"https:\\\/\\\/cafecampeiro.com.br\\\/revenda\\\/#breadcrumb\"},\"inLanguage\":\"en-US\",\"potentialAction\":[{\"@type\":\"ReadAction\",\"target\":[\"https:\\\/\\\/cafecampeiro.com.br\\\/revenda\\\/\"]}]},{\"@type\":\"BreadcrumbList\",\"@id\":\"https:\\\/\\\/cafecampeiro.com.br\\\/revenda\\\/#breadcrumb\",\"itemListElement\":[{\"@type\":\"ListItem\",\"position\":1,\"name\":\"In\u00edcio\",\"item\":\"https:\\\/\\\/cafecampeiro.com.br\\\/\"},{\"@type\":\"ListItem\",\"position\":2,\"name\":\"Revenda\"}]},{\"@type\":\"WebSite\",\"@id\":\"https:\\\/\\\/cafecampeiro.com.br\\\/#website\",\"url\":\"https:\\\/\\\/cafecampeiro.com.br\\\/\",\"name\":\"Caf\u00e9 Campeiro\",\"description\":\"Caf\u00e9 Campeiro\",\"potentialAction\":[{\"@type\":\"SearchAction\",\"target\":{\"@type\":\"EntryPoint\",\"urlTemplate\":\"https:\\\/\\\/cafecampeiro.com.br\\\/?s={search_term_string}\"},\"query-input\":{\"@type\":\"PropertyValueSpecification\",\"valueRequired\":true,\"valueName\":\"search_term_string\"}}],\"inLanguage\":\"en-US\"}]}<\/script>\n<!-- \/ Yoast SEO plugin. -->","yoast_head_json":{"title":"Revenda os caf\u00e9s especiais do Caf\u00e9 Campeiro na sua loja, padaria ou estabelecimento comercial.","description":"Conhe\u00e7a as op\u00e7\u00f5es dispon\u00edveis para revender os nossos produtos ou ter a sua pr\u00f3pria marca de caf\u00e9. Acesse!","robots":{"index":"index","follow":"follow","max-snippet":"max-snippet:-1","max-image-preview":"max-image-preview:large","max-video-preview":"max-video-preview:-1"},"canonical":"https:\/\/cafecampeiro.com.br\/en\/revenda\/","og_locale":"en_US","og_type":"article","og_title":"Revenda os caf\u00e9s especiais do Caf\u00e9 Campeiro na sua loja, padaria ou estabelecimento comercial.","og_description":"Conhe\u00e7a as op\u00e7\u00f5es dispon\u00edveis para revender os nossos produtos ou ter a sua pr\u00f3pria marca de caf\u00e9. Acesse!","og_url":"https:\/\/cafecampeiro.com.br\/en\/revenda\/","og_site_name":"Caf\u00e9 Campeiro","article_modified_time":"2024-02-17T15:47:13+00:00","twitter_card":"summary_large_image","twitter_misc":{"Est. reading time":"6 minutes"},"schema":{"@context":"https:\/\/schema.org","@graph":[{"@type":"WebPage","@id":"https:\/\/cafecampeiro.com.br\/revenda\/","url":"https:\/\/cafecampeiro.com.br\/revenda\/","name":"Revenda os caf\u00e9s especiais do Caf\u00e9 Campeiro na sua loja, padaria ou estabelecimento comercial.","isPartOf":{"@id":"https:\/\/cafecampeiro.com.br\/#website"},"datePublished":"2022-07-11T18:41:51+00:00","dateModified":"2024-02-17T15:47:13+00:00","description":"Conhe\u00e7a as op\u00e7\u00f5es dispon\u00edveis para revender os nossos produtos ou ter a sua pr\u00f3pria marca de caf\u00e9. Acesse!","breadcrumb":{"@id":"https:\/\/cafecampeiro.com.br\/revenda\/#breadcrumb"},"inLanguage":"en-US","potentialAction":[{"@type":"ReadAction","target":["https:\/\/cafecampeiro.com.br\/revenda\/"]}]},{"@type":"BreadcrumbList","@id":"https:\/\/cafecampeiro.com.br\/revenda\/#breadcrumb","itemListElement":[{"@type":"ListItem","position":1,"name":"In\u00edcio","item":"https:\/\/cafecampeiro.com.br\/"},{"@type":"ListItem","position":2,"name":"Revenda"}]},{"@type":"WebSite","@id":"https:\/\/cafecampeiro.com.br\/#website","url":"https:\/\/cafecampeiro.com.br\/","name":"Caf\u00e9 Campeiro","description":"Caf\u00e9 Campeiro","potentialAction":[{"@type":"SearchAction","target":{"@type":"EntryPoint","urlTemplate":"https:\/\/cafecampeiro.com.br\/?s={search_term_string}"},"query-input":{"@type":"PropertyValueSpecification","valueRequired":true,"valueName":"search_term_string"}}],"inLanguage":"en-US"}]}},"jetpack_sharing_enabled":true,"_links":{"self":[{"href":"https:\/\/cafecampeiro.com.br\/en\/wp-json\/wp\/v2\/pages\/943","targetHints":{"allow":["GET"]}}],"collection":[{"href":"https:\/\/cafecampeiro.com.br\/en\/wp-json\/wp\/v2\/pages"}],"about":[{"href":"https:\/\/cafecampeiro.com.br\/en\/wp-json\/wp\/v2\/types\/page"}],"author":[{"embeddable":true,"href":"https:\/\/cafecampeiro.com.br\/en\/wp-json\/wp\/v2\/users\/1"}],"replies":[{"embeddable":true,"href":"https:\/\/cafecampeiro.com.br\/en\/wp-json\/wp\/v2\/comments?post=943"}],"version-history":[{"count":0,"href":"https:\/\/cafecampeiro.com.br\/en\/wp-json\/wp\/v2\/pages\/943\/revisions"}],"wp:attachment":[{"href":"https:\/\/cafecampeiro.com.br\/en\/wp-json\/wp\/v2\/media?parent=943"}],"curies":[{"name":"wp","href":"https:\/\/api.w.org\/{rel}","templated":true}]}}