{"id":976,"date":"2022-07-12T12:41:22","date_gmt":"2022-07-12T12:41:22","guid":{"rendered":"https:\/\/cafecampeiro.com.br\/?page_id=976"},"modified":"2023-05-31T10:12:01","modified_gmt":"2023-05-31T13:12:01","slug":"quem-somos","status":"publish","type":"page","link":"https:\/\/cafecampeiro.com.br\/en\/quem-somos\/","title":{"rendered":"Quem somos"},"content":{"rendered":"<div class=\"wpb-content-wrapper\"><div class=\"vc_row wpb_row row top-row vc_custom_1657632520447\"><div class=\"vc_column_container col-md-12\"><div class=\"wpb_wrapper vc_column-inner\">\n\t\t\t<!-- START Slider 2 1 1 1 1 REVOLUTION SLIDER 6.7.37 --><p class=\"rs-p-wp-fix\"><\/p>\n\t\t\t<rs-module-wrap id=\"rev_slider_8_1_wrapper\" data-source=\"gallery\" style=\"visibility:hidden;background:transparent;padding:0;margin:0px auto;margin-top:0;margin-bottom:0;\">\n\t\t\t\t<rs-module id=\"rev_slider_8_1\" style=\"\" data-version=\"6.7.37\">\n\t\t\t\t\t<rs-slides style=\"overflow: hidden; position: absolute;\">\n\t\t\t\t\t\t<rs-slide style=\"position: absolute;\" data-key=\"rs-10\" data-title=\"Slide\" data-anim=\"adpr:false;\" data-in=\"o:0;\" data-out=\"a:false;\">\n\t\t\t\t\t\t\t<img decoding=\"async\" src=\"\/\/cafecampeiro.com.br\/wp-content\/plugins\/revslider\/sr6\/assets\/assets\/dummy.png\" alt=\"\" title=\"banner-quem-somos\" width=\"1920\" height=\"376\" class=\"rev-slidebg tp-rs-img rs-lazyload\" data-lazyload=\"\/\/cafecampeiro.com.br\/wp-content\/uploads\/2022\/08\/banner-quem-somos.jpg\" data-no-retina>\n<!--\n\t\t\t\t\t\t\t--><rs-layer\n\t\t\t\t\t\t\t\tid=\"slider-8-slide-10-layer-0\" \n\t\t\t\t\t\t\t\tdata-type=\"shape\"\n\t\t\t\t\t\t\t\tdata-rsp_ch=\"on\"\n\t\t\t\t\t\t\t\tdata-xy=\"xo:50px,26px,19px,-186px;yo:50px,26px,19px,0;\"\n\t\t\t\t\t\t\t\tdata-text=\"w:normal;s:20,10,7,4;l:0,13,9,6;\"\n\t\t\t\t\t\t\t\tdata-dim=\"w:300px,160px,121px,1000px;h:180px,96px,72px,280px;\"\n\t\t\t\t\t\t\t\tdata-vbility=\"f,f,f,t\"\n\t\t\t\t\t\t\t\tdata-frame_999=\"o:0;st:w;\"\n\t\t\t\t\t\t\t\tstyle=\"z-index:8;background-color:rgba(0,0,0,0.5);\"\n\t\t\t\t\t\t\t><rs-bg-elem style=\"background: url('\/\/cafecampeiro.com.br\/wp-content\/uploads\/2022\/08\/banner-quem-somos.jpg') no-repeat center center; background-size: cover;\"><\/rs-bg-elem>\n \n\t\t\t\t\t\t\t<\/rs-layer><!--\n\n\t\t\t\t\t\t\t--><h2\n\t\t\t\t\t\t\t\tid=\"slider-8-slide-10-layer-1\" \n\t\t\t\t\t\t\t\tclass=\"rs-layer\"\n\t\t\t\t\t\t\t\tdata-type=\"text\"\n\t\t\t\t\t\t\t\tdata-color=\"#284432\"\n\t\t\t\t\t\t\t\tdata-rsp_ch=\"on\"\n\t\t\t\t\t\t\t\tdata-xy=\"xo:405px,216px,164px,15px;yo:69px,36px,27px,76px;\"\n\t\t\t\t\t\t\t\tdata-text=\"w:normal;s:60,32,24,24;l:25,13,9,6;fw:700;\"\n\t\t\t\t\t\t\t\tdata-frame_999=\"o:0;st:w;\"\n\t\t\t\t\t\t\t\tstyle=\"z-index:9;font-family:'Merriweather';\"\n\t\t\t\t\t\t\t>Somos ca\u00e7adores de caf\u00e9 \n\t\t\t\t\t\t\t<\/h2><!--\n\n\t\t\t\t\t\t\t--><p\n\t\t\t\t\t\t\t\tid=\"slider-8-slide-10-layer-2\" \n\t\t\t\t\t\t\t\tclass=\"rs-layer\"\n\t\t\t\t\t\t\t\tdata-type=\"text\"\n\t\t\t\t\t\t\t\tdata-color=\"#284432\"\n\t\t\t\t\t\t\t\tdata-rsp_ch=\"on\"\n\t\t\t\t\t\t\t\tdata-xy=\"xo:405px,216px,164px,15px;yo:140px,74px,56px,110px;\"\n\t\t\t\t\t\t\t\tdata-text=\"w:normal;s:41,21,15,16;l:42,22,16,26;\"\n\t\t\t\t\t\t\t\tdata-frame_999=\"o:0;st:w;\"\n\t\t\t\t\t\t\t\tstyle=\"z-index:10;font-family:'Poppins';\"\n\t\t\t\t\t\t\t> encurtamos a dist\u00e2ncia entre o<br \/>\ncampo e sua mesa!<br \/>\n \n\t\t\t\t\t\t\t<\/p><!--\n\n\t\t\t\t\t\t\t--><p\n\t\t\t\t\t\t\t\tid=\"slider-8-slide-10-layer-3\" \n\t\t\t\t\t\t\t\tclass=\"rs-layer\"\n\t\t\t\t\t\t\t\tdata-type=\"text\"\n\t\t\t\t\t\t\t\tdata-color=\"#333333\"\n\t\t\t\t\t\t\t\tdata-rsp_ch=\"on\"\n\t\t\t\t\t\t\t\tdata-xy=\"xo:405px,216px,164px,12px;yo:258px,137px,104px,176px;\"\n\t\t\t\t\t\t\t\tdata-text=\"w:normal;s:25,13,9,14;l:36,19,14,24;\"\n\t\t\t\t\t\t\t\tdata-dim=\"w:auto,auto,auto,380px;\"\n\t\t\t\t\t\t\t\tdata-frame_999=\"o:0;st:w;\"\n\t\t\t\t\t\t\t\tstyle=\"z-index:11;font-family:'Poppins';\"\n\t\t\t\t\t\t\t>Para o Caf\u00e9 Campeiro, quanto menos intermedi\u00e1rios<br \/>\nno processo, mais o caf\u00e9 chegar\u00e1 fresquinho at\u00e9 voc\u00ea! \n\t\t\t\t\t\t\t<\/p><!--\n-->\t\t\t\t\t<\/rs-slide>\n\t\t\t\t\t<\/rs-slides>\n\t\t\t\t<\/rs-module>\n\t\t\t\t<script data-jetpack-boost=\"ignore\">\n\t\t\t\t\tsetREVStartSize({c: 'rev_slider_8_1',rl:[1240,1024,778,480],el:[374,768,960,280],gw:[1920,1024,778,480],gh:[374,300,300,280],type:'standard',justify:'',layout:'fullwidth',mh:\"0\"});if (window.RS_MODULES!==undefined && window.RS_MODULES.modules!==undefined && window.RS_MODULES.modules[\"revslider81\"]!==undefined) {window.RS_MODULES.modules[\"revslider81\"].once = false;window.revapi8 = undefined;if (window.RS_MODULES.checkMinimal!==undefined) window.RS_MODULES.checkMinimal()}\n\t\t\t\t<\/script>\n\t\t\t<\/rs-module-wrap>\n\t\t\t<!-- END REVOLUTION SLIDER -->\n<\/div><\/div><\/div><div data-vc-full-width=\"true\" data-vc-full-width-init=\"false\" data-vc-stretch-content=\"true\" class=\"vc_row wpb_row row top-row linha-quem-somos vc_row-no-padding\"><div class=\"vc_column_container col-md-12\"><div class=\"wpb_wrapper vc_column-inner\"><h3 style=\"font-size: 25px;color: #ede3c1;text-align: center;font-weight:600\" class=\"vc_custom_heading mobile-p vc_custom_1661180799808\" >Nossos caf\u00e9s n\u00e3o s\u00e3o como os comuns encontrados em supermercados.<\/h3><\/div><\/div><\/div><div class=\"vc_row-full-width vc_clearfix\"><\/div><div class=\"vc_row wpb_row row top-row ajuste-box-qs\"><div class=\"coluna-borda vc_column_container col-md-3 vc_custom_1664223439529\"><div class=\"wpb_wrapper vc_column-inner\"><\/div><\/div><div class=\"vc_column_container col-md-9 vc_custom_1660830735122\"><div class=\"wpb_wrapper vc_column-inner\"><p style=\"font-size: 25px;color: #333333;line-height: 45px\" class=\"vc_custom_heading mobile-p vc_custom_1661181318203 align-left\" >Os nossos ca\u00e7adores buscam pessoalmente o caf\u00e9<br \/>\nna fazenda, mas o processo n\u00e3o acaba aqui. Eles<br \/>\nn\u00e3o apertam a m\u00e3o do produtor e simplesmente v\u00e3o<br \/>\nembora para torrar e embalar o caf\u00e9.<\/p>\r\n\t<div class=\"wpb_single_image wpb_content_element vc_align_left  vc_custom_1661329216585  detalhe-qs\">\r\n\t\t<div class=\"wpb_wrapper\">\r\n\t\t\t\r\n\t\t\t<div class=\"vc_single_image-wrapper   vc_box_border_grey\"><img loading=\"lazy\" decoding=\"async\" width=\"56\" height=\"144\" src=\"https:\/\/cafecampeiro.com.br\/wp-content\/uploads\/2022\/07\/seta-cafe-campeiro.png\" class=\"vc_single_image-img attachment-full\" alt=\"\" title=\"seta cafe campeiro\" \/><\/div>\r\n\t\t<\/div>\r\n\t<\/div>\r\n<p style=\"font-size: 25px;color: #333333;line-height: 45px\" class=\"vc_custom_heading mobile-p vc_custom_1661181327939 align-left\" >Os especialistas do Caf\u00e9 Campeiro passam horas<br \/>\nconversando com os produtores para saber como foi<br \/>\na safra, qual \u00e9 o comparativo de produ\u00e7\u00e3o entre as<br \/>\n\u00e1reas das fazendas naquele ano, como est\u00e3o as<br \/>\nchuvas na regi\u00e3o, como est\u00e1 a nutri\u00e7\u00e3o do solo e<br \/>\nmuito mais!<\/p>\r\n\t<div class=\"wpb_single_image wpb_content_element vc_align_left  vc_custom_1661329223175  detalhe-qs\">\r\n\t\t<div class=\"wpb_wrapper\">\r\n\t\t\t\r\n\t\t\t<div class=\"vc_single_image-wrapper   vc_box_border_grey\"><img loading=\"lazy\" decoding=\"async\" width=\"56\" height=\"144\" src=\"https:\/\/cafecampeiro.com.br\/wp-content\/uploads\/2022\/07\/seta-cafe-campeiro.png\" class=\"vc_single_image-img attachment-full\" alt=\"\" title=\"seta cafe campeiro\" \/><\/div>\r\n\t\t<\/div>\r\n\t<\/div>\r\n<p style=\"font-size: 25px;color: #333333;line-height: 45px\" class=\"vc_custom_heading mobile-p vc_custom_1661181335766 align-left\" >Al\u00e9m disso, provam diferentes variedades e<br \/>\nprocessos dos caf\u00e9s e at\u00e9 mesmo dormem na casa<br \/>\ndos produtores para pegar a estrada no outro dia<br \/>\nbem cedo (com um novo lote de caf\u00e9 fresquinho ,<br \/>\npara voc\u00ea na bagagem, \u00e9 claro).<\/p><p style=\"font-size: 25px;color: #333333;line-height: 45px\" class=\"vc_custom_heading mobile-p vc_custom_1661181342069 align-left\" >Com um acompanhamento pr\u00f3ximo e pessoal<br \/>\nassim, o produto final n\u00e3o pode ser menos do<br \/>\nque <strong>especial<\/strong>, n\u00e3o \u00e9 mesmo?!<\/p><\/div><\/div><\/div><div class=\"vc_row wpb_row row top-row torra-artesanal-qs\"><div class=\"vc_column_container col-md-12\"><div class=\"wpb_wrapper vc_column-inner\">\r\n\t<div class=\"wpb_single_image wpb_content_element vc_align_center  vc_custom_1661175486489\">\r\n\t\t<div class=\"wpb_wrapper\">\r\n\t\t\t\r\n\t\t\t<div class=\"vc_single_image-wrapper   vc_box_border_grey\"><img loading=\"lazy\" decoding=\"async\" width=\"90\" height=\"31\" src=\"https:\/\/cafecampeiro.com.br\/wp-content\/uploads\/2022\/08\/detalhe-ig-qs.png\" class=\"vc_single_image-img attachment-full\" alt=\"\" title=\"detalhe-ig-qs\" \/><\/div>\r\n\t\t<\/div>\r\n\t<\/div>\r\n<h5 style=\"font-size: 60px;color: #284432;line-height: 73px;text-align: center;font-family:Merriweather;font-weight:700;font-style:normal\" class=\"vc_custom_heading mobile-t h3-ajuste vc_custom_1661333082605\" >Torra Artesanal<\/h5><p style=\"font-size: 25px;color: #333333;line-height: 45px\" class=\"vc_custom_heading mobile-p vc_custom_1661180825582 align-left\" >Falando em proximidade, os nossos caf\u00e9s tamb\u00e9m passam pela torra artesanal, uma etapa<br \/>\nque exige extremo cuidado e expertise, afinal, \u00e9 nesse ponto que a \u201cm\u00e1gica\u201d acontece.<br \/>\nDe nada adianta ter o melhor gr\u00e3o, se no momento da torra n\u00e3o houver um profissional<br \/>\ncapacitado para a fun\u00e7\u00e3o.<\/p>\n\t\t\t<!-- START Slider 3 REVOLUTION SLIDER 6.7.37 --><p class=\"rs-p-wp-fix\"><\/p>\n\t\t\t<rs-module-wrap id=\"rev_slider_9_2_wrapper\" data-source=\"gallery\" style=\"visibility:hidden;background:transparent;padding:0;margin:0px auto;margin-top:0;margin-bottom:0;\">\n\t\t\t\t<rs-module id=\"rev_slider_9_2\" style=\"\" data-version=\"6.7.37\">\n\t\t\t\t\t<rs-slides style=\"overflow: hidden; position: absolute;\">\n\t\t\t\t\t\t<rs-slide style=\"position: absolute;\" data-key=\"rs-11\" data-title=\"Slide\" data-anim=\"adpr:false;\" data-in=\"o:0;\" data-out=\"a:false;\">\n\t\t\t\t\t\t\t<img decoding=\"async\" src=\"\/\/cafecampeiro.com.br\/wp-content\/plugins\/revslider\/sr6\/assets\/assets\/dummy.png\" alt=\"Slide\" title=\"Quem somos\" class=\"rev-slidebg tp-rs-img rs-lazyload\" data-lazyload=\"\/\/cafecampeiro.com.br\/wp-content\/plugins\/revslider\/sr6\/assets\/assets\/transparent.png\" data-no-retina>\n<!--\n\t\t\t\t\t\t\t--><rs-layer\n\t\t\t\t\t\t\t\tid=\"slider-9-slide-11-layer-0\" \n\t\t\t\t\t\t\t\tdata-type=\"image\"\n\t\t\t\t\t\t\t\tdata-rsp_ch=\"on\"\n\t\t\t\t\t\t\t\tdata-xy=\"x:94px;y:3px;\"\n\t\t\t\t\t\t\t\tdata-text=\"w:normal;\"\n\t\t\t\t\t\t\t\tdata-dim=\"w:878px;h:540px;\"\n\t\t\t\t\t\t\t\tdata-frame_999=\"o:0;st:w;\"\n\t\t\t\t\t\t\t\tstyle=\"z-index:5;\"\n\t\t\t\t\t\t\t><img decoding=\"async\" src=\"\/\/cafecampeiro.com.br\/wp-content\/plugins\/revslider\/sr6\/assets\/assets\/dummy.png\" alt=\"\" class=\"tp-rs-img rs-lazyload\" width=\"878\" height=\"540\" data-lazyload=\"\/\/cafecampeiro.com.br\/wp-content\/uploads\/2022\/07\/Torra1.png\" data-no-retina> \n\t\t\t\t\t\t\t<\/rs-layer><!--\n-->\t\t\t\t\t<\/rs-slide>\n\t\t\t\t\t\t<rs-slide style=\"position: absolute;\" data-key=\"rs-14\" data-title=\"Slide\" data-anim=\"adpr:false;\" data-in=\"o:0;\" data-out=\"a:false;\">\n\t\t\t\t\t\t\t<img decoding=\"async\" src=\"\/\/cafecampeiro.com.br\/wp-content\/plugins\/revslider\/sr6\/assets\/assets\/dummy.png\" alt=\"Slide\" title=\"Quem somos\" class=\"rev-slidebg tp-rs-img rs-lazyload\" data-lazyload=\"\/\/cafecampeiro.com.br\/wp-content\/plugins\/revslider\/sr6\/assets\/assets\/transparent.png\" data-no-retina>\n<!--\n\t\t\t\t\t\t\t--><rs-layer\n\t\t\t\t\t\t\t\tid=\"slider-9-slide-14-layer-0\" \n\t\t\t\t\t\t\t\tdata-type=\"image\"\n\t\t\t\t\t\t\t\tdata-rsp_ch=\"on\"\n\t\t\t\t\t\t\t\tdata-xy=\"x:94px;y:3px;\"\n\t\t\t\t\t\t\t\tdata-text=\"w:normal;\"\n\t\t\t\t\t\t\t\tdata-dim=\"w:878px;h:540px;\"\n\t\t\t\t\t\t\t\tdata-frame_999=\"o:0;st:w;\"\n\t\t\t\t\t\t\t\tstyle=\"z-index:5;\"\n\t\t\t\t\t\t\t><img decoding=\"async\" src=\"\/\/cafecampeiro.com.br\/wp-content\/plugins\/revslider\/sr6\/assets\/assets\/dummy.png\" alt=\"\" class=\"tp-rs-img rs-lazyload\" width=\"878\" height=\"540\" data-lazyload=\"\/\/cafecampeiro.com.br\/wp-content\/uploads\/2022\/07\/Torra2.png\" data-no-retina> \n\t\t\t\t\t\t\t<\/rs-layer><!--\n-->\t\t\t\t\t<\/rs-slide>\n\t\t\t\t\t\t<rs-slide style=\"position: absolute;\" data-key=\"rs-15\" data-title=\"Slide\" data-anim=\"adpr:false;\" data-in=\"o:0;\" data-out=\"a:false;\">\n\t\t\t\t\t\t\t<img decoding=\"async\" src=\"\/\/cafecampeiro.com.br\/wp-content\/plugins\/revslider\/sr6\/assets\/assets\/dummy.png\" alt=\"Slide\" title=\"Quem somos\" class=\"rev-slidebg tp-rs-img rs-lazyload\" data-lazyload=\"\/\/cafecampeiro.com.br\/wp-content\/plugins\/revslider\/sr6\/assets\/assets\/transparent.png\" data-no-retina>\n<!--\n\t\t\t\t\t\t\t--><rs-layer\n\t\t\t\t\t\t\t\tid=\"slider-9-slide-15-layer-0\" \n\t\t\t\t\t\t\t\tdata-type=\"image\"\n\t\t\t\t\t\t\t\tdata-rsp_ch=\"on\"\n\t\t\t\t\t\t\t\tdata-xy=\"x:94px;y:3px;\"\n\t\t\t\t\t\t\t\tdata-text=\"w:normal;\"\n\t\t\t\t\t\t\t\tdata-dim=\"w:878px;h:540px;\"\n\t\t\t\t\t\t\t\tdata-frame_999=\"o:0;st:w;\"\n\t\t\t\t\t\t\t\tstyle=\"z-index:5;\"\n\t\t\t\t\t\t\t><img decoding=\"async\" src=\"\/\/cafecampeiro.com.br\/wp-content\/plugins\/revslider\/sr6\/assets\/assets\/dummy.png\" alt=\"\" class=\"tp-rs-img rs-lazyload\" width=\"878\" height=\"540\" data-lazyload=\"\/\/cafecampeiro.com.br\/wp-content\/uploads\/2022\/07\/Torra3.png\" data-no-retina> \n\t\t\t\t\t\t\t<\/rs-layer><!--\n-->\t\t\t\t\t<\/rs-slide>\n\t\t\t\t\t<\/rs-slides>\n\t\t\t\t<\/rs-module>\n\t\t\t\t<script data-jetpack-boost=\"ignore\">\n\t\t\t\t\tsetREVStartSize({c: 'rev_slider_9_2',rl:[1240,1024,778,480],el:[600],gw:[1060],gh:[600],type:'carousel',justify:'',layout:'fullwidth',mh:\"0\"});if (window.RS_MODULES!==undefined && window.RS_MODULES.modules!==undefined && window.RS_MODULES.modules[\"revslider92\"]!==undefined) {window.RS_MODULES.modules[\"revslider92\"].once = false;window.revapi9 = undefined;if (window.RS_MODULES.checkMinimal!==undefined) window.RS_MODULES.checkMinimal()}\n\t\t\t\t<\/script>\n\t\t\t<\/rs-module-wrap>\n\t\t\t<!-- END REVOLUTION SLIDER -->\n<p style=\"font-size: 25px;color: #333333;line-height: 45px\" class=\"vc_custom_heading mobile-p vc_custom_1661180835398 align-left\" >Ou seja, t\u00e3o importante quanto escolher um bom lote de caf\u00e9, \u00e9 torr\u00e1-lo de maneira correta e minuciosa. Para isso, contamos com a mais alta tecnologia e com o trabalho especializado de torradores com queimadores de micro-chama, que proporcionam ajustes precisos de temperatura no momento da torra.<\/p><\/div><\/div><\/div><div data-vc-full-width=\"true\" data-vc-full-width-init=\"false\" data-vc-stretch-content=\"true\" class=\"vc_row wpb_row row top-row linha-quem-somos vc_row-no-padding\"><div class=\"vc_column_container col-md-12\"><div class=\"wpb_wrapper vc_column-inner\"><h3 style=\"font-size: 25px;color: #ede3c1;text-align: center;font-weight:600\" class=\"vc_custom_heading mobile-p vc_custom_1661180857549\" >O resultado de tudo isso \u00e9 um Caf\u00e9 Campeiro com sabor inigual\u00e1vel na sua x\u00edcara!<\/h3><\/div><\/div><\/div><div class=\"vc_row-full-width vc_clearfix\"><\/div><div class=\"vc_row wpb_row row top-row\"><div class=\"vc_column_container col-md-12\"><div class=\"wpb_wrapper vc_column-inner\">\r\n\t<div class=\"wpb_single_image wpb_content_element vc_align_center  vc_custom_1661175440799\">\r\n\t\t<div class=\"wpb_wrapper\">\r\n\t\t\t\r\n\t\t\t<div class=\"vc_single_image-wrapper   vc_box_border_grey\"><img loading=\"lazy\" decoding=\"async\" width=\"90\" height=\"31\" src=\"https:\/\/cafecampeiro.com.br\/wp-content\/uploads\/2022\/08\/detalhe-ig-qs.png\" class=\"vc_single_image-img attachment-full\" alt=\"\" title=\"detalhe-ig-qs\" \/><\/div>\r\n\t\t<\/div>\r\n\t<\/div>\r\n<h5 style=\"font-size: 60px;color: #284432;line-height: 73px;text-align: center;font-family:Merriweather;font-weight:700;font-style:normal\" class=\"vc_custom_heading mobile-t h3-ajuste vc_custom_1661333090585\" >Caf\u00e9 Especial?<\/h5><p style=\"font-size: 25px;color: #333333;line-height: 45px;text-align: center\" class=\"vc_custom_heading mobile-p vc_custom_1661333221810\" >Ao contr\u00e1rio do que muitos pensam, o caf\u00e9 especial n\u00e3o recebe este adjetivo por mero<br \/>\ncapricho ou para nomear alguns tipos de caf\u00e9s.<\/p><\/div><\/div><\/div><div class=\"vc_row wpb_row row top-row box-piramide vc_custom_1660827003802\"><div class=\"vc_column_container col-md-12 vc_custom_1657654816085\"><div class=\"wpb_wrapper vc_column-inner\"><div class=\"porto-u-heading  wpb_custom_13861a7d517bfd70aa1105dab4ddf5f9 porto-u-55ca8359258f9a412be7e73af65d2aac\"><div class=\"porto-u-main-heading\"><h3   style=\"color:#cb7e56;\">Curiosidade<\/h3><\/div><style>.porto-u-55ca8359258f9a412be7e73af65d2aac.porto-u-heading{text-align:center}<\/style><\/div><p style=\"font-size: 25px;color: #333333;line-height: 35px;text-align: center\" class=\"vc_custom_heading mobile-p vc_custom_1661180897076\" >Caf\u00e9 especial \u00e9 uma defini\u00e7\u00e3o t\u00e9cnica que representa<br \/>\numa qualidade acima dos caf\u00e9s gourmets<\/p>\r\n\t<div class=\"wpb_single_image wpb_content_element vc_align_left   piramide\">\r\n\t\t<div class=\"wpb_wrapper\">\r\n\t\t\t\r\n\t\t\t<div class=\"vc_single_image-wrapper   vc_box_border_grey\"><img loading=\"lazy\" decoding=\"async\" width=\"915\" height=\"544\" src=\"https:\/\/cafecampeiro.com.br\/wp-content\/uploads\/2022\/08\/piramine-campeiro.png\" class=\"vc_single_image-img attachment-full\" alt=\"\" title=\"piramine-campeiro\" srcset=\"https:\/\/cafecampeiro.com.br\/wp-content\/uploads\/2022\/08\/piramine-campeiro.png 915w, https:\/\/cafecampeiro.com.br\/wp-content\/uploads\/2022\/08\/piramine-campeiro-630x375.png 630w, https:\/\/cafecampeiro.com.br\/wp-content\/uploads\/2022\/08\/piramine-campeiro-768x457.png 768w, https:\/\/cafecampeiro.com.br\/wp-content\/uploads\/2022\/08\/piramine-campeiro-320x190.png 320w, https:\/\/cafecampeiro.com.br\/wp-content\/uploads\/2022\/08\/piramine-campeiro-480x285.png 480w, https:\/\/cafecampeiro.com.br\/wp-content\/uploads\/2022\/08\/piramine-campeiro-800x476.png 800w, https:\/\/cafecampeiro.com.br\/wp-content\/uploads\/2022\/08\/piramine-campeiro-640x381.png 640w, https:\/\/cafecampeiro.com.br\/wp-content\/uploads\/2022\/08\/piramine-campeiro-400x238.png 400w\" sizes=\"auto, (max-width: 915px) 100vw, 915px\" \/><\/div>\r\n\t\t<\/div>\r\n\t<\/div>\r\n<\/div><\/div><\/div><div class=\"vc_row wpb_row row top-row vc_custom_1657654694676\"><div class=\"vc_column_container col-md-12\"><div class=\"wpb_wrapper vc_column-inner\"><div class=\"porto-u-heading titulo-poppins  wpb_custom_0f170d5fe34a7f799d02b667faefa4e5 porto-u-55ca8359258f9a412be7e73af65d2aac\"><div class=\"porto-u-main-heading\"><h3   style=\"color:#284432;margin-bottom: 50px;\">Vamos conhecer melhor como funciona?<\/h3><\/div><style>.porto-u-55ca8359258f9a412be7e73af65d2aac.porto-u-heading{text-align:center}<\/style><\/div><\/div><\/div><\/div><div class=\"vc_row wpb_row row top-row como-funciona-qs\"><div class=\"vc_column_container col-md-3\"><div class=\"wpb_wrapper vc_column-inner\">\r\n\t<div class=\"wpb_single_image wpb_content_element vc_align_left\">\r\n\t\t<div class=\"wpb_wrapper\">\r\n\t\t\t\r\n\t\t\t<div class=\"vc_single_image-wrapper   vc_box_border_grey\"><img loading=\"lazy\" decoding=\"async\" width=\"420\" height=\"574\" src=\"https:\/\/cafecampeiro.com.br\/wp-content\/uploads\/2022\/07\/Knutsen-1.png\" class=\"vc_single_image-img attachment-full\" alt=\"\" title=\"Knutsen (1)\" srcset=\"https:\/\/cafecampeiro.com.br\/wp-content\/uploads\/2022\/07\/Knutsen-1.png 420w, https:\/\/cafecampeiro.com.br\/wp-content\/uploads\/2022\/07\/Knutsen-1-400x547.png 400w\" sizes=\"auto, (max-width: 420px) 100vw, 420px\" \/><\/div>\r\n\t\t<\/div>\r\n\t<\/div>\r\n<\/div><\/div><div class=\"vc_column_container col-md-9 vc_custom_1657655479097\"><div class=\"wpb_wrapper vc_column-inner\"><div class=\"porto-u-heading titulo-poppins  wpb_custom_13861a7d517bfd70aa1105dab4ddf5f9 porto-u-ad87e2eaf3f9c495180fe0156ddf3eb0\"><div class=\"porto-u-main-heading\"><h3   style=\"color:#284432;\">Origem<\/h3><\/div><style>.porto-u-ad87e2eaf3f9c495180fe0156ddf3eb0.porto-u-heading{text-align:left}<\/style><\/div><p style=\"font-size: 25px;color: #333333;line-height: 45px\" class=\"vc_custom_heading mobile-p align-left\" >A Specialty Association of America (SCAA) surgiu em 1982 e uma das suas fundadoras, Erna Knutsen (foto), foi a primeira mulher dos EUA a trabalhar como provadora de caf\u00e9 e foi a respons\u00e1vel por usar o termo specialty coffees (caf\u00e9s de especialidade) pela primeira vez, em 1974, ao se referir a pequenos lotes de caf\u00e9s muito mais saborosos de produtores menores, em compara\u00e7\u00e3o aos de grandes fazendas.<\/p><p style=\"font-size: 25px;color: #333333;line-height: 45px\" class=\"vc_custom_heading mobile-p vc_custom_1661180921354 align-left\" >O termo rapidamente se popularizou pelo mundo, mas no Brasil, a sua varia\u00e7\u00e3o para \u201ccaf\u00e9 especial\u201d foi quem ganhou mais espa\u00e7o e solidez.<\/p><\/div><\/div><\/div><div class=\"vc_row wpb_row row top-row como-funciona-qs vc_custom_1661332960324\"><div class=\"vc_column_container col-md-3\"><div class=\"wpb_wrapper vc_column-inner\">\r\n\t<div class=\"wpb_single_image wpb_content_element vc_align_center\">\r\n\t\t<div class=\"wpb_wrapper\">\r\n\t\t\t\r\n\t\t\t<div class=\"vc_single_image-wrapper   vc_box_border_grey\"><img loading=\"lazy\" decoding=\"async\" width=\"420\" height=\"760\" src=\"https:\/\/cafecampeiro.com.br\/wp-content\/uploads\/2022\/07\/close-up-of-processed.png\" class=\"vc_single_image-img attachment-full\" alt=\"\" title=\"close-up-of-processed\" srcset=\"https:\/\/cafecampeiro.com.br\/wp-content\/uploads\/2022\/07\/close-up-of-processed.png 420w, https:\/\/cafecampeiro.com.br\/wp-content\/uploads\/2022\/07\/close-up-of-processed-400x724.png 400w\" sizes=\"auto, (max-width: 420px) 100vw, 420px\" \/><\/div>\r\n\t\t<\/div>\r\n\t<\/div>\r\n<\/div><\/div><div class=\"vc_column_container col-md-9 vc_custom_1657655479097\"><div class=\"wpb_wrapper vc_column-inner\"><div class=\"porto-u-heading titulo-poppins  wpb_custom_13861a7d517bfd70aa1105dab4ddf5f9 porto-u-ad87e2eaf3f9c495180fe0156ddf3eb0\"><div class=\"porto-u-main-heading\"><h3   style=\"color:#284432;\">SCA: Specialty Coffee Association<\/h3><\/div><style>.porto-u-ad87e2eaf3f9c495180fe0156ddf3eb0.porto-u-heading{text-align:left}<\/style><\/div><p style=\"font-size: 25px;color: #333333;line-height: 45px\" class=\"vc_custom_heading mobile-p align-left\" >Desde a sua cria\u00e7\u00e3o, a SCAA voltou os seus trabalhos para o desenvolvimento de uma classifica\u00e7\u00e3o para caf\u00e9s de maior complexidade sensorial.<\/p><p style=\"font-size: 25px;color: #333333;line-height: 45px\" class=\"vc_custom_heading mobile-p align-left\" >Com a pesquisa de cientistas do caf\u00e9 (das \u00e1reas qu\u00edmica, f\u00edsica e agronomia), a investiga\u00e7\u00e3o resultou em formul\u00e1rios e protocolos de avalia\u00e7\u00e3o de caf\u00e9s com escalas de pontua\u00e7\u00f5es. Al\u00e9m disso, o Q-Grader foi definido como o profissional respons\u00e1vel pela emiss\u00e3o dos laudos atestando essas pontua\u00e7\u00f5es.<\/p><p style=\"font-size: 25px;color: #333333;line-height: 45px\" class=\"vc_custom_heading mobile-p align-left\" >Em 2017 a SCAA se fundiu com a SCAE (Speciality Coffee Association of Europe) e se tornou a SCA, mantendo os objetivos principais de desenvolver educa\u00e7\u00e3o, padr\u00f5es e melhores pr\u00e1ticas que formam a base do com\u00e9rcio de caf\u00e9s especiais.<\/p><\/div><\/div><\/div><div class=\"vc_row wpb_row row top-row como-funciona-qs vc_custom_1661332970614\"><div class=\"vc_column_container col-md-3\"><div class=\"wpb_wrapper vc_column-inner\">\r\n\t<div class=\"wpb_single_image wpb_content_element vc_align_center\">\r\n\t\t<div class=\"wpb_wrapper\">\r\n\t\t\t\r\n\t\t\t<div class=\"vc_single_image-wrapper   vc_box_border_grey\"><img loading=\"lazy\" decoding=\"async\" width=\"420\" height=\"490\" src=\"https:\/\/cafecampeiro.com.br\/wp-content\/uploads\/2022\/07\/bsca.png\" class=\"vc_single_image-img attachment-full\" alt=\"\" title=\"bsca\" srcset=\"https:\/\/cafecampeiro.com.br\/wp-content\/uploads\/2022\/07\/bsca.png 420w, https:\/\/cafecampeiro.com.br\/wp-content\/uploads\/2022\/07\/bsca-400x467.png 400w\" sizes=\"auto, (max-width: 420px) 100vw, 420px\" \/><\/div>\r\n\t\t<\/div>\r\n\t<\/div>\r\n<\/div><\/div><div class=\"vc_column_container col-md-9 vc_custom_1657655479097\"><div class=\"wpb_wrapper vc_column-inner\"><div class=\"porto-u-heading titulo-poppins  wpb_custom_13861a7d517bfd70aa1105dab4ddf5f9 porto-u-ad87e2eaf3f9c495180fe0156ddf3eb0\"><div class=\"porto-u-main-heading\"><h3   style=\"color:#284432;\">BSCA: Associa\u00e7\u00e3o Brasileira de Caf\u00e9s Especiais<\/h3><\/div><style>.porto-u-ad87e2eaf3f9c495180fe0156ddf3eb0.porto-u-heading{text-align:left}<\/style><\/div><p style=\"font-size: 25px;color: #333333;line-height: 45px\" class=\"vc_custom_heading mobile-p align-left\" >A Associa\u00e7\u00e3o Brasileira de Caf\u00e9s Especiais (BSCA, sigla em ingl\u00eas), foi fundada em 1991 e ajuda a difundir o aprimoramento t\u00e9cnico em toda a cadeia produtiva e de comercializa\u00e7\u00e3o do caf\u00e9.<\/p><p style=\"font-size: 25px;color: #333333;line-height: 45px\" class=\"vc_custom_heading mobile-p align-left\" >Al\u00e9m disso, atrav\u00e9s de programas, projetos e parcerias com entidades p\u00fablicas, privadas, nacionais e internacionais, promove a preserva\u00e7\u00e3o ambiental e o desenvolvimento sustent\u00e1vel.<\/p><\/div><\/div><\/div><div class=\"vc_row wpb_row row top-row definicao-quem-somos vc_custom_1660829631823 vc_row-has-fill\"><div class=\"vc_column_container col-md-12 vc_custom_1661175568838\"><div class=\"wpb_wrapper vc_column-inner\"><div class=\"porto-u-heading  wpb_custom_13861a7d517bfd70aa1105dab4ddf5f9 porto-u-55ca8359258f9a412be7e73af65d2aac\"><div class=\"porto-u-main-heading\"><h3   style=\"color:#cb7e56;\">A defini\u00e7\u00e3o de caf\u00e9 especial para a BSCA:<\/h3><\/div><style>.porto-u-55ca8359258f9a412be7e73af65d2aac.porto-u-heading{text-align:center}<\/style><\/div><p style=\"font-size: 25px;color: #333333;line-height: 35px;text-align: center\" class=\"vc_custom_heading mobile-p vc_custom_1663022207199\" >S\u00e3o gr\u00e3os isentos de impurezas e defeitos que possuem atributos<br \/>\nsensoriais diferenciados. Estes atributos, que incluem bebida limpa e<br \/>\ndoce, corpo e acidez equilibrados, qualificam sua bebida acima dos<br \/>\n80 pontos na an\u00e1lise sensorial.<\/p><p style=\"font-size: 20px;color: #333333;line-height: 35px;text-align: center\" class=\"vc_custom_heading vc_custom_1661175057158\" >Fonte: BSCA.<\/p><\/div><\/div><\/div><div class=\"vc_row wpb_row row top-row\"><div class=\"vc_column_container col-md-12\"><div class=\"wpb_wrapper vc_column-inner\">\r\n\t<div class=\"wpb_single_image wpb_content_element vc_align_center  vc_custom_1661174805101\">\r\n\t\t<div class=\"wpb_wrapper\">\r\n\t\t\t\r\n\t\t\t<div class=\"vc_single_image-wrapper   vc_box_border_grey\"><img loading=\"lazy\" decoding=\"async\" width=\"90\" height=\"31\" src=\"https:\/\/cafecampeiro.com.br\/wp-content\/uploads\/2022\/08\/detalhe-ig-qs.png\" class=\"vc_single_image-img attachment-full\" alt=\"\" title=\"detalhe-ig-qs\" \/><\/div>\r\n\t\t<\/div>\r\n\t<\/div>\r\n<h5 style=\"font-size: 60px;color: #284432;line-height: 73px;text-align: center;font-family:Merriweather;font-weight:700;font-style:normal\" class=\"vc_custom_heading mobile-t h3-ajuste\" >Caf\u00e9 Campeiro:<br \/>\nqualidade especial e artesanal<\/h5><\/div><\/div><\/div><div class=\"vc_row wpb_row row top-row vc_custom_1657655762774\"><div class=\"vc_column_container col-md-6\"><div class=\"wpb_wrapper vc_column-inner\">\r\n\t<div class=\"wpb_single_image wpb_content_element vc_align_center\">\r\n\t\t<div class=\"wpb_wrapper\">\r\n\t\t\t\r\n\t\t\t<div class=\"vc_single_image-wrapper   vc_box_border_grey\"><img loading=\"lazy\" decoding=\"async\" width=\"570\" height=\"570\" src=\"https:\/\/cafecampeiro.com.br\/wp-content\/uploads\/2022\/08\/qualidade-especial-e-artesanal.png\" class=\"vc_single_image-img attachment-full\" alt=\"\" title=\"qualidade-especial-e-artesanal\" srcset=\"https:\/\/cafecampeiro.com.br\/wp-content\/uploads\/2022\/08\/qualidade-especial-e-artesanal.png 570w, https:\/\/cafecampeiro.com.br\/wp-content\/uploads\/2022\/08\/qualidade-especial-e-artesanal-320x320.png 320w, https:\/\/cafecampeiro.com.br\/wp-content\/uploads\/2022\/08\/qualidade-especial-e-artesanal-480x480.png 480w, https:\/\/cafecampeiro.com.br\/wp-content\/uploads\/2022\/08\/qualidade-especial-e-artesanal-400x400.png 400w\" sizes=\"auto, (max-width: 570px) 100vw, 570px\" \/><\/div>\r\n\t\t<\/div>\r\n\t<\/div>\r\n<\/div><\/div><div class=\"vc_column_container col-md-6 vc_custom_1657655479097\"><div class=\"wpb_wrapper vc_column-inner\"><p style=\"font-size: 25px;color: #333333;line-height: 45px\" class=\"vc_custom_heading mobile-p vc_custom_1661180976154 align-left\" >Ao contr\u00e1rio do que muitos pensam, o caf\u00e9 especial n\u00e3o recebe este adjetivo por mero capricho ou para nomear alguns tipos de caf\u00e9s.<\/p><p style=\"font-size: 25px;color: #333333;line-height: 45px\" class=\"vc_custom_heading mobile-p vc_custom_1661180981852 align-left\" >As safras frescas s\u00e3o escolhidas criteriosamente por crit\u00e9rios de sazonalidade e avalia\u00e7\u00f5es dos gr\u00e3os crus, al\u00e9m de an\u00e1lises tensoriais realizadas pelo nosso mestre de torras e testes dos nossos baristas.<\/p><\/div><\/div><\/div><div data-vc-full-width=\"true\" data-vc-full-width-init=\"false\" data-vc-stretch-content=\"true\" class=\"vc_row wpb_row row top-row vc_custom_1664223512319 vc_row-has-fill vc_row-no-padding\"><div class=\"vc_column_container col-md-12\"><div class=\"wpb_wrapper vc_column-inner\"><h4 style=\"font-size: 25px;color: #ede3c1;line-height: 35px;text-align: center;font-weight:700\" class=\"vc_custom_heading mobile-p vc_custom_1661180999046\" >Seguran\u00e7a e confiabilidade: fornecemos somente caf\u00e9s<br \/>\nde membros verificados pela BSCA.<\/h4><\/div><\/div><\/div><div class=\"vc_row-full-width vc_clearfix\"><\/div><div class=\"vc_row wpb_row row top-row\"><div class=\"vc_column_container col-md-12\"><div class=\"wpb_wrapper vc_column-inner\">\r\n\t<div class=\"wpb_single_image wpb_content_element vc_align_center  vc_custom_1657658220900\">\r\n\t\t<div class=\"wpb_wrapper\">\r\n\t\t\t\r\n\t\t\t<div class=\"vc_single_image-wrapper   vc_box_border_grey\"><img loading=\"lazy\" decoding=\"async\" width=\"734\" height=\"473\" src=\"https:\/\/cafecampeiro.com.br\/wp-content\/uploads\/2022\/07\/rasteiro.png\" class=\"vc_single_image-img attachment-full\" alt=\"\" title=\"rasteiro\" srcset=\"https:\/\/cafecampeiro.com.br\/wp-content\/uploads\/2022\/07\/rasteiro.png 734w, https:\/\/cafecampeiro.com.br\/wp-content\/uploads\/2022\/07\/rasteiro-630x406.png 630w, https:\/\/cafecampeiro.com.br\/wp-content\/uploads\/2022\/07\/rasteiro-600x387.png 600w, https:\/\/cafecampeiro.com.br\/wp-content\/uploads\/2022\/07\/rasteiro-640x412.png 640w, https:\/\/cafecampeiro.com.br\/wp-content\/uploads\/2022\/07\/rasteiro-400x258.png 400w\" sizes=\"auto, (max-width: 734px) 100vw, 734px\" \/><\/div>\r\n\t\t<\/div>\r\n\t<\/div>\r\n<\/div><\/div><\/div><div class=\"vc_row wpb_row row top-row box-texto-qs vc_custom_1661173949817\"><div class=\"vc_column_container col-md-12\"><div class=\"wpb_wrapper vc_column-inner\"><p style=\"font-size: 30px;color: #284432;line-height: 40px;font-weight:700\" class=\"vc_custom_heading mobile-p align-left\" >O trabalho n\u00e3o para aqui!<\/p><p style=\"font-size: 25px;color: #333333;line-height: 45px\" class=\"vc_custom_heading mobile-p align-left\" >Para o Caf\u00e9 Campeiro, qualidade est\u00e1 acima de quantidade, por isso, nossos gr\u00e3os s\u00e3o torrados e mo\u00eddos sob demanda, ap\u00f3s analisar:<\/p>\n\t<div class=\"wpb_text_column wpb_content_element mobile-p lista-qs\" >\n\t\t<div class=\"wpb_wrapper\">\n\t\t\t<p><img loading=\"lazy\" decoding=\"async\" class=\"alignnone size-full wp-image-2825\" src=\"http:\/\/cafecampeiro.com.br\/wp-content\/uploads\/2022\/08\/icone-qs.png\" alt=\"\" width=\"24\" height=\"24\" \/> Como o gr\u00e3o vai se comportar ao longo do tempo<br \/>\n<img loading=\"lazy\" decoding=\"async\" class=\"alignnone size-full wp-image-2825\" src=\"http:\/\/cafecampeiro.com.br\/wp-content\/uploads\/2022\/08\/icone-qs.png\" alt=\"\" width=\"24\" height=\"24\" \/> Qual a sua estabilidade sensorial<br \/>\n<img loading=\"lazy\" decoding=\"async\" class=\"alignnone size-full wp-image-2825\" src=\"http:\/\/cafecampeiro.com.br\/wp-content\/uploads\/2022\/08\/icone-qs.png\" alt=\"\" width=\"24\" height=\"24\" \/> Como ele se comporta com diferentes perfis de torra<\/p>\n\n\t\t<\/div>\n\t<\/div>\n<p style=\"font-size: 25px;color: #333333;line-height: 45px\" class=\"vc_custom_heading mobile-p align-left\" >E, assim, chegamos com muito conhecimento, aten\u00e7\u00e3o aos detalhes e rigor ao m\u00e1ximo potencial de cada gr\u00e3o, oferecendo toda a dedica\u00e7\u00e3o artesanal ao resultado que vai para a sua mesa.<br \/>\nPor isso, quando falamos em caf\u00e9 fresco chegando \u00e0 sua casa, n\u00e3o \u00e9 exagero!<\/p><\/div><\/div><\/div><div class=\"vc_row wpb_row row top-row\"><div class=\"vc_column_container col-md-12\"><div class=\"wpb_wrapper vc_column-inner\">\r\n\t<div class=\"wpb_single_image wpb_content_element vc_align_center\">\r\n\t\t<div class=\"wpb_wrapper\">\r\n\t\t\t\r\n\t\t\t<div class=\"vc_single_image-wrapper   vc_box_border_grey\"><img loading=\"lazy\" decoding=\"async\" width=\"90\" height=\"31\" src=\"https:\/\/cafecampeiro.com.br\/wp-content\/uploads\/2022\/08\/detalhe-ig-qs.png\" class=\"vc_single_image-img attachment-full\" alt=\"\" title=\"detalhe-ig-qs\" \/><\/div>\r\n\t\t<\/div>\r\n\t<\/div>\r\n<\/div><\/div><\/div><div class=\"vc_row wpb_row row top-row\"><div class=\"vc_column_container col-md-12\"><div class=\"wpb_wrapper vc_column-inner\"><h5 style=\"font-size: 60px;color: #284432;line-height: 73px;text-align: center;font-family:Merriweather;font-weight:700;font-style:normal\" class=\"vc_custom_heading mobile-t h3-ajuste\" >Experimente todo esse<br \/>\ncarinho e expertise!<\/h5><p style=\"font-size: 30px;color: #284432;line-height: 40px;text-align: center\" class=\"vc_custom_heading mobile-p vc_custom_1661181043563\" >Escolha o seu Caf\u00e9 Campeiro agora<\/p><\/div><\/div><\/div><div class=\"vc_row wpb_row row top-row vc_custom_1661178758602\"><div class=\"vc_column_container col-md-12\"><div class=\"wpb_wrapper vc_column-inner\"><div class=\"vc_btn3-container  btn-laranja btn-size vc_btn3-center\" >\r\n\t<a class=\"vc_general vc_btn3 vc_btn3-size-md vc_btn3-shape-default vc_btn3-style-classic wpb_custom_6687b26f39488ddbb85ddb3c1ce8e111 vc_btn3-color-grey btn\" href=\"https:\/\/cafecampeiro.com.br\/en\/product-category\/cafe\/\" title=\"\">Ver todos os caf\u00e9s<\/a>\t<\/div>\r\n<\/div><\/div><\/div>\n<\/div>","protected":false},"excerpt":{"rendered":"Somos ca\u00e7adores de caf\u00e9 encurtamos a dist\u00e2ncia entre o campo e sua mesa! Para o Caf\u00e9 Campeiro, quanto menos intermedi\u00e1rios no processo, mais o caf\u00e9 chegar\u00e1 fresquinho at\u00e9 voc\u00ea! Nossos caf\u00e9s n\u00e3o s\u00e3o como os comuns encontrados em supermercados.Os nossos ca\u00e7adores buscam pessoalmente o caf\u00e9 na fazenda, mas o processo n\u00e3o acaba aqui. Eles n\u00e3o [...]","protected":false},"author":1,"featured_media":0,"parent":0,"menu_order":0,"comment_status":"closed","ping_status":"closed","template":"","meta":{"footnotes":""},"class_list":["post-976","page","type-page","status-publish","hentry"],"yoast_head":"<!-- This site is optimized with the Yoast SEO plugin v27.3 - https:\/\/yoast.com\/product\/yoast-seo-wordpress\/ -->\n<title>Conhe\u00e7a o Caf\u00e9 Campeiro e todo o processo envolvido em nossos caf\u00e9s especiais.<\/title>\n<meta name=\"description\" content=\"Voc\u00ea sabe o que caracteriza um caf\u00e9 especial? Acesse e confira detalhes dos nossos produtos!\" \/>\n<meta name=\"robots\" content=\"index, follow, max-snippet:-1, max-image-preview:large, max-video-preview:-1\" \/>\n<link rel=\"canonical\" href=\"https:\/\/cafecampeiro.com.br\/en\/quem-somos\/\" \/>\n<meta property=\"og:locale\" content=\"en_US\" \/>\n<meta property=\"og:type\" content=\"article\" \/>\n<meta property=\"og:title\" content=\"Conhe\u00e7a o Caf\u00e9 Campeiro e todo o processo envolvido em nossos caf\u00e9s especiais.\" \/>\n<meta property=\"og:description\" content=\"Voc\u00ea sabe o que caracteriza um caf\u00e9 especial? Acesse e confira detalhes dos nossos produtos!\" \/>\n<meta property=\"og:url\" content=\"https:\/\/cafecampeiro.com.br\/en\/quem-somos\/\" \/>\n<meta property=\"og:site_name\" content=\"Caf\u00e9 Campeiro\" \/>\n<meta property=\"article:modified_time\" content=\"2023-05-31T13:12:01+00:00\" \/>\n<meta property=\"og:image\" content=\"http:\/\/cafecampeiro.com.br\/wp-content\/uploads\/2022\/08\/icone-qs.png\" \/>\n<meta name=\"twitter:card\" content=\"summary_large_image\" \/>\n<meta name=\"twitter:label1\" content=\"Est. reading time\" \/>\n\t<meta name=\"twitter:data1\" content=\"8 minutes\" \/>\n<script type=\"application\/ld+json\" class=\"yoast-schema-graph\">{\"@context\":\"https:\\\/\\\/schema.org\",\"@graph\":[{\"@type\":\"WebPage\",\"@id\":\"https:\\\/\\\/cafecampeiro.com.br\\\/quem-somos\\\/\",\"url\":\"https:\\\/\\\/cafecampeiro.com.br\\\/quem-somos\\\/\",\"name\":\"Conhe\u00e7a o Caf\u00e9 Campeiro e todo o processo envolvido em nossos caf\u00e9s especiais.\",\"isPartOf\":{\"@id\":\"https:\\\/\\\/cafecampeiro.com.br\\\/#website\"},\"primaryImageOfPage\":{\"@id\":\"https:\\\/\\\/cafecampeiro.com.br\\\/quem-somos\\\/#primaryimage\"},\"image\":{\"@id\":\"https:\\\/\\\/cafecampeiro.com.br\\\/quem-somos\\\/#primaryimage\"},\"thumbnailUrl\":\"http:\\\/\\\/cafecampeiro.com.br\\\/wp-content\\\/uploads\\\/2022\\\/08\\\/icone-qs.png\",\"datePublished\":\"2022-07-12T12:41:22+00:00\",\"dateModified\":\"2023-05-31T13:12:01+00:00\",\"description\":\"Voc\u00ea sabe o que caracteriza um caf\u00e9 especial? Acesse e confira detalhes dos nossos produtos!\",\"breadcrumb\":{\"@id\":\"https:\\\/\\\/cafecampeiro.com.br\\\/quem-somos\\\/#breadcrumb\"},\"inLanguage\":\"en-US\",\"potentialAction\":[{\"@type\":\"ReadAction\",\"target\":[\"https:\\\/\\\/cafecampeiro.com.br\\\/quem-somos\\\/\"]}]},{\"@type\":\"ImageObject\",\"inLanguage\":\"en-US\",\"@id\":\"https:\\\/\\\/cafecampeiro.com.br\\\/quem-somos\\\/#primaryimage\",\"url\":\"http:\\\/\\\/cafecampeiro.com.br\\\/wp-content\\\/uploads\\\/2022\\\/08\\\/icone-qs.png\",\"contentUrl\":\"http:\\\/\\\/cafecampeiro.com.br\\\/wp-content\\\/uploads\\\/2022\\\/08\\\/icone-qs.png\"},{\"@type\":\"BreadcrumbList\",\"@id\":\"https:\\\/\\\/cafecampeiro.com.br\\\/quem-somos\\\/#breadcrumb\",\"itemListElement\":[{\"@type\":\"ListItem\",\"position\":1,\"name\":\"In\u00edcio\",\"item\":\"https:\\\/\\\/cafecampeiro.com.br\\\/\"},{\"@type\":\"ListItem\",\"position\":2,\"name\":\"Quem somos\"}]},{\"@type\":\"WebSite\",\"@id\":\"https:\\\/\\\/cafecampeiro.com.br\\\/#website\",\"url\":\"https:\\\/\\\/cafecampeiro.com.br\\\/\",\"name\":\"Caf\u00e9 Campeiro\",\"description\":\"Caf\u00e9 Campeiro\",\"potentialAction\":[{\"@type\":\"SearchAction\",\"target\":{\"@type\":\"EntryPoint\",\"urlTemplate\":\"https:\\\/\\\/cafecampeiro.com.br\\\/?s={search_term_string}\"},\"query-input\":{\"@type\":\"PropertyValueSpecification\",\"valueRequired\":true,\"valueName\":\"search_term_string\"}}],\"inLanguage\":\"en-US\"}]}<\/script>\n<!-- \/ Yoast SEO plugin. -->","yoast_head_json":{"title":"Conhe\u00e7a o Caf\u00e9 Campeiro e todo o processo envolvido em nossos caf\u00e9s especiais.","description":"Voc\u00ea sabe o que caracteriza um caf\u00e9 especial? Acesse e confira detalhes dos nossos produtos!","robots":{"index":"index","follow":"follow","max-snippet":"max-snippet:-1","max-image-preview":"max-image-preview:large","max-video-preview":"max-video-preview:-1"},"canonical":"https:\/\/cafecampeiro.com.br\/en\/quem-somos\/","og_locale":"en_US","og_type":"article","og_title":"Conhe\u00e7a o Caf\u00e9 Campeiro e todo o processo envolvido em nossos caf\u00e9s especiais.","og_description":"Voc\u00ea sabe o que caracteriza um caf\u00e9 especial? Acesse e confira detalhes dos nossos produtos!","og_url":"https:\/\/cafecampeiro.com.br\/en\/quem-somos\/","og_site_name":"Caf\u00e9 Campeiro","article_modified_time":"2023-05-31T13:12:01+00:00","og_image":[{"url":"http:\/\/cafecampeiro.com.br\/wp-content\/uploads\/2022\/08\/icone-qs.png","type":"","width":"","height":""}],"twitter_card":"summary_large_image","twitter_misc":{"Est. reading time":"8 minutes"},"schema":{"@context":"https:\/\/schema.org","@graph":[{"@type":"WebPage","@id":"https:\/\/cafecampeiro.com.br\/quem-somos\/","url":"https:\/\/cafecampeiro.com.br\/quem-somos\/","name":"Conhe\u00e7a o Caf\u00e9 Campeiro e todo o processo envolvido em nossos caf\u00e9s especiais.","isPartOf":{"@id":"https:\/\/cafecampeiro.com.br\/#website"},"primaryImageOfPage":{"@id":"https:\/\/cafecampeiro.com.br\/quem-somos\/#primaryimage"},"image":{"@id":"https:\/\/cafecampeiro.com.br\/quem-somos\/#primaryimage"},"thumbnailUrl":"http:\/\/cafecampeiro.com.br\/wp-content\/uploads\/2022\/08\/icone-qs.png","datePublished":"2022-07-12T12:41:22+00:00","dateModified":"2023-05-31T13:12:01+00:00","description":"Voc\u00ea sabe o que caracteriza um caf\u00e9 especial? Acesse e confira detalhes dos nossos produtos!","breadcrumb":{"@id":"https:\/\/cafecampeiro.com.br\/quem-somos\/#breadcrumb"},"inLanguage":"en-US","potentialAction":[{"@type":"ReadAction","target":["https:\/\/cafecampeiro.com.br\/quem-somos\/"]}]},{"@type":"ImageObject","inLanguage":"en-US","@id":"https:\/\/cafecampeiro.com.br\/quem-somos\/#primaryimage","url":"http:\/\/cafecampeiro.com.br\/wp-content\/uploads\/2022\/08\/icone-qs.png","contentUrl":"http:\/\/cafecampeiro.com.br\/wp-content\/uploads\/2022\/08\/icone-qs.png"},{"@type":"BreadcrumbList","@id":"https:\/\/cafecampeiro.com.br\/quem-somos\/#breadcrumb","itemListElement":[{"@type":"ListItem","position":1,"name":"In\u00edcio","item":"https:\/\/cafecampeiro.com.br\/"},{"@type":"ListItem","position":2,"name":"Quem somos"}]},{"@type":"WebSite","@id":"https:\/\/cafecampeiro.com.br\/#website","url":"https:\/\/cafecampeiro.com.br\/","name":"Caf\u00e9 Campeiro","description":"Caf\u00e9 Campeiro","potentialAction":[{"@type":"SearchAction","target":{"@type":"EntryPoint","urlTemplate":"https:\/\/cafecampeiro.com.br\/?s={search_term_string}"},"query-input":{"@type":"PropertyValueSpecification","valueRequired":true,"valueName":"search_term_string"}}],"inLanguage":"en-US"}]}},"jetpack_sharing_enabled":true,"_links":{"self":[{"href":"https:\/\/cafecampeiro.com.br\/en\/wp-json\/wp\/v2\/pages\/976","targetHints":{"allow":["GET"]}}],"collection":[{"href":"https:\/\/cafecampeiro.com.br\/en\/wp-json\/wp\/v2\/pages"}],"about":[{"href":"https:\/\/cafecampeiro.com.br\/en\/wp-json\/wp\/v2\/types\/page"}],"author":[{"embeddable":true,"href":"https:\/\/cafecampeiro.com.br\/en\/wp-json\/wp\/v2\/users\/1"}],"replies":[{"embeddable":true,"href":"https:\/\/cafecampeiro.com.br\/en\/wp-json\/wp\/v2\/comments?post=976"}],"version-history":[{"count":0,"href":"https:\/\/cafecampeiro.com.br\/en\/wp-json\/wp\/v2\/pages\/976\/revisions"}],"wp:attachment":[{"href":"https:\/\/cafecampeiro.com.br\/en\/wp-json\/wp\/v2\/media?parent=976"}],"curies":[{"name":"wp","href":"https:\/\/api.w.org\/{rel}","templated":true}]}}