{"id":2797,"date":"2022-08-24T06:52:01","date_gmt":"2022-08-24T06:52:01","guid":{"rendered":"https:\/\/cafecampeiro.com.br\/?post_type=product&#038;p=2797"},"modified":"2025-02-25T08:36:16","modified_gmt":"2025-02-25T11:36:16","slug":"combo-degustacao-ecletico","status":"publish","type":"product","link":"https:\/\/cafecampeiro.com.br\/en\/product\/combo-degustacao-ecletico\/","title":{"rendered":"Combo Degusta\u00e7\u00e3o Ecl\u00e9tico"},"content":{"rendered":"<div style=\"display: flex; flex-wrap;width: 100%; align-items: center;\">\n<div style=\"width: 33.33%; padding: 20px;\"><img decoding=\"async\" src=\"http:\/\/cafecampeiro.com.br\/wp-content\/uploads\/2022\/07\/Caixa-Cafe-Campeiro-Classico-02-1.png\" alt=\"Classico\" \/><\/div>\n<div style=\"width: 33.33%; padding: 20px;\">\n<h3>Caf\u00e9 Campeiro Cl\u00e1ssico:<\/h3>\n<p><span style=\"font-weight: 400;\">Notas de caramelo e chocolate com muita do\u00e7ura e acidez equilibrada, al\u00e9m de uma finaliza\u00e7\u00e3o persistente e prazerosa.\u00a0<\/span><\/p>\n<\/div>\n<div style=\"width: 33.33%; padding: 20px;\">\n<h4>Informa\u00e7\u00f5es:<\/h4>\n<p><span style=\"font-weight: 400;\">Regi\u00e3o: Cerrado Mineiro<\/span><\/p>\n<p><span style=\"font-weight: 400;\">Variedade: Mundo Novo<\/span><\/p>\n<p><span style=\"font-weight: 400;\">Processamento: natural<\/span><\/p>\n<p><span style=\"font-weight: 400;\">Altitude: 1200 m<\/span><\/p>\n<p><span style=\"font-weight: 400;\">Esp\u00e9cie: 100% ar\u00e1bica<\/span><\/p>\n<p><span style=\"font-weight: 400;\">Categoria: caf\u00e9 especial<\/span><\/p>\n<p><span style=\"font-weight: 400;\">Torra: m\u00e9dia<\/span><\/p>\n<p><span style=\"font-weight: 400;\">Peso: 200g<\/span><\/p>\n<p>&nbsp;<\/p>\n<\/div>\n<\/div>\n<div style=\"display: flex; flex-wrap;width: 100%; align-items: center;\">\n<div style=\"width: 33.33%; padding: 20px;\"><img decoding=\"async\" src=\"http:\/\/cafecampeiro.com.br\/wp-content\/uploads\/2022\/07\/Caixa-Cafe-Campeiro-Intenso-01-1-1.png\" alt=\"Intenso\" \/><\/div>\n<div style=\"width: 33.33%; padding: 20px;\">\n<h3>Caf\u00e9 Campeiro Intenso:<\/h3>\n<p><span style=\"font-weight: 400;\">Notas de chocolate com alto teor de cacau, do\u00e7ura equilibrada, baixa acidez e um corpo impressionante, com finaliza\u00e7\u00e3o persistente e marcante.<\/span><\/p>\n<\/div>\n<div style=\"width: 33.33%; padding: 20px;\">\n<h4>Informa\u00e7\u00f5es:<\/h4>\n<p><span style=\"font-weight: 400;\">Regi\u00e3o: Cerrado Mineiro<\/span><\/p>\n<p><span style=\"font-weight: 400;\">Variedade: Mundo Novo<\/span><\/p>\n<p><span style=\"font-weight: 400;\">Processamento: natural<\/span><\/p>\n<p><span style=\"font-weight: 400;\">Altitude: 1200 m<\/span><\/p>\n<p><span style=\"font-weight: 400;\">Esp\u00e9cie: 100% ar\u00e1bica<\/span><\/p>\n<p><span style=\"font-weight: 400;\">Categoria: caf\u00e9 especial<\/span><\/p>\n<p><span style=\"font-weight: 400;\">Torra: m\u00e9dia escura<\/span><\/p>\n<p><span style=\"font-weight: 400;\">Peso: 200 g<\/span><\/p>\n<p>&nbsp;<\/p>\n<\/div>\n<\/div>\n<div style=\"display: flex; flex-wrap;width: 100%; align-items: center;\">\n<div style=\"width: 33.33%; padding: 20px;\"><img decoding=\"async\" src=\"http:\/\/cafecampeiro.com.br\/wp-content\/uploads\/2022\/07\/Caixa-Cafe-Campeiro-Pacoca-02-1.png\" alt=\"Pacoca\" \/><\/div>\n<div style=\"width: 33.33%; padding: 20px;\">\n<h3>Caf\u00e9 Pa\u00e7oca:<\/h3>\n<p><span style=\"font-weight: 400;\">As notas de amendoim e a\u00e7\u00facar mascavo presentes neste caf\u00e9 remetem \u00e0 pa\u00e7oca (ou capiro\u00e7ava, como \u00e9 chamada na regi\u00e3o Norte), um doce t\u00edpico da comida caipira do Estado de S\u00e3o Paulo. A sua base \u00e9 composta por amendoim, farinha de mandioca e a\u00e7\u00facar e \u00e9 preparada tradicionalmente nas festas juninas.\u00a0<\/span><\/p>\n<p><span style=\"font-weight: 400;\">Corpo m\u00e9dio e acidez baixa completam este caf\u00e9.<\/span><\/p>\n<\/div>\n<div style=\"width: 33.33%; padding: 20px;\">\n<h4>Informa\u00e7\u00f5es:<\/h4>\n<p><span style=\"font-weight: 400;\">Regi\u00e3o: M\u00e9dia Mogiana<\/span><\/p>\n<p><span style=\"font-weight: 400;\">Variedade: Catua\u00ed Amarelo<\/span><\/p>\n<p><span style=\"font-weight: 400;\">Processamento: natural<\/span><\/p>\n<p><span style=\"font-weight: 400;\">Altitude: 800 m<\/span><\/p>\n<p><span style=\"font-weight: 400;\">Esp\u00e9cie: 100% ar\u00e1bica<\/span><\/p>\n<p><span style=\"font-weight: 400;\">Categoria: caf\u00e9 especial<\/span><\/p>\n<p><span style=\"font-weight: 400;\">Torra: m\u00e9dia<\/span><\/p>\n<p><span style=\"font-weight: 400;\">Peso: 200g<\/span><\/p>\n<p>&nbsp;<\/p>\n<\/div>\n<\/div>\n<div style=\"display: flex; flex-wrap;width: 100%; align-items: center;\">\n<div style=\"width: 33.33%; padding: 20px;\"><img decoding=\"async\" src=\"http:\/\/cafecampeiro.com.br\/wp-content\/uploads\/2022\/07\/Caixa-Cafe-Campeiro-Amendoeira-02-1.png\" alt=\"Amendoeiro\" \/><\/div>\n<div style=\"width: 33.33%; padding: 20px;\">\n<h3>Caf\u00e9 Amendoeira:<\/h3>\n<p><span style=\"font-weight: 400;\">As barras de chocolate com am\u00eandoas j\u00e1 se tornaram um cl\u00e1ssico entre os choc\u00f3latras de plant\u00e3o, n\u00e3o \u00e9 mesmo?! <\/span><\/p>\n<p><span style=\"font-weight: 400;\">Pensando nisso, buscamos este caf\u00e9 &#8211; com notas de chocolate e am\u00eandoas, leve acidez e corpo m\u00e9dio &#8211; pr\u00f3ximo \u00e0 divisa com Minas Gerais, na regi\u00e3o da Alta Mogiana.<\/span><\/p>\n<p><span style=\"font-weight: 400;\">E n\u00e3o para por a\u00ed: o aroma dele \u00e9 um show de sensa\u00e7\u00f5es \u00e0 parte!<\/span><\/p>\n<\/div>\n<div style=\"width: 33.33%; padding: 20px;\">\n<h4>Informa\u00e7\u00f5es:<\/h4>\n<p><span style=\"font-weight: 400;\">Regi\u00e3o: Alta Mogiana<\/span><\/p>\n<p><span style=\"font-weight: 400;\">Variedade: Catua\u00ed Amarelo<\/span><\/p>\n<p><span style=\"font-weight: 400;\">Processamento: natural<\/span><\/p>\n<p><span style=\"font-weight: 400;\">Altitude: 900 m<\/span><\/p>\n<p><span style=\"font-weight: 400;\">Esp\u00e9cie: 100% ar\u00e1bica<\/span><\/p>\n<p><span style=\"font-weight: 400;\">Categoria: caf\u00e9 especial<\/span><\/p>\n<p><span style=\"font-weight: 400;\">Torra: m\u00e9dia<\/span><\/p>\n<p><span style=\"font-weight: 400;\">Peso: 200g<\/span><\/p>\n<p>&nbsp;<\/p>\n<\/div>\n<\/div>\n<div style=\"display: flex; flex-wrap;width: 100%; align-items: center;\">\n<div style=\"width: 33.33%; padding: 20px;\"><img decoding=\"async\" src=\"http:\/\/cafecampeiro.com.br\/wp-content\/uploads\/2022\/07\/Caixa-Cafe-Campeiro-Organico-02-2.png\" alt=\"Organico\" \/><\/div>\n<div style=\"width: 33.33%; padding: 20px;\">\n<h3>Caf\u00e9 Org\u00e2nico:<\/h3>\n<p><span style=\"font-weight: 400;\">A rapadura possui origem a\u00e7oriana ou can\u00e1ria (esses dois arquip\u00e9lagos reivindicam a sua cria\u00e7\u00e3o) e, aqui no Brasil, o doce feito a partir da cana-de-a\u00e7\u00facar \u00e9 muito popular, principalmente na regi\u00e3o Nordeste.\u00a0<\/span><\/p>\n<p><span style=\"font-weight: 400;\">Este caf\u00e9 possui um perfil singular com notas de rapadura, al\u00e9m de um toque de especiarias, acidez m\u00e9dia e bom corpo. E o melhor de tudo: \u00e9 org\u00e2nico e n\u00e3o utiliza agrot\u00f3xicos ou fertilizantes qu\u00edmicos em seu cultivo.<\/span><\/p>\n<\/div>\n<div style=\"width: 33.33%; padding: 20px;\">\n<h4>Informa\u00e7\u00f5es:<\/h4>\n<p><span style=\"font-weight: 400;\">Regi\u00e3o: Alta Mogiana<\/span><\/p>\n<p><span style=\"font-weight: 400;\">Variedade: IPR-100<\/span><\/p>\n<p><span style=\"font-weight: 400;\">Processamento: natural<\/span><\/p>\n<p><span style=\"font-weight: 400;\">Altitude: 1000 m<\/span><\/p>\n<p><span style=\"font-weight: 400;\">Esp\u00e9cie: 100% ar\u00e1bica<\/span><\/p>\n<p><span style=\"font-weight: 400;\">Categoria: caf\u00e9 especial<\/span><\/p>\n<p><span style=\"font-weight: 400;\">Torra: m\u00e9dia<\/span><\/p>\n<p><span style=\"font-weight: 400;\">Peso: 200g<\/span><\/p>\n<p>&nbsp;<\/p>\n<\/div>\n<\/div>","protected":false},"excerpt":{"rendered":"<p><span style=\"font-weight: 400;\">O combo Ecl\u00e9tico \u00e9 perfeito para voc\u00ea que deseja experimentar diferentes caf\u00e9s com ampla variedade sensorial, mas que n\u00e3o abre m\u00e3o daquele cafezinho cl\u00e1ssico do dia a dia que voc\u00ea j\u00e1 conhece.\u00a0<\/span><\/p>\n<p><span style=\"font-weight: 400;\">Nele, voc\u00ea provar\u00e1 os tr\u00eas caf\u00e9s vigentes da linha Caf\u00e9 Campeiro Edi\u00e7\u00f5es, al\u00e9m do caf\u00e9 cl\u00e1ssico e do caf\u00e9 intenso, ambos da linha Campeiro. E tem mais, o valor no combo \u00e9 23% menor se compadarado com a compra avulsa desses caf\u00e9s.<\/span><\/p>\n<p><span style=\"font-weight: 400;\">S\u00e3o quase 60 reais de economia!<\/span><\/p>","protected":false},"featured_media":3117,"comment_status":"open","ping_status":"closed","template":"","meta":[],"product_brand":[],"product_cat":[48],"product_tag":[],"class_list":{"0":"post-2797","1":"product","2":"type-product","3":"status-publish","4":"has-post-thumbnail","6":"product_cat-combos","8":"first","9":"instock","10":"sale","11":"taxable","12":"shipping-taxable","13":"purchasable","14":"product-type-simple"},"yoast_head":"<!-- This site is optimized with the Yoast SEO plugin v27.3 - https:\/\/yoast.com\/product\/yoast-seo-wordpress\/ -->\n<title>Combo Degusta\u00e7\u00e3o Ecl\u00e9tico - Caf\u00e9 Campeiro<\/title>\n<meta name=\"robots\" content=\"index, follow, max-snippet:-1, max-image-preview:large, max-video-preview:-1\" \/>\n<link rel=\"canonical\" href=\"https:\/\/cafecampeiro.com.br\/en\/product\/combo-degustacao-ecletico\/\" \/>\n<meta property=\"og:locale\" content=\"en_US\" \/>\n<meta property=\"og:type\" content=\"article\" \/>\n<meta property=\"og:title\" content=\"Combo Degusta\u00e7\u00e3o Ecl\u00e9tico - Caf\u00e9 Campeiro\" \/>\n<meta property=\"og:description\" content=\"O combo Ecl\u00e9tico \u00e9 perfeito para voc\u00ea que deseja experimentar diferentes caf\u00e9s com ampla variedade sensorial, mas que n\u00e3o abre m\u00e3o daquele cafezinho cl\u00e1ssico do dia a dia que voc\u00ea j\u00e1 conhece.\u00a0  Nele, voc\u00ea provar\u00e1 os tr\u00eas caf\u00e9s vigentes da linha Caf\u00e9 Campeiro Edi\u00e7\u00f5es, al\u00e9m do caf\u00e9 cl\u00e1ssico e do caf\u00e9 intenso, ambos da linha Campeiro. E tem mais, o valor no combo \u00e9 23% menor se compadarado com a compra avulsa desses caf\u00e9s.  S\u00e3o quase 60 reais de economia!\" \/>\n<meta property=\"og:url\" content=\"https:\/\/cafecampeiro.com.br\/en\/product\/combo-degustacao-ecletico\/\" \/>\n<meta property=\"og:site_name\" content=\"Caf\u00e9 Campeiro\" \/>\n<meta property=\"article:modified_time\" content=\"2025-02-25T11:36:16+00:00\" \/>\n<meta property=\"og:image\" content=\"https:\/\/cafecampeiro.com.br\/wp-content\/uploads\/2022\/08\/Caixa-Cafe-Campeiro-Combo-Degustacao-Eclettico-01-2-1-630x630-1.png\" \/>\n\t<meta property=\"og:image:width\" content=\"630\" \/>\n\t<meta property=\"og:image:height\" content=\"630\" \/>\n\t<meta property=\"og:image:type\" content=\"image\/png\" \/>\n<meta name=\"twitter:card\" content=\"summary_large_image\" \/>\n<meta name=\"twitter:label1\" content=\"Est. reading time\" \/>\n\t<meta name=\"twitter:data1\" content=\"4 minutes\" \/>\n<script type=\"application\/ld+json\" class=\"yoast-schema-graph\">{\"@context\":\"https:\\\/\\\/schema.org\",\"@graph\":[{\"@type\":\"WebPage\",\"@id\":\"https:\\\/\\\/cafecampeiro.com.br\\\/product\\\/combo-degustacao-ecletico\\\/\",\"url\":\"https:\\\/\\\/cafecampeiro.com.br\\\/product\\\/combo-degustacao-ecletico\\\/\",\"name\":\"Combo Degusta\u00e7\u00e3o Ecl\u00e9tico - Caf\u00e9 Campeiro\",\"isPartOf\":{\"@id\":\"https:\\\/\\\/cafecampeiro.com.br\\\/#website\"},\"primaryImageOfPage\":{\"@id\":\"https:\\\/\\\/cafecampeiro.com.br\\\/product\\\/combo-degustacao-ecletico\\\/#primaryimage\"},\"image\":{\"@id\":\"https:\\\/\\\/cafecampeiro.com.br\\\/product\\\/combo-degustacao-ecletico\\\/#primaryimage\"},\"thumbnailUrl\":\"https:\\\/\\\/cafecampeiro.com.br\\\/wp-content\\\/uploads\\\/2022\\\/08\\\/Caixa-Cafe-Campeiro-Combo-Degustacao-Eclettico-01-2-1-630x630-1.png\",\"datePublished\":\"2022-08-24T06:52:01+00:00\",\"dateModified\":\"2025-02-25T11:36:16+00:00\",\"breadcrumb\":{\"@id\":\"https:\\\/\\\/cafecampeiro.com.br\\\/product\\\/combo-degustacao-ecletico\\\/#breadcrumb\"},\"inLanguage\":\"en-US\",\"potentialAction\":[{\"@type\":\"ReadAction\",\"target\":[\"https:\\\/\\\/cafecampeiro.com.br\\\/product\\\/combo-degustacao-ecletico\\\/\"]}]},{\"@type\":\"ImageObject\",\"inLanguage\":\"en-US\",\"@id\":\"https:\\\/\\\/cafecampeiro.com.br\\\/product\\\/combo-degustacao-ecletico\\\/#primaryimage\",\"url\":\"https:\\\/\\\/cafecampeiro.com.br\\\/wp-content\\\/uploads\\\/2022\\\/08\\\/Caixa-Cafe-Campeiro-Combo-Degustacao-Eclettico-01-2-1-630x630-1.png\",\"contentUrl\":\"https:\\\/\\\/cafecampeiro.com.br\\\/wp-content\\\/uploads\\\/2022\\\/08\\\/Caixa-Cafe-Campeiro-Combo-Degustacao-Eclettico-01-2-1-630x630-1.png\",\"width\":630,\"height\":630},{\"@type\":\"BreadcrumbList\",\"@id\":\"https:\\\/\\\/cafecampeiro.com.br\\\/product\\\/combo-degustacao-ecletico\\\/#breadcrumb\",\"itemListElement\":[{\"@type\":\"ListItem\",\"position\":1,\"name\":\"In\u00edcio\",\"item\":\"https:\\\/\\\/cafecampeiro.com.br\\\/\"},{\"@type\":\"ListItem\",\"position\":2,\"name\":\"Produtos\",\"item\":\"https:\\\/\\\/cafecampeiro.com.br\\\/shop\\\/\"},{\"@type\":\"ListItem\",\"position\":3,\"name\":\"Combo Degusta\u00e7\u00e3o Ecl\u00e9tico\"}]},{\"@type\":\"WebSite\",\"@id\":\"https:\\\/\\\/cafecampeiro.com.br\\\/#website\",\"url\":\"https:\\\/\\\/cafecampeiro.com.br\\\/\",\"name\":\"Caf\u00e9 Campeiro\",\"description\":\"Caf\u00e9 Campeiro\",\"potentialAction\":[{\"@type\":\"SearchAction\",\"target\":{\"@type\":\"EntryPoint\",\"urlTemplate\":\"https:\\\/\\\/cafecampeiro.com.br\\\/?s={search_term_string}\"},\"query-input\":{\"@type\":\"PropertyValueSpecification\",\"valueRequired\":true,\"valueName\":\"search_term_string\"}}],\"inLanguage\":\"en-US\"}]}<\/script>\n<!-- \/ Yoast SEO plugin. -->","yoast_head_json":{"title":"Combo Degusta\u00e7\u00e3o Ecl\u00e9tico - Caf\u00e9 Campeiro","robots":{"index":"index","follow":"follow","max-snippet":"max-snippet:-1","max-image-preview":"max-image-preview:large","max-video-preview":"max-video-preview:-1"},"canonical":"https:\/\/cafecampeiro.com.br\/en\/product\/combo-degustacao-ecletico\/","og_locale":"en_US","og_type":"article","og_title":"Combo Degusta\u00e7\u00e3o Ecl\u00e9tico - Caf\u00e9 Campeiro","og_description":"O combo Ecl\u00e9tico \u00e9 perfeito para voc\u00ea que deseja experimentar diferentes caf\u00e9s com ampla variedade sensorial, mas que n\u00e3o abre m\u00e3o daquele cafezinho cl\u00e1ssico do dia a dia que voc\u00ea j\u00e1 conhece.\u00a0  Nele, voc\u00ea provar\u00e1 os tr\u00eas caf\u00e9s vigentes da linha Caf\u00e9 Campeiro Edi\u00e7\u00f5es, al\u00e9m do caf\u00e9 cl\u00e1ssico e do caf\u00e9 intenso, ambos da linha Campeiro. E tem mais, o valor no combo \u00e9 23% menor se compadarado com a compra avulsa desses caf\u00e9s.  S\u00e3o quase 60 reais de economia!","og_url":"https:\/\/cafecampeiro.com.br\/en\/product\/combo-degustacao-ecletico\/","og_site_name":"Caf\u00e9 Campeiro","article_modified_time":"2025-02-25T11:36:16+00:00","og_image":[{"width":630,"height":630,"url":"https:\/\/cafecampeiro.com.br\/wp-content\/uploads\/2022\/08\/Caixa-Cafe-Campeiro-Combo-Degustacao-Eclettico-01-2-1-630x630-1.png","type":"image\/png"}],"twitter_card":"summary_large_image","twitter_misc":{"Est. reading time":"4 minutes"},"schema":{"@context":"https:\/\/schema.org","@graph":[{"@type":"WebPage","@id":"https:\/\/cafecampeiro.com.br\/product\/combo-degustacao-ecletico\/","url":"https:\/\/cafecampeiro.com.br\/product\/combo-degustacao-ecletico\/","name":"Combo Degusta\u00e7\u00e3o Ecl\u00e9tico - Caf\u00e9 Campeiro","isPartOf":{"@id":"https:\/\/cafecampeiro.com.br\/#website"},"primaryImageOfPage":{"@id":"https:\/\/cafecampeiro.com.br\/product\/combo-degustacao-ecletico\/#primaryimage"},"image":{"@id":"https:\/\/cafecampeiro.com.br\/product\/combo-degustacao-ecletico\/#primaryimage"},"thumbnailUrl":"https:\/\/cafecampeiro.com.br\/wp-content\/uploads\/2022\/08\/Caixa-Cafe-Campeiro-Combo-Degustacao-Eclettico-01-2-1-630x630-1.png","datePublished":"2022-08-24T06:52:01+00:00","dateModified":"2025-02-25T11:36:16+00:00","breadcrumb":{"@id":"https:\/\/cafecampeiro.com.br\/product\/combo-degustacao-ecletico\/#breadcrumb"},"inLanguage":"en-US","potentialAction":[{"@type":"ReadAction","target":["https:\/\/cafecampeiro.com.br\/product\/combo-degustacao-ecletico\/"]}]},{"@type":"ImageObject","inLanguage":"en-US","@id":"https:\/\/cafecampeiro.com.br\/product\/combo-degustacao-ecletico\/#primaryimage","url":"https:\/\/cafecampeiro.com.br\/wp-content\/uploads\/2022\/08\/Caixa-Cafe-Campeiro-Combo-Degustacao-Eclettico-01-2-1-630x630-1.png","contentUrl":"https:\/\/cafecampeiro.com.br\/wp-content\/uploads\/2022\/08\/Caixa-Cafe-Campeiro-Combo-Degustacao-Eclettico-01-2-1-630x630-1.png","width":630,"height":630},{"@type":"BreadcrumbList","@id":"https:\/\/cafecampeiro.com.br\/product\/combo-degustacao-ecletico\/#breadcrumb","itemListElement":[{"@type":"ListItem","position":1,"name":"In\u00edcio","item":"https:\/\/cafecampeiro.com.br\/"},{"@type":"ListItem","position":2,"name":"Produtos","item":"https:\/\/cafecampeiro.com.br\/shop\/"},{"@type":"ListItem","position":3,"name":"Combo Degusta\u00e7\u00e3o Ecl\u00e9tico"}]},{"@type":"WebSite","@id":"https:\/\/cafecampeiro.com.br\/#website","url":"https:\/\/cafecampeiro.com.br\/","name":"Caf\u00e9 Campeiro","description":"Caf\u00e9 Campeiro","potentialAction":[{"@type":"SearchAction","target":{"@type":"EntryPoint","urlTemplate":"https:\/\/cafecampeiro.com.br\/?s={search_term_string}"},"query-input":{"@type":"PropertyValueSpecification","valueRequired":true,"valueName":"search_term_string"}}],"inLanguage":"en-US"}]}},"jetpack_sharing_enabled":true,"_links":{"self":[{"href":"https:\/\/cafecampeiro.com.br\/en\/wp-json\/wp\/v2\/product\/2797","targetHints":{"allow":["GET"]}}],"collection":[{"href":"https:\/\/cafecampeiro.com.br\/en\/wp-json\/wp\/v2\/product"}],"about":[{"href":"https:\/\/cafecampeiro.com.br\/en\/wp-json\/wp\/v2\/types\/product"}],"replies":[{"embeddable":true,"href":"https:\/\/cafecampeiro.com.br\/en\/wp-json\/wp\/v2\/comments?post=2797"}],"wp:featuredmedia":[{"embeddable":true,"href":"https:\/\/cafecampeiro.com.br\/en\/wp-json\/wp\/v2\/media\/3117"}],"wp:attachment":[{"href":"https:\/\/cafecampeiro.com.br\/en\/wp-json\/wp\/v2\/media?parent=2797"}],"wp:term":[{"taxonomy":"product_brand","embeddable":true,"href":"https:\/\/cafecampeiro.com.br\/en\/wp-json\/wp\/v2\/product_brand?post=2797"},{"taxonomy":"product_cat","embeddable":true,"href":"https:\/\/cafecampeiro.com.br\/en\/wp-json\/wp\/v2\/product_cat?post=2797"},{"taxonomy":"product_tag","embeddable":true,"href":"https:\/\/cafecampeiro.com.br\/en\/wp-json\/wp\/v2\/product_tag?post=2797"}],"curies":[{"name":"wp","href":"https:\/\/api.w.org\/{rel}","templated":true}]}}