{"id":6802,"date":"2024-07-27T15:00:52","date_gmt":"2024-07-27T18:00:52","guid":{"rendered":"https:\/\/cafecampeiro.com.br\/?post_type=product&#038;p=6802"},"modified":"2025-08-04T14:10:29","modified_gmt":"2025-08-04T17:10:29","slug":"kit-paizao-cafeinado","status":"publish","type":"product","link":"https:\/\/cafecampeiro.com.br\/en\/product\/kit-paizao-cafeinado\/","title":{"rendered":"KIT Paiz\u00e3o Cafeinado"},"content":{"rendered":"<div style=\"display: flex; flex-wrap;width: 100%;\">\n<div style=\"width: 50%; background-size: cover; background-position: center; background-image: url('https:\/\/cafecampeiro.com.br\/wp-content\/uploads\/2024\/07\/Photoroom_20240718_213519.jpg'); min-height: 600px; border-top-left-radius: 47px; border-bottom-left-radius: 47px;\"><\/div>\n<div style=\"width: 50%; padding: 80px 100px;\">\n<h4><b>Informa\u00e7\u00f5es:<\/b><\/h4>\n<p><strong>1 PRENSA FRANCESA 350ml:<\/strong> A prensa francesa \u00e9 respons\u00e1vel pela extra\u00e7\u00e3o de um caf\u00e9 &#8220;mais forte&#8221;, com uma concentra\u00e7\u00e3o maior de cafe\u00edna, mais encorpado e com a presen\u00e7a mais acentuada dos \u00f3leos naturais do caf\u00e9.<\/p>\n<p><strong>1 CAF\u00c9 CAMPEIRO CL\u00c1SSICO 200g:<\/strong> Mo\u00eddo para prensa francesa, 100% ar\u00e1bica da variedade Mundo Novo, cultivados a 1200 m de altitude na regi\u00e3o do Cerrado Mineiro. Caf\u00e9 da categorial especial com torra m\u00e9dia.<\/p>\n<p><strong>1 CAF\u00c9 CAMPEIRO ORG\u00c2NICO 200g:<\/strong> Mo\u00eddo para prensa francesa, 100% ar\u00e1bica da variedade IPR-100, cultivados a 1000 m de altitude em agrofloresta na regi\u00e3o da Alta Mogiana. Caf\u00e9 da categorial especial com torra m\u00e9dia e certificado org\u00e2nico IBD.<\/p>\n<p><strong>1 CAF\u00c9 CAMPEIRO INTENSO 200g:<\/strong> Mo\u00eddo para prensa francesa, 100% ar\u00e1bica da variedade Mundo Novo, cultivados a 1200 m de altitude na regi\u00e3o do Cerrado Mineiro. Caf\u00e9 da categorial especial com torra m\u00e9dia escura.<\/p>\n<p><strong>1 CART\u00c3O PRESENTE<\/strong><\/p>\n<\/div>\n<\/div>","protected":false},"excerpt":{"rendered":"<p><strong>\u00a0Kit Presente Paiz\u00e3o Cafeinado, a<\/strong><strong>\u00a0escolha ideal para os amantes de caf\u00e9!<\/strong><\/p>\n<p>Surpreenda o seu pai com o presente perfeito que combina sabor, tradi\u00e7\u00e3o e qualidade. O Kit Presente Paiz\u00e3o Cafeinado do Caf\u00e9 Campeiro inclui:<\/p>\n<ul>\n<li><strong>1 Prensa Francesa 350ml<\/strong><\/li>\n<li><strong>1 Caf\u00e9 Campeiro Cl\u00e1ssico 200g<\/strong><\/li>\n<li><strong>1 Caf\u00e9 Campeiro Org\u00e2nico 200g<\/strong><\/li>\n<li><strong>1 Caf\u00e9 Campeiro Intenso 200g<\/strong><\/li>\n<li><strong>1 Cart\u00e3o Presente<\/strong><\/li>\n<\/ul>\n<p>O Kit Presente Paiz\u00e3o Cafeinado \u00e9 ideal para os pais que apreciam um excelente caf\u00e9. Cada elemento deste kit foi cuidadosamente selecionado para garantir uma experi\u00eancia de degusta\u00e7\u00e3o premium. Fa\u00e7a deste Dia dos Pais um momento verdadeiramente especial com Caf\u00e9 Campeiro.<\/p>","protected":false},"featured_media":6805,"comment_status":"open","ping_status":"closed","template":"","meta":[],"product_brand":[],"product_cat":[48,53],"product_tag":[],"class_list":{"0":"post-6802","1":"product","2":"type-product","3":"status-publish","4":"has-post-thumbnail","6":"product_cat-combos","7":"product_cat-promocoes","9":"first","10":"instock","11":"sale","12":"taxable","13":"shipping-taxable","14":"purchasable","15":"product-type-simple"},"yoast_head":"<!-- This site is optimized with the Yoast SEO plugin v27.3 - https:\/\/yoast.com\/product\/yoast-seo-wordpress\/ -->\n<title>KIT Paiz\u00e3o Cafeinado - Caf\u00e9 Campeiro<\/title>\n<meta name=\"description\" content=\"Surpreenda o seu pai com o presente perfeito que combina sabor, tradi\u00e7\u00e3o e qualidade. O Kit Presente Paiz\u00e3o Cafeinado do Caf\u00e9 Campeiro.\" \/>\n<meta name=\"robots\" content=\"index, follow, max-snippet:-1, max-image-preview:large, max-video-preview:-1\" \/>\n<link rel=\"canonical\" href=\"https:\/\/cafecampeiro.com.br\/en\/product\/kit-paizao-cafeinado\/\" \/>\n<meta property=\"og:locale\" content=\"en_US\" \/>\n<meta property=\"og:type\" content=\"article\" \/>\n<meta property=\"og:title\" content=\"KIT Paiz\u00e3o Cafeinado - Caf\u00e9 Campeiro\" \/>\n<meta property=\"og:description\" content=\"Surpreenda o seu pai com o presente perfeito que combina sabor, tradi\u00e7\u00e3o e qualidade. O Kit Presente Paiz\u00e3o Cafeinado do Caf\u00e9 Campeiro.\" \/>\n<meta property=\"og:url\" content=\"https:\/\/cafecampeiro.com.br\/en\/product\/kit-paizao-cafeinado\/\" \/>\n<meta property=\"og:site_name\" content=\"Caf\u00e9 Campeiro\" \/>\n<meta property=\"article:modified_time\" content=\"2025-08-04T17:10:29+00:00\" \/>\n<meta property=\"og:image\" content=\"https:\/\/cafecampeiro.com.br\/wp-content\/uploads\/2024\/07\/81MxHPCPLEL._AC_SL1500_.jpg\" \/>\n\t<meta property=\"og:image:width\" content=\"1500\" \/>\n\t<meta property=\"og:image:height\" content=\"1500\" \/>\n\t<meta property=\"og:image:type\" content=\"image\/jpeg\" \/>\n<meta name=\"twitter:card\" content=\"summary_large_image\" \/>\n<meta name=\"twitter:label1\" content=\"Est. reading time\" \/>\n\t<meta name=\"twitter:data1\" content=\"1 minute\" \/>\n<script type=\"application\/ld+json\" class=\"yoast-schema-graph\">{\"@context\":\"https:\\\/\\\/schema.org\",\"@graph\":[{\"@type\":\"WebPage\",\"@id\":\"https:\\\/\\\/cafecampeiro.com.br\\\/product\\\/kit-paizao-cafeinado\\\/\",\"url\":\"https:\\\/\\\/cafecampeiro.com.br\\\/product\\\/kit-paizao-cafeinado\\\/\",\"name\":\"KIT Paiz\u00e3o Cafeinado - Caf\u00e9 Campeiro\",\"isPartOf\":{\"@id\":\"https:\\\/\\\/cafecampeiro.com.br\\\/#website\"},\"primaryImageOfPage\":{\"@id\":\"https:\\\/\\\/cafecampeiro.com.br\\\/product\\\/kit-paizao-cafeinado\\\/#primaryimage\"},\"image\":{\"@id\":\"https:\\\/\\\/cafecampeiro.com.br\\\/product\\\/kit-paizao-cafeinado\\\/#primaryimage\"},\"thumbnailUrl\":\"https:\\\/\\\/cafecampeiro.com.br\\\/wp-content\\\/uploads\\\/2024\\\/07\\\/81MxHPCPLEL._AC_SL1500_.jpg\",\"datePublished\":\"2024-07-27T18:00:52+00:00\",\"dateModified\":\"2025-08-04T17:10:29+00:00\",\"description\":\"Surpreenda o seu pai com o presente perfeito que combina sabor, tradi\u00e7\u00e3o e qualidade. O Kit Presente Paiz\u00e3o Cafeinado do Caf\u00e9 Campeiro.\",\"breadcrumb\":{\"@id\":\"https:\\\/\\\/cafecampeiro.com.br\\\/product\\\/kit-paizao-cafeinado\\\/#breadcrumb\"},\"inLanguage\":\"en-US\",\"potentialAction\":[{\"@type\":\"ReadAction\",\"target\":[\"https:\\\/\\\/cafecampeiro.com.br\\\/product\\\/kit-paizao-cafeinado\\\/\"]}]},{\"@type\":\"ImageObject\",\"inLanguage\":\"en-US\",\"@id\":\"https:\\\/\\\/cafecampeiro.com.br\\\/product\\\/kit-paizao-cafeinado\\\/#primaryimage\",\"url\":\"https:\\\/\\\/cafecampeiro.com.br\\\/wp-content\\\/uploads\\\/2024\\\/07\\\/81MxHPCPLEL._AC_SL1500_.jpg\",\"contentUrl\":\"https:\\\/\\\/cafecampeiro.com.br\\\/wp-content\\\/uploads\\\/2024\\\/07\\\/81MxHPCPLEL._AC_SL1500_.jpg\",\"width\":1500,\"height\":1500},{\"@type\":\"BreadcrumbList\",\"@id\":\"https:\\\/\\\/cafecampeiro.com.br\\\/product\\\/kit-paizao-cafeinado\\\/#breadcrumb\",\"itemListElement\":[{\"@type\":\"ListItem\",\"position\":1,\"name\":\"In\u00edcio\",\"item\":\"https:\\\/\\\/cafecampeiro.com.br\\\/\"},{\"@type\":\"ListItem\",\"position\":2,\"name\":\"Produtos\",\"item\":\"https:\\\/\\\/cafecampeiro.com.br\\\/shop\\\/\"},{\"@type\":\"ListItem\",\"position\":3,\"name\":\"KIT Paiz\u00e3o Cafeinado\"}]},{\"@type\":\"WebSite\",\"@id\":\"https:\\\/\\\/cafecampeiro.com.br\\\/#website\",\"url\":\"https:\\\/\\\/cafecampeiro.com.br\\\/\",\"name\":\"Caf\u00e9 Campeiro\",\"description\":\"Caf\u00e9 Campeiro\",\"potentialAction\":[{\"@type\":\"SearchAction\",\"target\":{\"@type\":\"EntryPoint\",\"urlTemplate\":\"https:\\\/\\\/cafecampeiro.com.br\\\/?s={search_term_string}\"},\"query-input\":{\"@type\":\"PropertyValueSpecification\",\"valueRequired\":true,\"valueName\":\"search_term_string\"}}],\"inLanguage\":\"en-US\"}]}<\/script>\n<!-- \/ Yoast SEO plugin. -->","yoast_head_json":{"title":"KIT Paiz\u00e3o Cafeinado - Caf\u00e9 Campeiro","description":"Surpreenda o seu pai com o presente perfeito que combina sabor, tradi\u00e7\u00e3o e qualidade. O Kit Presente Paiz\u00e3o Cafeinado do Caf\u00e9 Campeiro.","robots":{"index":"index","follow":"follow","max-snippet":"max-snippet:-1","max-image-preview":"max-image-preview:large","max-video-preview":"max-video-preview:-1"},"canonical":"https:\/\/cafecampeiro.com.br\/en\/product\/kit-paizao-cafeinado\/","og_locale":"en_US","og_type":"article","og_title":"KIT Paiz\u00e3o Cafeinado - Caf\u00e9 Campeiro","og_description":"Surpreenda o seu pai com o presente perfeito que combina sabor, tradi\u00e7\u00e3o e qualidade. O Kit Presente Paiz\u00e3o Cafeinado do Caf\u00e9 Campeiro.","og_url":"https:\/\/cafecampeiro.com.br\/en\/product\/kit-paizao-cafeinado\/","og_site_name":"Caf\u00e9 Campeiro","article_modified_time":"2025-08-04T17:10:29+00:00","og_image":[{"width":1500,"height":1500,"url":"https:\/\/cafecampeiro.com.br\/wp-content\/uploads\/2024\/07\/81MxHPCPLEL._AC_SL1500_.jpg","type":"image\/jpeg"}],"twitter_card":"summary_large_image","twitter_misc":{"Est. reading time":"1 minute"},"schema":{"@context":"https:\/\/schema.org","@graph":[{"@type":"WebPage","@id":"https:\/\/cafecampeiro.com.br\/product\/kit-paizao-cafeinado\/","url":"https:\/\/cafecampeiro.com.br\/product\/kit-paizao-cafeinado\/","name":"KIT Paiz\u00e3o Cafeinado - Caf\u00e9 Campeiro","isPartOf":{"@id":"https:\/\/cafecampeiro.com.br\/#website"},"primaryImageOfPage":{"@id":"https:\/\/cafecampeiro.com.br\/product\/kit-paizao-cafeinado\/#primaryimage"},"image":{"@id":"https:\/\/cafecampeiro.com.br\/product\/kit-paizao-cafeinado\/#primaryimage"},"thumbnailUrl":"https:\/\/cafecampeiro.com.br\/wp-content\/uploads\/2024\/07\/81MxHPCPLEL._AC_SL1500_.jpg","datePublished":"2024-07-27T18:00:52+00:00","dateModified":"2025-08-04T17:10:29+00:00","description":"Surpreenda o seu pai com o presente perfeito que combina sabor, tradi\u00e7\u00e3o e qualidade. O Kit Presente Paiz\u00e3o Cafeinado do Caf\u00e9 Campeiro.","breadcrumb":{"@id":"https:\/\/cafecampeiro.com.br\/product\/kit-paizao-cafeinado\/#breadcrumb"},"inLanguage":"en-US","potentialAction":[{"@type":"ReadAction","target":["https:\/\/cafecampeiro.com.br\/product\/kit-paizao-cafeinado\/"]}]},{"@type":"ImageObject","inLanguage":"en-US","@id":"https:\/\/cafecampeiro.com.br\/product\/kit-paizao-cafeinado\/#primaryimage","url":"https:\/\/cafecampeiro.com.br\/wp-content\/uploads\/2024\/07\/81MxHPCPLEL._AC_SL1500_.jpg","contentUrl":"https:\/\/cafecampeiro.com.br\/wp-content\/uploads\/2024\/07\/81MxHPCPLEL._AC_SL1500_.jpg","width":1500,"height":1500},{"@type":"BreadcrumbList","@id":"https:\/\/cafecampeiro.com.br\/product\/kit-paizao-cafeinado\/#breadcrumb","itemListElement":[{"@type":"ListItem","position":1,"name":"In\u00edcio","item":"https:\/\/cafecampeiro.com.br\/"},{"@type":"ListItem","position":2,"name":"Produtos","item":"https:\/\/cafecampeiro.com.br\/shop\/"},{"@type":"ListItem","position":3,"name":"KIT Paiz\u00e3o Cafeinado"}]},{"@type":"WebSite","@id":"https:\/\/cafecampeiro.com.br\/#website","url":"https:\/\/cafecampeiro.com.br\/","name":"Caf\u00e9 Campeiro","description":"Caf\u00e9 Campeiro","potentialAction":[{"@type":"SearchAction","target":{"@type":"EntryPoint","urlTemplate":"https:\/\/cafecampeiro.com.br\/?s={search_term_string}"},"query-input":{"@type":"PropertyValueSpecification","valueRequired":true,"valueName":"search_term_string"}}],"inLanguage":"en-US"}]}},"jetpack_sharing_enabled":true,"_links":{"self":[{"href":"https:\/\/cafecampeiro.com.br\/en\/wp-json\/wp\/v2\/product\/6802","targetHints":{"allow":["GET"]}}],"collection":[{"href":"https:\/\/cafecampeiro.com.br\/en\/wp-json\/wp\/v2\/product"}],"about":[{"href":"https:\/\/cafecampeiro.com.br\/en\/wp-json\/wp\/v2\/types\/product"}],"replies":[{"embeddable":true,"href":"https:\/\/cafecampeiro.com.br\/en\/wp-json\/wp\/v2\/comments?post=6802"}],"wp:featuredmedia":[{"embeddable":true,"href":"https:\/\/cafecampeiro.com.br\/en\/wp-json\/wp\/v2\/media\/6805"}],"wp:attachment":[{"href":"https:\/\/cafecampeiro.com.br\/en\/wp-json\/wp\/v2\/media?parent=6802"}],"wp:term":[{"taxonomy":"product_brand","embeddable":true,"href":"https:\/\/cafecampeiro.com.br\/en\/wp-json\/wp\/v2\/product_brand?post=6802"},{"taxonomy":"product_cat","embeddable":true,"href":"https:\/\/cafecampeiro.com.br\/en\/wp-json\/wp\/v2\/product_cat?post=6802"},{"taxonomy":"product_tag","embeddable":true,"href":"https:\/\/cafecampeiro.com.br\/en\/wp-json\/wp\/v2\/product_tag?post=6802"}],"curies":[{"name":"wp","href":"https:\/\/api.w.org\/{rel}","templated":true}]}}